{"id":607,"date":"2020-12-18T13:54:05","date_gmt":"2020-12-18T12:54:05","guid":{"rendered":"https:\/\/www.dehner.de\/unternehmen\/?page_id=607"},"modified":"2021-09-09T08:18:25","modified_gmt":"2021-09-09T06:18:25","slug":"auszeichnungen","status":"publish","type":"page","link":"https:\/\/www.dehner.de\/unternehmen\/unternehmen\/philosophie-engagement\/auszeichnungen\/","title":{"rendered":"Auszeichnungen"},"content":{"rendered":"<div class=\"container page-content dehner-paragraph \">\n\t<div class=\"ce-gridRow6040 row\">\n\t\t<div class=\"colpos-101 col-xs-12 col-md-7\">\n\t\t\t<div id=\"block_5fdca5c9ade72\" class=\"ce-text\">\n\t\t\t\t<header class=\"fsc\">\n\t\t\t\t\t\t\t\t\t\t\t\t\t\t\t\t<h2>Auszeichnungen<\/h2>\n\t\t\t\t\t\t\t\t\t<\/header>\n\t\t\t\t<div class=\"bodytext\">\n\t\t\t\t\t\t\t\t\t\t\t<p>F\u00fcr uns ist es eine Selbstverst\u00e4ndlichkeit, immer unser Bestes zu geben, auch neue Wege zu gehen und neue Ideen umzusetzen. Umso sch\u00f6ner, wenn dies auch in der Fachwelt durch Ehrungen und Medaillen immer wieder gew\u00fcrdigt wird.<\/p>\n\t\t\t\t\t\t\t\t\t<\/div>\n\t\t\t<\/div>\n\t\t<\/div>\n\t\t\t\t\t<div class=\"colpos-102 col-xs-12 col-md-5\">\n\t\t\t\t                                                <div id=\"block_5fdca5c9ade72\">\n                                                                                <\/div>\n\t\t\t\t\t\t\t\t\t\t\t\t<\/div>\n\t\t\t<\/div>\n<\/div>\n\n\n<div class=\"container page-content\">\n    <div id=\"c418\" class=\"ce-teaseroverlay ce-gridRow5050 row\">\n        <div class=\"col-12\">\n                            <div class=\"teaseroverlay-teaser\">\n                    <div class=\"teaseroverlay-left\">\n                        <div class=\"teaseroverlay-year\">\n                            1994                        <\/div>\n                    <\/div>\n                    <div class=\"teaseroverlay-text-wrapper bodytext\">\n                        <header>\n                            <h2>Bayerische Umweltmedaille<\/h2>\n                        <\/header>\n                        <p><\/p>\n                        <!-- <a href=\"javascript:void(0)\" data-featherlight-ajax=\"?type=9999&amp;contentUid=418&amp;contentPid=42\" class=\"read-more lightbox\">\n                            <svg class=\"icon svg-chevron-right-dims \" viewBox=\"0 0 10 16\" role=\"img\" aria-labelledby=\"title\">\n                                <use xlink:href=\"https:\/\/www.dehner.de\/unternehmen\/app\/themes\/dehner-unternehmen\/assets\/images\/icons\/icons-symbols.svg#chevron-right\"><\/use>\n                            <\/svg>\n                            weiterlesen\n                        <\/a> -->\n                        <div class=\"row\">\n                                                    <div class=\"col-md-12\">\n                                <p>F\u00fcr \u201ebesondere Verdienste im \u00f6kologischen Bereich\u201c wurde die Bayerische Umweltmedaille f\u00fcr ein <b>zielgerichtetes<\/b>\u00a0und\u00a0<b>konkretes Entsorgungs- und Verwertungskonzept<\/b>\u00a0verliehen.<\/p>\n                            <\/div>\n                                                    <\/div>\n                    <\/div>\n                <\/div>\n                            <div class=\"teaseroverlay-teaser\">\n                    <div class=\"teaseroverlay-left\">\n                        <div class=\"teaseroverlay-year\">\n                            1996                        <\/div>\n                    <\/div>\n                    <div class=\"teaseroverlay-text-wrapper bodytext\">\n                        <header>\n                            <h2>Goldener Zuckerhut<\/h2>\n                        <\/header>\n                        <p><\/p>\n                        <!-- <a href=\"javascript:void(0)\" data-featherlight-ajax=\"?type=9999&amp;contentUid=418&amp;contentPid=42\" class=\"read-more lightbox\">\n                            <svg class=\"icon svg-chevron-right-dims \" viewBox=\"0 0 10 16\" role=\"img\" aria-labelledby=\"title\">\n                                <use xlink:href=\"https:\/\/www.dehner.de\/unternehmen\/app\/themes\/dehner-unternehmen\/assets\/images\/icons\/icons-symbols.svg#chevron-right\"><\/use>\n                            <\/svg>\n                            weiterlesen\n                        <\/a> -->\n                        <div class=\"row\">\n                                                    <div class=\"col-md-12\">\n                                <p>Der \u201eBranchen-Oskar\u201c der Lebensmittel Zeitung f\u00fcr besondere Leistungen im Handel. Durch den Goldenen Zuckerhut w\u00fcrdigt die Lebensmittel Zeitung j\u00e4hrlich bis zu sieben Firmen und Pers\u00f6nlichkeiten, die sich in der deutschen und europ\u00e4ischen Konsumg\u00fcterwirtschaft verdient gemacht haben.<\/p>\n                            <\/div>\n                                                    <\/div>\n                    <\/div>\n                <\/div>\n                            <div class=\"teaseroverlay-teaser\">\n                    <div class=\"teaseroverlay-left\">\n                        <div class=\"teaseroverlay-year\">\n                            1996                        <\/div>\n                    <\/div>\n                    <div class=\"teaseroverlay-text-wrapper bodytext\">\n                        <header>\n                            <h2>Bayerischer Qualit\u00e4tspreis<\/h2>\n                        <\/header>\n                        <p><\/p>\n                        <!-- <a href=\"javascript:void(0)\" data-featherlight-ajax=\"?type=9999&amp;contentUid=418&amp;contentPid=42\" class=\"read-more lightbox\">\n                            <svg class=\"icon svg-chevron-right-dims \" viewBox=\"0 0 10 16\" role=\"img\" aria-labelledby=\"title\">\n                                <use xlink:href=\"https:\/\/www.dehner.de\/unternehmen\/app\/themes\/dehner-unternehmen\/assets\/images\/icons\/icons-symbols.svg#chevron-right\"><\/use>\n                            <\/svg>\n                            weiterlesen\n                        <\/a> -->\n                        <div class=\"row\">\n                                                    <div class=\"col-md-12\">\n                                <p>Bayerischer Qualit\u00e4tspreis der Bayerischen Staatsregierung verliehen f\u00fcr \u201eQualit\u00e4tsstrategie\u201c und \u201eIntegration der Mitarbeiter\u201c in ein Unternehmenskonzept. \u201eDehner-Qualit\u00e4t\u201c bedeutet Erf\u00fcllung der Kundenbed\u00fcrfnisse, ebenso wie das permanente Bestreben nach reibungslosen Gesch\u00e4ftsabl\u00e4ufen.\u201c So der damalige Wirtschaftsminister Dr. Otto Wiesheu.<\/p>\n                            <\/div>\n                                                    <\/div>\n                    <\/div>\n                <\/div>\n                            <div class=\"teaseroverlay-teaser\">\n                    <div class=\"teaseroverlay-left\">\n                        <div class=\"teaseroverlay-year\">\n                            2005                        <\/div>\n                    <\/div>\n                    <div class=\"teaseroverlay-text-wrapper bodytext\">\n                        <header>\n                            <h2>Hans-Bickel-Preis<\/h2>\n                        <\/header>\n                        <p><\/p>\n                        <!-- <a href=\"javascript:void(0)\" data-featherlight-ajax=\"?type=9999&amp;contentUid=418&amp;contentPid=42\" class=\"read-more lightbox\">\n                            <svg class=\"icon svg-chevron-right-dims \" viewBox=\"0 0 10 16\" role=\"img\" aria-labelledby=\"title\">\n                                <use xlink:href=\"https:\/\/www.dehner.de\/unternehmen\/app\/themes\/dehner-unternehmen\/assets\/images\/icons\/icons-symbols.svg#chevron-right\"><\/use>\n                            <\/svg>\n                            weiterlesen\n                        <\/a> -->\n                        <div class=\"row\">\n                                                    <div class=\"col-md-12\">\n                                <p>Hans-Bickel-Preis des Verbands der<b> Weihenstephaner<\/b>\u00a0Ingenieure e. V. f\u00fcr den Bereich Gartenbau.<\/p>\n                            <\/div>\n                                                    <\/div>\n                    <\/div>\n                <\/div>\n                            <div class=\"teaseroverlay-teaser\">\n                    <div class=\"teaseroverlay-left\">\n                        <div class=\"teaseroverlay-year\">\n                            2012                        <\/div>\n                    <\/div>\n                    <div class=\"teaseroverlay-text-wrapper bodytext\">\n                        <header>\n                            <h2>Rudolf-Egerer-Preis<\/h2>\n                        <\/header>\n                        <p><\/p>\n                        <!-- <a href=\"javascript:void(0)\" data-featherlight-ajax=\"?type=9999&amp;contentUid=418&amp;contentPid=42\" class=\"read-more lightbox\">\n                            <svg class=\"icon svg-chevron-right-dims \" viewBox=\"0 0 10 16\" role=\"img\" aria-labelledby=\"title\">\n                                <use xlink:href=\"https:\/\/www.dehner.de\/unternehmen\/app\/themes\/dehner-unternehmen\/assets\/images\/icons\/icons-symbols.svg#chevron-right\"><\/use>\n                            <\/svg>\n                            weiterlesen\n                        <\/a> -->\n                        <div class=\"row\">\n                                                    <div class=\"col-md-12\">\n                                <p>Rudolf-Egerer-Preis Rudolf-Egerer-Preis f\u00fcr herausragendes Engagement in der Aus- und Weiterbildung. Der Rudolf-Egerer-Preis wird von der Akademie Handel e.V. an Handelsunternehmen f\u00fcr besondere Verdienste in der Berufsausbildung im bayerischen Handel verliehen. Der Preis wurde 1976 gestiftet, um die Lebensleistung des Rudolf Egerer, den Begr\u00fcnder des damaligen Bildungszentrums des Bayerischen Handels (heute Akademie Handel), zu w\u00fcrdigen.<\/p>\n                            <\/div>\n                                                    <\/div>\n                    <\/div>\n                <\/div>\n                            <div class=\"teaseroverlay-teaser\">\n                    <div class=\"teaseroverlay-left\">\n                        <div class=\"teaseroverlay-year\">\n                            2012                        <\/div>\n                    <\/div>\n                    <div class=\"teaseroverlay-text-wrapper bodytext\">\n                        <header>\n                            <h2>Merkur Award<\/h2>\n                        <\/header>\n                        <p><\/p>\n                        <!-- <a href=\"javascript:void(0)\" data-featherlight-ajax=\"?type=9999&amp;contentUid=418&amp;contentPid=42\" class=\"read-more lightbox\">\n                            <svg class=\"icon svg-chevron-right-dims \" viewBox=\"0 0 10 16\" role=\"img\" aria-labelledby=\"title\">\n                                <use xlink:href=\"https:\/\/www.dehner.de\/unternehmen\/app\/themes\/dehner-unternehmen\/assets\/images\/icons\/icons-symbols.svg#chevron-right\"><\/use>\n                            <\/svg>\n                            weiterlesen\n                        <\/a> -->\n                        <div class=\"row\">\n                                                    <div class=\"col-md-12\">\n                                <p>Merkur Award in der Kategorie &#8222;Out of Home&#8220; f\u00fcr die beste Plakat-Kampagne des deutschen Handels in 2011. Mit dem Merkur Award werden Handelsunternehmen pr\u00e4miert, denen es besonders \u00fcberzeugend gelingt, mit <b>kreativer Werbung ihre Marke zu emotionalisieren\u00a0<\/b>oder \u00fcberraschend zu pr\u00e4sentieren.<\/p>\n                            <\/div>\n                                                    <\/div>\n                    <\/div>\n                <\/div>\n                            <div class=\"teaseroverlay-teaser\">\n                    <div class=\"teaseroverlay-left\">\n                        <div class=\"teaseroverlay-year\">\n                            2012                        <\/div>\n                    <\/div>\n                    <div class=\"teaseroverlay-text-wrapper bodytext\">\n                        <header>\n                            <h2>Sch\u00fclerinitiative Plant-for-the-Planet<\/h2>\n                        <\/header>\n                        <p><\/p>\n                        <!-- <a href=\"javascript:void(0)\" data-featherlight-ajax=\"?type=9999&amp;contentUid=418&amp;contentPid=42\" class=\"read-more lightbox\">\n                            <svg class=\"icon svg-chevron-right-dims \" viewBox=\"0 0 10 16\" role=\"img\" aria-labelledby=\"title\">\n                                <use xlink:href=\"https:\/\/www.dehner.de\/unternehmen\/app\/themes\/dehner-unternehmen\/assets\/images\/icons\/icons-symbols.svg#chevron-right\"><\/use>\n                            <\/svg>\n                            weiterlesen\n                        <\/a> -->\n                        <div class=\"row\">\n                                                    <div class=\"col-md-4\">\n                                <picture><img decoding=\"async\" class=\"img-responsive\" src=\"https:\/\/www.dehner.de\/unternehmen\/app\/uploads\/sites\/3\/2020\/12\/csm_Dehner_Plant-for-the-Planet-Urkunde_df559a8624-600x740.jpg\" srcset=\"\" sizes=\"(max-width: ) 100vw, \"\/><\/picture>                            <\/div>\n                            <div class=\"col-md-8\">\n                                <p>Dehner hat im Rahmen der Sch\u00fclerinitiative<b> Plant-for-the-Planet 10.000 B\u00e4ume gespendet<\/b>. Die 2007 ins Leben gerufene Initiative hat sich zum Ziel gesetzt, Kinder aktiv in das Thema Klimaschutz mit einzubeziehen. Inzwischen engagieren sich \u00fcber 100.000 Kinder in 200 L\u00e4ndern und pflanzen als Botschafter f\u00fcr Klimagerechtigkeit B\u00e4ume, um aktiv etwas gegen die Klimakrise zu tun<\/p>\n<p>&nbsp;<\/p>\n<p>&nbsp;<\/p>\n<p>&nbsp;<\/p>\n<p>&nbsp;<\/p>\n<p>&nbsp;<\/p>\n<p>&nbsp;<\/p>\n                            <\/div>\n                                                    <\/div>\n                    <\/div>\n                <\/div>\n                            <div class=\"teaseroverlay-teaser\">\n                    <div class=\"teaseroverlay-left\">\n                        <div class=\"teaseroverlay-year\">\n                            2014                        <\/div>\n                    <\/div>\n                    <div class=\"teaseroverlay-text-wrapper bodytext\">\n                        <header>\n                            <h2>Klimaneutraler Toner<\/h2>\n                        <\/header>\n                        <p><\/p>\n                        <!-- <a href=\"javascript:void(0)\" data-featherlight-ajax=\"?type=9999&amp;contentUid=418&amp;contentPid=42\" class=\"read-more lightbox\">\n                            <svg class=\"icon svg-chevron-right-dims \" viewBox=\"0 0 10 16\" role=\"img\" aria-labelledby=\"title\">\n                                <use xlink:href=\"https:\/\/www.dehner.de\/unternehmen\/app\/themes\/dehner-unternehmen\/assets\/images\/icons\/icons-symbols.svg#chevron-right\"><\/use>\n                            <\/svg>\n                            weiterlesen\n                        <\/a> -->\n                        <div class=\"row\">\n                                                    <div class=\"col-md-4\">\n                                <picture><img decoding=\"async\" class=\"img-responsive\" src=\"https:\/\/www.dehner.de\/unternehmen\/app\/uploads\/sites\/3\/2020\/12\/csm_Dehner_Kyocera-Urkunde_2f7ed79e27-600x740.jpg\" srcset=\"\" sizes=\"(max-width: ) 100vw, \"\/><\/picture>                            <\/div>\n                            <div class=\"col-md-8\">\n                                <p>Die Garten-Center-Gruppe Dehner GmbH &amp; Co. KG nutzt in der Unternehmenszentrale in Rain am Lech sowie in den \u00fcber 110 Filialen, in Deutschland und \u00d6sterreich, ausschlie\u00dflich Ger\u00e4te von <b>KYOCERA und deren klimaneutralen Toner<\/b>. Dadurch wurden in einem Jahr 37,2 Tonnen CO2 kompensiert.<\/p>\n<p>&nbsp;<\/p>\n<p>&nbsp;<\/p>\n<p>&nbsp;<\/p>\n<p>&nbsp;<\/p>\n<p>&nbsp;<\/p>\n<p>&nbsp;<\/p>\n<p>&nbsp;<\/p>\n                            <\/div>\n                                                    <\/div>\n                    <\/div>\n                <\/div>\n                            <div class=\"teaseroverlay-teaser\">\n                    <div class=\"teaseroverlay-left\">\n                        <div class=\"teaseroverlay-year\">\n                            2016                        <\/div>\n                    <\/div>\n                    <div class=\"teaseroverlay-text-wrapper bodytext\">\n                        <header>\n                            <h2>TOP-Arbeitgeber DONAURIES<\/h2>\n                        <\/header>\n                        <p><\/p>\n                        <!-- <a href=\"javascript:void(0)\" data-featherlight-ajax=\"?type=9999&amp;contentUid=418&amp;contentPid=42\" class=\"read-more lightbox\">\n                            <svg class=\"icon svg-chevron-right-dims \" viewBox=\"0 0 10 16\" role=\"img\" aria-labelledby=\"title\">\n                                <use xlink:href=\"https:\/\/www.dehner.de\/unternehmen\/app\/themes\/dehner-unternehmen\/assets\/images\/icons\/icons-symbols.svg#chevron-right\"><\/use>\n                            <\/svg>\n                            weiterlesen\n                        <\/a> -->\n                        <div class=\"row\">\n                                                    <div class=\"col-md-4\">\n                                <picture><img decoding=\"async\" class=\"img-responsive\" src=\"https:\/\/www.dehner.de\/unternehmen\/app\/uploads\/sites\/3\/2020\/12\/csm_Top-Arbeitgeber_Logo_2016-19_65d0d1f5f7.jpg\" srcset=\"\" sizes=\"(max-width: ) 100vw, \"\/><\/picture>                            <\/div>\n                            <div class=\"col-md-8\">\n                                <p>Dehner als Arbeitgeber \u00fcberzeugte in den sieben Kategorien Aus- und Weiterbildung, Familienfreundlichkeit, Gesundheit, Mitarbeiterorientierung und F\u00fchrung, Sicherheit, Soziales Engagement und Umwelt und wurde deshalb mit dem Preis TOP-Arbeitgeber DONAURIES 2016-2019 ausgezeichnet.<\/p>\n<p>&nbsp;<\/p>\n                            <\/div>\n                                                    <\/div>\n                    <\/div>\n                <\/div>\n                            <div class=\"teaseroverlay-teaser\">\n                    <div class=\"teaseroverlay-left\">\n                        <div class=\"teaseroverlay-year\">\n                            2018                        <\/div>\n                    <\/div>\n                    <div class=\"teaseroverlay-text-wrapper bodytext\">\n                        <header>\n                            <h2>Bayerischer Gr\u00fcnderpreis<\/h2>\n                        <\/header>\n                        <p><\/p>\n                        <!-- <a href=\"javascript:void(0)\" data-featherlight-ajax=\"?type=9999&amp;contentUid=418&amp;contentPid=42\" class=\"read-more lightbox\">\n                            <svg class=\"icon svg-chevron-right-dims \" viewBox=\"0 0 10 16\" role=\"img\" aria-labelledby=\"title\">\n                                <use xlink:href=\"https:\/\/www.dehner.de\/unternehmen\/app\/themes\/dehner-unternehmen\/assets\/images\/icons\/icons-symbols.svg#chevron-right\"><\/use>\n                            <\/svg>\n                            weiterlesen\n                        <\/a> -->\n                        <div class=\"row\">\n                                                    <div class=\"col-md-4\">\n                                <picture><img decoding=\"async\" class=\"img-responsive\" src=\"https:\/\/www.dehner.de\/unternehmen\/app\/uploads\/sites\/3\/2020\/12\/csm_Bayerischer_Gruenderpreis_2018_7f2a541246-600x740.jpg\" srcset=\"\" sizes=\"(max-width: ) 100vw, \"\/><\/picture>                            <\/div>\n                            <div class=\"col-md-8\">\n                                <p>Dehner-Seniorchef Albert Weber wurde im Rahmen der j\u00e4hrlichen Unternehmerkonferenz der bayerischen Sparkassen mit dem <b>Bayerischen Gr\u00fcnderpreis f\u00fcr sein<\/b>\u00a0<b>Lebenswerk<\/b>\u00a0ausgezeichnet. Der Bayerische Gr\u00fcnderpreis wird jedes Jahr an herausragende Unternehmer im Freistaat Bayern mit dem Ziel vergeben, die Innovationsfreude und damit das Arbeitsplatzwachstum und die regionale Entwicklung in Bayern zu f\u00f6rdern.<\/p>\n<p>&nbsp;<\/p>\n<p>&nbsp;<\/p>\n<p>&nbsp;<\/p>\n<p>&nbsp;<\/p>\n<p>&nbsp;<\/p>\n<p>&nbsp;<\/p>\n                            <\/div>\n                                                    <\/div>\n                    <\/div>\n                <\/div>\n                            <div class=\"teaseroverlay-teaser\">\n                    <div class=\"teaseroverlay-left\">\n                        <div class=\"teaseroverlay-year\">\n                            2018                        <\/div>\n                    <\/div>\n                    <div class=\"teaseroverlay-text-wrapper bodytext\">\n                        <header>\n                            <h2>Deutscher Handelspreis<\/h2>\n                        <\/header>\n                        <p><\/p>\n                        <!-- <a href=\"javascript:void(0)\" data-featherlight-ajax=\"?type=9999&amp;contentUid=418&amp;contentPid=42\" class=\"read-more lightbox\">\n                            <svg class=\"icon svg-chevron-right-dims \" viewBox=\"0 0 10 16\" role=\"img\" aria-labelledby=\"title\">\n                                <use xlink:href=\"https:\/\/www.dehner.de\/unternehmen\/app\/themes\/dehner-unternehmen\/assets\/images\/icons\/icons-symbols.svg#chevron-right\"><\/use>\n                            <\/svg>\n                            weiterlesen\n                        <\/a> -->\n                        <div class=\"row\">\n                                                    <div class=\"col-md-4\">\n                                <picture><img decoding=\"async\" class=\"img-responsive\" src=\"https:\/\/www.dehner.de\/unternehmen\/app\/uploads\/sites\/3\/2020\/12\/csm_Deutscher_Handelspreis_2018_6a9d107665.jpg\" srcset=\"\" sizes=\"(max-width: ) 100vw, \"\/><\/picture>                            <\/div>\n                            <div class=\"col-md-8\">\n                                <p>Das Familienunternehmen Dehner wurde im Rahmen des Deutschen Handelskongresses mit dem <b>Deutschen Handelspreis<\/b>\u00a0in der\u00a0<b>Kategorie &#8222;Mittelstand&#8220;<\/b>\u00a0ausgezeichnet. Die angesehene Jury-Auszeichnung ehrt die erfolgreichsten Unternehmen und Pers\u00f6nlichkeiten\u00a0im Handel.<\/p>\n                            <\/div>\n                                                    <\/div>\n                    <\/div>\n                <\/div>\n                    <\/div>\n    <\/div>\n<\/div>\n\n\n","protected":false},"excerpt":{"rendered":"","protected":false},"author":1,"featured_media":0,"parent":214,"menu_order":0,"comment_status":"closed","ping_status":"closed","template":"","meta":{"_acf_changed":false,"footnotes":""},"class_list":["post-607","page","type-page","status-publish","hentry"],"acf":[],"yoast_head":"<!-- This site is optimized with the Yoast SEO plugin v24.5 - https:\/\/yoast.com\/wordpress\/plugins\/seo\/ -->\n<title>Auszeichnungen - Dehner Unternehmen<\/title>\n<meta name=\"robots\" content=\"index, follow, max-snippet:-1, max-image-preview:large, max-video-preview:-1\" \/>\n<link rel=\"canonical\" href=\"https:\/\/www.dehner.de\/unternehmen\/unternehmen\/philosophie-engagement\/auszeichnungen\/\" \/>\n<meta property=\"og:locale\" content=\"de_DE\" \/>\n<meta property=\"og:type\" content=\"article\" \/>\n<meta property=\"og:title\" content=\"Auszeichnungen - Dehner Unternehmen\" \/>\n<meta property=\"og:url\" content=\"https:\/\/www.dehner.de\/unternehmen\/unternehmen\/philosophie-engagement\/auszeichnungen\/\" \/>\n<meta property=\"og:site_name\" content=\"Dehner Unternehmen\" \/>\n<meta property=\"article:modified_time\" content=\"2021-09-09T06:18:25+00:00\" \/>\n<meta name=\"twitter:card\" content=\"summary_large_image\" \/>\n<script type=\"application\/ld+json\" class=\"yoast-schema-graph\">{\"@context\":\"https:\/\/schema.org\",\"@graph\":[{\"@type\":\"WebPage\",\"@id\":\"https:\/\/www.dehner.de\/unternehmen\/unternehmen\/philosophie-engagement\/auszeichnungen\/\",\"url\":\"https:\/\/www.dehner.de\/unternehmen\/unternehmen\/philosophie-engagement\/auszeichnungen\/\",\"name\":\"Auszeichnungen - Dehner Unternehmen\",\"isPartOf\":{\"@id\":\"https:\/\/www.dehner.de\/unternehmen\/#website\"},\"datePublished\":\"2020-12-18T12:54:05+00:00\",\"dateModified\":\"2021-09-09T06:18:25+00:00\",\"breadcrumb\":{\"@id\":\"https:\/\/www.dehner.de\/unternehmen\/unternehmen\/philosophie-engagement\/auszeichnungen\/#breadcrumb\"},\"inLanguage\":\"de-DE\",\"potentialAction\":[{\"@type\":\"ReadAction\",\"target\":[\"https:\/\/www.dehner.de\/unternehmen\/unternehmen\/philosophie-engagement\/auszeichnungen\/\"]}]},{\"@type\":\"BreadcrumbList\",\"@id\":\"https:\/\/www.dehner.de\/unternehmen\/unternehmen\/philosophie-engagement\/auszeichnungen\/#breadcrumb\",\"itemListElement\":[{\"@type\":\"ListItem\",\"position\":1,\"name\":\"Home\",\"item\":\"https:\/\/www.dehner.de\/unternehmen\/\"},{\"@type\":\"ListItem\",\"position\":2,\"name\":\"\u00dcber uns\",\"item\":\"https:\/\/www.dehner.at\/unternehmen\/unternehmen\/\"},{\"@type\":\"ListItem\",\"position\":3,\"name\":\"Philosophie &amp; Engagement\",\"item\":\"https:\/\/www.dehner.de\/unternehmen\/unternehmen\/philosophie-engagement\/\"},{\"@type\":\"ListItem\",\"position\":4,\"name\":\"Auszeichnungen\"}]},{\"@type\":\"WebSite\",\"@id\":\"https:\/\/www.dehner.de\/unternehmen\/#website\",\"url\":\"https:\/\/www.dehner.de\/unternehmen\/\",\"name\":\"Dehner Unternehmen\",\"description\":\"Eine weitere Dehner Websites Website\",\"potentialAction\":[{\"@type\":\"SearchAction\",\"target\":{\"@type\":\"EntryPoint\",\"urlTemplate\":\"https:\/\/www.dehner.de\/unternehmen\/?s={search_term_string}\"},\"query-input\":{\"@type\":\"PropertyValueSpecification\",\"valueRequired\":true,\"valueName\":\"search_term_string\"}}],\"inLanguage\":\"de-DE\"}]}<\/script>\n<!-- \/ Yoast SEO plugin. -->","yoast_head_json":{"title":"Auszeichnungen - Dehner Unternehmen","robots":{"index":"index","follow":"follow","max-snippet":"max-snippet:-1","max-image-preview":"max-image-preview:large","max-video-preview":"max-video-preview:-1"},"canonical":"https:\/\/www.dehner.de\/unternehmen\/unternehmen\/philosophie-engagement\/auszeichnungen\/","og_locale":"de_DE","og_type":"article","og_title":"Auszeichnungen - Dehner Unternehmen","og_url":"https:\/\/www.dehner.de\/unternehmen\/unternehmen\/philosophie-engagement\/auszeichnungen\/","og_site_name":"Dehner Unternehmen","article_modified_time":"2021-09-09T06:18:25+00:00","twitter_card":"summary_large_image","schema":{"@context":"https:\/\/schema.org","@graph":[{"@type":"WebPage","@id":"https:\/\/www.dehner.de\/unternehmen\/unternehmen\/philosophie-engagement\/auszeichnungen\/","url":"https:\/\/www.dehner.de\/unternehmen\/unternehmen\/philosophie-engagement\/auszeichnungen\/","name":"Auszeichnungen - Dehner Unternehmen","isPartOf":{"@id":"https:\/\/www.dehner.de\/unternehmen\/#website"},"datePublished":"2020-12-18T12:54:05+00:00","dateModified":"2021-09-09T06:18:25+00:00","breadcrumb":{"@id":"https:\/\/www.dehner.de\/unternehmen\/unternehmen\/philosophie-engagement\/auszeichnungen\/#breadcrumb"},"inLanguage":"de-DE","potentialAction":[{"@type":"ReadAction","target":["https:\/\/www.dehner.de\/unternehmen\/unternehmen\/philosophie-engagement\/auszeichnungen\/"]}]},{"@type":"BreadcrumbList","@id":"https:\/\/www.dehner.de\/unternehmen\/unternehmen\/philosophie-engagement\/auszeichnungen\/#breadcrumb","itemListElement":[{"@type":"ListItem","position":1,"name":"Home","item":"https:\/\/www.dehner.de\/unternehmen\/"},{"@type":"ListItem","position":2,"name":"\u00dcber uns","item":"https:\/\/www.dehner.at\/unternehmen\/unternehmen\/"},{"@type":"ListItem","position":3,"name":"Philosophie &amp; Engagement","item":"https:\/\/www.dehner.de\/unternehmen\/unternehmen\/philosophie-engagement\/"},{"@type":"ListItem","position":4,"name":"Auszeichnungen"}]},{"@type":"WebSite","@id":"https:\/\/www.dehner.de\/unternehmen\/#website","url":"https:\/\/www.dehner.de\/unternehmen\/","name":"Dehner Unternehmen","description":"Eine weitere Dehner Websites Website","potentialAction":[{"@type":"SearchAction","target":{"@type":"EntryPoint","urlTemplate":"https:\/\/www.dehner.de\/unternehmen\/?s={search_term_string}"},"query-input":{"@type":"PropertyValueSpecification","valueRequired":true,"valueName":"search_term_string"}}],"inLanguage":"de-DE"}]}},"_links":{"self":[{"href":"https:\/\/www.dehner.de\/unternehmen\/wp-json\/wp\/v2\/pages\/607","targetHints":{"allow":["GET"]}}],"collection":[{"href":"https:\/\/www.dehner.de\/unternehmen\/wp-json\/wp\/v2\/pages"}],"about":[{"href":"https:\/\/www.dehner.de\/unternehmen\/wp-json\/wp\/v2\/types\/page"}],"author":[{"embeddable":true,"href":"https:\/\/www.dehner.de\/unternehmen\/wp-json\/wp\/v2\/users\/1"}],"replies":[{"embeddable":true,"href":"https:\/\/www.dehner.de\/unternehmen\/wp-json\/wp\/v2\/comments?post=607"}],"version-history":[{"count":33,"href":"https:\/\/www.dehner.de\/unternehmen\/wp-json\/wp\/v2\/pages\/607\/revisions"}],"predecessor-version":[{"id":2829,"href":"https:\/\/www.dehner.de\/unternehmen\/wp-json\/wp\/v2\/pages\/607\/revisions\/2829"}],"up":[{"embeddable":true,"href":"https:\/\/www.dehner.de\/unternehmen\/wp-json\/wp\/v2\/pages\/214"}],"wp:attachment":[{"href":"https:\/\/www.dehner.de\/unternehmen\/wp-json\/wp\/v2\/media?parent=607"}],"curies":[{"name":"wp","href":"https:\/\/api.w.org\/{rel}","templated":true}]}}