{"id":2812,"date":"2021-09-08T10:27:56","date_gmt":"2021-09-08T08:27:56","guid":{"rendered":"https:\/\/www.dehner.de\/unternehmen\/?page_id=2812"},"modified":"2024-04-09T13:39:27","modified_gmt":"2024-04-09T11:39:27","slug":"informationspflicht-zur-datenverarbeitung-nach-artikel-13-dsgvo","status":"publish","type":"page","link":"https:\/\/www.dehner.de\/unternehmen\/informationspflicht-zur-datenverarbeitung-nach-artikel-13-dsgvo\/","title":{"rendered":"Informationspflicht zur Datenverarbeitung nach Artikel 13 DSGVO"},"content":{"rendered":"<div class=\"container page-content dehner-paragraph \">\n\t<div class=\"ce-gridRow6040 row\">\n\t\t<div class=\"colpos-101 col-xs-12 col-md-7\">\n\t\t\t<div id=\"block_6113c7481bca3\" class=\"ce-text\">\n\t\t\t\t<header class=\"fsc\">\n\t\t\t\t\t\t\t\t\t\t\t\t\t\t\t\t<h2>Informationspflicht zur Datenverarbeitung nach Artikel 13 DSGVO<\/h2>\n\t\t\t\t\t\t\t\t\t<\/header>\n\t\t\t\t<div class=\"bodytext\">\n\t\t\t\t\t\t\t\t\t\t\t<hr \/>\n<p>Mit diesen Informationen m\u00f6chten wir Sie anhand der Vorgaben aus<br \/>\nArtikel 13 DSGVO dar\u00fcber informieren, wie wir Ihre personenbezogenen Daten verarbeiten und welche Rechte Sie haben.<\/p>\n<p>&nbsp;<\/p>\n<ol>\n<li><strong>Bezeichnung der Verarbeitungst\u00e4tigkeit<\/strong><\/li>\n<\/ol>\n<p style=\"padding-left: 40px\">Diese Datenschutzinformationen erfolgen im Zusammenhang mit der Erhebung und Verarbeitung Ihrer personenbezogenen Daten bei der Nutzung von Microsoft Teams zur Durchf\u00fchrung von Telefonkonferenzen, Online-Meetings, Videokonferenzen, Webinaren, Chats und Projektteams.<\/p>\n<ol start=\"2\">\n<li><strong>Name und Kontaktdaten des Verantwortlichen<\/strong><\/li>\n<\/ol>\n<p style=\"padding-left: 40px\">Dehner Holding GmbH &amp; Co. KG<\/p>\n<p style=\"padding-left: 40px\">Donauw\u00f6rther Stra\u00dfe 3-5<\/p>\n<p style=\"padding-left: 40px\">86641 Rain<\/p>\n<p style=\"padding-left: 40px\">Deutschland<\/p>\n<p style=\"padding-left: 40px\">+49 (9090) 77 6666<\/p>\n<p style=\"padding-left: 40px\">Fax +49 (9090) 77 7136<\/p>\n<p style=\"padding-left: 40px\">E-Mail\u00a0<a href=\"mailto:servicedesk@dehner.de\">servicedesk@dehner.de<\/a><\/p>\n<ol start=\"3\">\n<li><strong>Kontaktdaten des gemeinsamen Datenschutzbeauftragten der Dehner-Gruppe<\/strong><\/li>\n<\/ol>\n<p style=\"padding-left: 40px\">Dehner Holding GmbH &amp; Co. KG<\/p>\n<p style=\"padding-left: 40px\">Datenschutz und Datensicherheit<\/p>\n<p style=\"padding-left: 40px\">Donauw\u00f6rther Stra\u00dfe 3-5<\/p>\n<p style=\"padding-left: 40px\">86641 Rain<\/p>\n<p style=\"padding-left: 40px\">Deutschland<\/p>\n<p style=\"padding-left: 40px\">E-Mail\u00a0<a href=\"mailto:datenschutz@dehner.de\">datenschutz@dehner.de<\/a><\/p>\n<ol start=\"4\">\n<li><strong>Datenarten und Verarbeitung Ihrer Daten<\/strong><\/li>\n<\/ol>\n<ul>\n<li style=\"list-style-type: none\">\n<ul>\n<li>Abh\u00e4ngig von Umfang und Art der Nutzung von Microsoft Teams werden unterschiedliche Arten von Daten verarbeitet. Insbesondere sind das folgende Daten:<\/li>\n<li>Angaben zu Ihrer Person<br \/>\n(z.B. Name, E-Mail, Profilbild)<\/li>\n<li>Daten des Meetings<br \/>\n(z.B. Datum, Uhrzeit, Dauer, Meetingname)<\/li>\n<li>Text-, Audio- und Videodateien<br \/>\n(z.B. Chatverlauf, Audio- und Videowiedergabe)<\/li>\n<li>Verbindungsdaten<br \/>\n(z.B. IP-Adresse, Start- und Endzeitpunk, Rufnummer)<\/li>\n<\/ul>\n<\/li>\n<\/ul>\n<p style=\"padding-left: 40px\">Weitergehende Informationen zur Verarbeitung Ihrer personenbezogenen Daten bei der Nutzung von Microsoft Teams erhalten Sie unter:<\/p>\n<p style=\"padding-left: 40px\"><a href=\"https:\/\/privacy.microsoft.com\/de-de\/privacystatement\">https:\/\/privacy.microsoft.com\/de-de\/privacystatement\u00a0<\/a><\/p>\n<p style=\"padding-left: 40px\"><a href=\"https:\/\/privacy.microsoft.com\/de-de\/privacystatementund\u00a0https:\/\/news.microsoft.com\/de-de\/datenschutz-und-sicherheit-in-microsoft-teams-nutzer\/\">https:\/\/news.microsoft.com\/de-de\/datenschutz-und-sicherheit-in-microsoft-teams-nutzer\/<\/a><\/p>\n<ol start=\"5\">\n<li><strong>Zwecke und Rechtsgrundlagen der Verarbeitung<\/strong><\/li>\n<\/ol>\n<p style=\"padding-left: 40px\">Ihre Daten werden erhoben, um<\/p>\n<ul>\n<li style=\"list-style-type: none\">\n<ul>\n<li>als Mitarbeiter*in das Besch\u00e4ftigungsverh\u00e4ltnis mittels Microsoft Teams durchf\u00fchren zu k\u00f6nnen; Rechtsgrundlage ist in Deutschland \u00a7 26 Abs. 1 BDSG; Rechtsgrundlage ist in \u00d6sterreich Art. 6. Abs. 1 S. 1 lit. b DSGVO<\/li>\n<li>als externer Teilnehmer*in das geschlossene Vertragsverh\u00e4ltnis oder vorvertragliche Ma\u00dfnahmen mittels Microsoft Teams erf\u00fcllen zu k\u00f6nnen; Rechtsgrundlage ist Art. 6. Abs. 1 S. 1 lit. b DSGVO<\/li>\n<li>als externer Teilnehmer*in mit der Dehner-Gruppe in allgemeinen Kontakt, zur Pflege von gesch\u00e4ftlichen Kontakten oder zur Bewerbung f\u00fcr ein Besch\u00e4ftigungsverh\u00e4ltnis mittels Microsoft Teams zu treten; Rechtsgrundlage ist Art. 6. Abs. 1 S. 1 lit. f DSGVO. Unser berechtigtes Interesse besteht in der ortsunabh\u00e4ngigen Kommunikation und der Pflege gesch\u00e4ftlicher Kontakte.<\/li>\n<\/ul>\n<\/li>\n<\/ul>\n<p style=\"padding-left: 40px\">Falls Sie im Rahmen der Nutzung von Microsoft Teams freiwillige Angaben zu Ihrer Person machen oder freiwillig nicht notwendige Funktionen von Microsoft Teams nutzen, basiert die Verarbeitung Ihrer Daten auf Ihrer Einwilligung; Rechtsgrundlage ist Art. 6. Abs. 1 S. 1 lit. a DSGVO. Ihre Einwilligung k\u00f6nnen Sie jederzeit mit Wirkung f\u00fcr die Zukunft ohne Begr\u00fcndung widerrufen. Die Verarbeitung Ihrer personenbezogenen Daten vor Ihrem Widerruf ist hiervon nicht betroffen.<\/p>\n<ol start=\"6\">\n<li><strong>Empf\u00e4nger oder Kategorien von Empf\u00e4ngern der personenbezogenen Daten<\/strong><\/li>\n<\/ol>\n<p style=\"padding-left: 40px\">Dehner Holding GmbH &amp; Co. KG<\/p>\n<p style=\"padding-left: 40px\">Dehner Gartencenter GmbH &amp; Co.KG<\/p>\n<p style=\"padding-left: 40px\">Dehner Gartencenter \u00d6sterreich GmbH &amp; Co.KG<\/p>\n<p style=\"padding-left: 40px\">Dehner Logistik GmbH &amp; Co. KG<\/p>\n<p style=\"padding-left: 40px\">Dehner Agrar GmbH &amp; Co. KG<\/p>\n<p style=\"padding-left: 40px\">Degro GmbH &amp; Co. KG<\/p>\n<p style=\"padding-left: 40px\">Dehner Zoo GmbH<\/p>\n<ol start=\"7\">\n<li><strong>Weitergabe Ihrer Daten an Dritte<\/strong><\/li>\n<\/ol>\n<p style=\"padding-left: 40px\">Wir \u00fcbermitteln Ihre Daten grunds\u00e4tzlich nicht an Dritte. Die Weitergabe an Dritte erfolgt nur, falls die Daten zur Weitergabe bestimmt sind und Sie mittels einer eindeutigen \u00dcbermittlung ausdr\u00fccklich eingewilligt haben. In der Verarbeitung Ihrer personenbezogenen Daten werden wir von der Microsoft Corporation als externen Dienstleister unterst\u00fctzt. Die Microsoft Corporation ist Auftragsverarbeiter im Sinne von Art. 28 DSGVO. Teams ist ein Service der Microsoft Ireland Operations Limited, One Microsoft Place, South County Business Park, Leopardstown, Dublin 18, D18 P521, Ireland, ein Unternehmen der Microsoft Corporation, One Microsoft Way, Redmond, WA 98052 \u2013 6399 USA.<\/p>\n<ol start=\"8\">\n<li><strong>Dauer der Speicherung der personenbezogenen Daten<\/strong><\/li>\n<\/ol>\n<ul>\n<li style=\"list-style-type: none\">\n<ul>\n<li>Benutzerkontodaten der externen Teilnehmer werden nach Beendigung der Zusammenarbeit innerhalb von 3 Monaten gel\u00f6scht.<\/li>\n<li>Benutzerkonten der Mitarbeiter werden 3 Monate nach deren Ausscheiden gel\u00f6scht.<\/li>\n<li>Medien, die zwischen Teilnehmern in einem \u201eMeeting-Raum\u201c gesendet werden gespeichert und nach 2 Jahren gel\u00f6scht.<\/li>\n<li>Audio- und Videoinhalte welche hochgeladen worden sind werden nach 2 Jahren gel\u00f6scht.<\/li>\n<li>Audio- und Videoinhalte welche nur im Stream verarbeitet wurden, werden nicht gespeichert.<\/li>\n<li>Chat-Nachrichten werden nach 2 Jahren gel\u00f6scht.<\/li>\n<li>Technische Protokolle und technische Diagnoseinformationen werden nach 2 Jahren gel\u00f6scht.<\/li>\n<\/ul>\n<\/li>\n<\/ul>\n<ol start=\"9\">\n<li><strong>Bestehen einer automatisierten Entscheidungsfindung einschlie\u00dflich Profiling<\/strong><\/li>\n<\/ol>\n<p style=\"padding-left: 40px\">Es besteht keine automatisierte Entscheidungsfindung und kein Profiling.<\/p>\n<ol start=\"10\">\n<li><strong>Betroffenenrechte<\/strong><\/li>\n<\/ol>\n<p style=\"padding-left: 40px\">In Bezug auf die Verarbeitung Ihrer personenbezogenen Daten durch uns haben Sie unter den im Gesetz genannten Voraussetzungen unter anderem folgende Rechte. Zur Aus\u00fcbung der Rechte wenden Sie sich bitte an den oben genannten Verantwortlichen oder den Datenschutzbeauftragten.<\/p>\n<ul>\n<li style=\"list-style-type: none\">\n<ul>\n<li>Recht auf Auskunft \u00fcber die zu Ihrer Person gespeicherten Daten<br \/>\ngem\u00e4\u00df Art. 15 DSGVO<\/li>\n<li>Recht auf Berichtigung Ihrer Daten gem\u00e4\u00df \u00a0 Art. 16 DSGVO<\/li>\n<li>Recht auf L\u00f6schung Ihrer Daten gem\u00e4\u00df \u00a0 Art. 17 DSGVO.<\/li>\n<li>Recht auf Einschr\u00e4nkung der Verarbeitung Ihrer Daten<br \/>\ngem\u00e4\u00df Art. 18 DSGVO<\/li>\n<li>Recht auf Daten\u00fcbertragbarkeit gem\u00e4\u00df \u00a0 Art. 20 DSGVO<\/li>\n<li>Recht auf Widerspruch gem\u00e4\u00df \u00a0 Art. 21 DSGVO<\/li>\n<li>Recht auf Widerruf bei Einwilligung gem\u00e4\u00df \u00a0 Art. 7 Abs. 3 DSGVO:<\/li>\n<\/ul>\n<\/li>\n<\/ul>\n<p style=\"padding-left: 40px\">Soweit Sie in die Verarbeitung Ihrer Daten durch eine entsprechende Erkl\u00e4rung eingewilligt haben, k\u00f6nnen Sie die Einwilligung jederzeit ohne Angaben von Gr\u00fcnden widerrufen. Die Rechtm\u00e4\u00dfigkeit der aufgrund der Einwilligung bis zum Widerruf erfolgten Datenverarbeitung wird durch den Widerruf nicht ber\u00fchrt, das hei\u00dft, dass der Widerruf erst f\u00fcr die Zukunft wirkt.<\/p>\n<ul>\n<li style=\"list-style-type: none\">\n<ul>\n<li>Recht auf Beschwerde bei einer Aufsichtsbeh\u00f6rde<br \/>\ngem\u00e4\u00df Art. 77 DSGVO:<\/li>\n<\/ul>\n<\/li>\n<\/ul>\n<p style=\"padding-left: 40px\"><strong>Deutschland: <\/strong><\/p>\n<p style=\"padding-left: 40px\">Bayerisches Landesamt f\u00fcr Datenschutzaufsicht<\/p>\n<p style=\"padding-left: 40px\">Promenade 27<\/p>\n<p style=\"padding-left: 40px\">91522 Ansbach<\/p>\n<p style=\"padding-left: 40px\"><strong>\u00d6sterreich:<\/strong><\/p>\n<p style=\"padding-left: 40px\">\u00d6sterreichische Datenschutzbeh\u00f6rde<\/p>\n<p style=\"padding-left: 40px\">Barichgasse 40-42<\/p>\n<p style=\"padding-left: 40px\">1030 Wien<\/p>\n<hr \/>\n<p>&nbsp;<\/p>\n\t\t\t\t\t\t\t\t\t<\/div>\n\t\t\t<\/div>\n\t\t<\/div>\n\t\t\t\t\t<div class=\"colpos-102 col-xs-12 col-md-5\">\n\t\t\t\t                                                    <div class=\"ce-image\">\n                                <picture><img decoding=\"async\" class=\"img-responsive\" src=\"https:\/\/www.dehner.de\/unternehmen\/app\/uploads\/sites\/3\/2021\/09\/netiquette-Teams-Dehner-900x560-1.gif\" srcset=\"\" sizes=\"(max-width: ) 100vw, \"\/><\/picture>                            <\/div>\n                                                <div id=\"block_6113c7481bca3\">\n                                                                                    <ul class=\"arrows ce-menu ce-menu-0\">\n                                                                        <li>\n                                        <svg id=\"chevron-right\" class=\"icon svg-chevron-right-dims\" viewBox=\"0 0 10 16\" role=\"img\" aria-labelledby=\"title\"><title>chevron-right<\/title><path d=\"M6.55 8.112L.02 14.459l1.394 1.434L9.37 8.16 1.434 0 0 1.395z\" fill=\"currentColor\" fill-rule=\"evenodd\"><\/path><\/svg>\n                                            <a target=\"_blank\" href=\"https:\/\/www.dehner.de\/unternehmen\/app\/uploads\/sites\/3\/2024\/04\/Dehner-Netiquette-Teams-Maerz-2024.pdf\">Dehner Netiquette Teams<\/a>\n                                        <\/li>\n                                                                                                <\/ul>\n                                                    <\/div>\n\t\t\t\t\t\t\t\t\t\t\t\t<\/div>\n\t\t\t<\/div>\n<\/div>\n","protected":false},"excerpt":{"rendered":"","protected":false},"author":1,"featured_media":0,"parent":0,"menu_order":0,"comment_status":"closed","ping_status":"closed","template":"","meta":{"_acf_changed":false,"footnotes":""},"class_list":["post-2812","page","type-page","status-publish","hentry"],"acf":[],"yoast_head":"<!-- This site is optimized with the Yoast SEO plugin v24.5 - https:\/\/yoast.com\/wordpress\/plugins\/seo\/ -->\n<title>Informationspflicht zur Datenverarbeitung nach Artikel 13 DSGVO - Dehner Unternehmen<\/title>\n<meta name=\"robots\" content=\"index, follow, max-snippet:-1, max-image-preview:large, max-video-preview:-1\" \/>\n<link rel=\"canonical\" href=\"https:\/\/www.dehner.de\/unternehmen\/informationspflicht-zur-datenverarbeitung-nach-artikel-13-dsgvo\/\" \/>\n<meta property=\"og:locale\" content=\"de_DE\" \/>\n<meta property=\"og:type\" content=\"article\" \/>\n<meta property=\"og:title\" content=\"Informationspflicht zur Datenverarbeitung nach Artikel 13 DSGVO - Dehner Unternehmen\" \/>\n<meta property=\"og:url\" content=\"https:\/\/www.dehner.de\/unternehmen\/informationspflicht-zur-datenverarbeitung-nach-artikel-13-dsgvo\/\" \/>\n<meta property=\"og:site_name\" content=\"Dehner Unternehmen\" \/>\n<meta property=\"article:modified_time\" content=\"2024-04-09T11:39:27+00:00\" \/>\n<meta name=\"twitter:card\" content=\"summary_large_image\" \/>\n<script type=\"application\/ld+json\" class=\"yoast-schema-graph\">{\"@context\":\"https:\/\/schema.org\",\"@graph\":[{\"@type\":\"WebPage\",\"@id\":\"https:\/\/www.dehner.de\/unternehmen\/informationspflicht-zur-datenverarbeitung-nach-artikel-13-dsgvo\/\",\"url\":\"https:\/\/www.dehner.de\/unternehmen\/informationspflicht-zur-datenverarbeitung-nach-artikel-13-dsgvo\/\",\"name\":\"Informationspflicht zur Datenverarbeitung nach Artikel 13 DSGVO - Dehner Unternehmen\",\"isPartOf\":{\"@id\":\"https:\/\/www.dehner.de\/unternehmen\/#website\"},\"datePublished\":\"2021-09-08T08:27:56+00:00\",\"dateModified\":\"2024-04-09T11:39:27+00:00\",\"breadcrumb\":{\"@id\":\"https:\/\/www.dehner.de\/unternehmen\/informationspflicht-zur-datenverarbeitung-nach-artikel-13-dsgvo\/#breadcrumb\"},\"inLanguage\":\"de-DE\",\"potentialAction\":[{\"@type\":\"ReadAction\",\"target\":[\"https:\/\/www.dehner.de\/unternehmen\/informationspflicht-zur-datenverarbeitung-nach-artikel-13-dsgvo\/\"]}]},{\"@type\":\"BreadcrumbList\",\"@id\":\"https:\/\/www.dehner.de\/unternehmen\/informationspflicht-zur-datenverarbeitung-nach-artikel-13-dsgvo\/#breadcrumb\",\"itemListElement\":[{\"@type\":\"ListItem\",\"position\":1,\"name\":\"Home\",\"item\":\"https:\/\/www.dehner.de\/unternehmen\/\"},{\"@type\":\"ListItem\",\"position\":2,\"name\":\"Informationspflicht zur Datenverarbeitung nach Artikel 13 DSGVO\"}]},{\"@type\":\"WebSite\",\"@id\":\"https:\/\/www.dehner.de\/unternehmen\/#website\",\"url\":\"https:\/\/www.dehner.de\/unternehmen\/\",\"name\":\"Dehner Unternehmen\",\"description\":\"Eine weitere Dehner Websites Website\",\"potentialAction\":[{\"@type\":\"SearchAction\",\"target\":{\"@type\":\"EntryPoint\",\"urlTemplate\":\"https:\/\/www.dehner.de\/unternehmen\/?s={search_term_string}\"},\"query-input\":{\"@type\":\"PropertyValueSpecification\",\"valueRequired\":true,\"valueName\":\"search_term_string\"}}],\"inLanguage\":\"de-DE\"}]}<\/script>\n<!-- \/ Yoast SEO plugin. -->","yoast_head_json":{"title":"Informationspflicht zur Datenverarbeitung nach Artikel 13 DSGVO - Dehner Unternehmen","robots":{"index":"index","follow":"follow","max-snippet":"max-snippet:-1","max-image-preview":"max-image-preview:large","max-video-preview":"max-video-preview:-1"},"canonical":"https:\/\/www.dehner.de\/unternehmen\/informationspflicht-zur-datenverarbeitung-nach-artikel-13-dsgvo\/","og_locale":"de_DE","og_type":"article","og_title":"Informationspflicht zur Datenverarbeitung nach Artikel 13 DSGVO - Dehner Unternehmen","og_url":"https:\/\/www.dehner.de\/unternehmen\/informationspflicht-zur-datenverarbeitung-nach-artikel-13-dsgvo\/","og_site_name":"Dehner Unternehmen","article_modified_time":"2024-04-09T11:39:27+00:00","twitter_card":"summary_large_image","schema":{"@context":"https:\/\/schema.org","@graph":[{"@type":"WebPage","@id":"https:\/\/www.dehner.de\/unternehmen\/informationspflicht-zur-datenverarbeitung-nach-artikel-13-dsgvo\/","url":"https:\/\/www.dehner.de\/unternehmen\/informationspflicht-zur-datenverarbeitung-nach-artikel-13-dsgvo\/","name":"Informationspflicht zur Datenverarbeitung nach Artikel 13 DSGVO - Dehner Unternehmen","isPartOf":{"@id":"https:\/\/www.dehner.de\/unternehmen\/#website"},"datePublished":"2021-09-08T08:27:56+00:00","dateModified":"2024-04-09T11:39:27+00:00","breadcrumb":{"@id":"https:\/\/www.dehner.de\/unternehmen\/informationspflicht-zur-datenverarbeitung-nach-artikel-13-dsgvo\/#breadcrumb"},"inLanguage":"de-DE","potentialAction":[{"@type":"ReadAction","target":["https:\/\/www.dehner.de\/unternehmen\/informationspflicht-zur-datenverarbeitung-nach-artikel-13-dsgvo\/"]}]},{"@type":"BreadcrumbList","@id":"https:\/\/www.dehner.de\/unternehmen\/informationspflicht-zur-datenverarbeitung-nach-artikel-13-dsgvo\/#breadcrumb","itemListElement":[{"@type":"ListItem","position":1,"name":"Home","item":"https:\/\/www.dehner.de\/unternehmen\/"},{"@type":"ListItem","position":2,"name":"Informationspflicht zur Datenverarbeitung nach Artikel 13 DSGVO"}]},{"@type":"WebSite","@id":"https:\/\/www.dehner.de\/unternehmen\/#website","url":"https:\/\/www.dehner.de\/unternehmen\/","name":"Dehner Unternehmen","description":"Eine weitere Dehner Websites Website","potentialAction":[{"@type":"SearchAction","target":{"@type":"EntryPoint","urlTemplate":"https:\/\/www.dehner.de\/unternehmen\/?s={search_term_string}"},"query-input":{"@type":"PropertyValueSpecification","valueRequired":true,"valueName":"search_term_string"}}],"inLanguage":"de-DE"}]}},"_links":{"self":[{"href":"https:\/\/www.dehner.de\/unternehmen\/wp-json\/wp\/v2\/pages\/2812","targetHints":{"allow":["GET"]}}],"collection":[{"href":"https:\/\/www.dehner.de\/unternehmen\/wp-json\/wp\/v2\/pages"}],"about":[{"href":"https:\/\/www.dehner.de\/unternehmen\/wp-json\/wp\/v2\/types\/page"}],"author":[{"embeddable":true,"href":"https:\/\/www.dehner.de\/unternehmen\/wp-json\/wp\/v2\/users\/1"}],"replies":[{"embeddable":true,"href":"https:\/\/www.dehner.de\/unternehmen\/wp-json\/wp\/v2\/comments?post=2812"}],"version-history":[{"count":8,"href":"https:\/\/www.dehner.de\/unternehmen\/wp-json\/wp\/v2\/pages\/2812\/revisions"}],"predecessor-version":[{"id":3945,"href":"https:\/\/www.dehner.de\/unternehmen\/wp-json\/wp\/v2\/pages\/2812\/revisions\/3945"}],"wp:attachment":[{"href":"https:\/\/www.dehner.de\/unternehmen\/wp-json\/wp\/v2\/media?parent=2812"}],"curies":[{"name":"wp","href":"https:\/\/api.w.org\/{rel}","templated":true}]}}