{"id":4206,"date":"2020-12-14T11:05:34","date_gmt":"2020-12-14T10:05:34","guid":{"rendered":"https:\/\/www.dehner.de\/jobs\/?page_id=4206"},"modified":"2025-08-29T07:55:30","modified_gmt":"2025-08-29T05:55:30","slug":"das-abiturientenprogramm-bei-dehner","status":"publish","type":"page","link":"https:\/\/www.dehner.de\/jobs\/ausbildung-und-duales-studium\/das-abiturientenprogramm-bei-dehner\/","title":{"rendered":"Abiturientenprogramme bei Dehner"},"content":{"rendered":"    <section class=\"block-headline-text container standard pb-5\">\n        <div class=\"row\">\n            <h1 class=\"col-12 title\">Abiturienten\u00adprogramme bei Dehner<\/h1>            <div class=\"col-12 text\"><p><strong>Nach dem Abitur ist vieles m\u00f6glich: Studieren, einen Ausbildungsberuf erlernen, Geld verdienen und den bestm\u00f6glichen Berufsstart hinlegen. Mit den dualen Studieng\u00e4ngen und dem Abiturientenprogramm zum Handelsfachwirt (m\/w\/d) bei Dehner gelingt Dir das alles auf einmal.<\/strong><\/p>\n<\/div>        <\/div>\n    <\/section>\n\n\n<div class=\"block-buttongrid layout-small colors-secondary pb-5\">\n    <div class=\"container\">\n        <div class=\"row row8\">\n                    <div class=\"item col-md-4 pb-2 mb-1 mb-md-2\">\n                <a class=\"btn btn-teaser btn-teaser__icon-btn d-block\" href=\"https:\/\/www.dehner.de\/jobs\/ausbildung-und-duales-studium\/ausbildung-handelsfachwirt\/\" title=\" Abiturientenprogramm - Handelsfachwirt\">\n                    <div class=\"inner df aic py-3 px-0 px-sm-3 px-md-0\">\n                        <img loading=\"lazy\" decoding=\"async\" width=\"1\" height=\"1\" src=\"https:\/\/www.dehner.de\/jobs\/app\/uploads\/sites\/7\/2025\/07\/handelsfachwirt.svg\" class=\"icon img-fluid mx-3 mb-2\" alt=\"&quot;&quot;\" \/>                        <h2 class=\"title px-3 px-md-1 pt-md-4 mb-0\"> Abiturientenprogramm &#8211; Handelsfachwirt<\/h2>                    <\/div>\n                <\/a>\n            <\/div>\n                    <div class=\"item col-md-4 pb-2 mb-1 mb-md-2\">\n                <a class=\"btn btn-teaser btn-teaser__icon-btn d-block\" href=\"https:\/\/www.dehner.de\/jobs\/ausbildung-und-duales-studium\/bwl-handel\/\" title=\"Duales Studium BWL \u2013 Handel\">\n                    <div class=\"inner df aic py-3 px-0 px-sm-3 px-md-0\">\n                        <img loading=\"lazy\" decoding=\"async\" width=\"1\" height=\"1\" src=\"https:\/\/www.dehner.de\/jobs\/app\/uploads\/sites\/7\/2025\/07\/bwl-handel.svg\" class=\"icon img-fluid mx-3 mb-2\" alt=\"&quot;&quot;\" \/>                        <h2 class=\"title px-3 px-md-1 pt-md-4 mb-0\">Duales Studium BWL \u2013 Handel<\/h2>                    <\/div>\n                <\/a>\n            <\/div>\n                    <div class=\"item col-md-4 pb-2 mb-1 mb-md-2\">\n                <a class=\"btn btn-teaser btn-teaser__icon-btn d-block\" href=\"https:\/\/www.dehner.de\/jobs\/ausbildung-und-duales-studium\/controlling-und-consulting\/\" title=\"Duales Studium BWL \u2013 Controlling &amp; Consulting\">\n                    <div class=\"inner df aic py-3 px-0 px-sm-3 px-md-0\">\n                        <img loading=\"lazy\" decoding=\"async\" width=\"1\" height=\"1\" src=\"https:\/\/www.dehner.de\/jobs\/app\/uploads\/sites\/7\/2025\/07\/bwl-controlling-consulting.svg\" class=\"icon img-fluid mx-3 mb-2\" alt=\"&quot;&quot;\" \/>                        <h2 class=\"title px-3 px-md-1 pt-md-4 mb-0\">Duales Studium BWL \u2013 Controlling &amp; Consulting<\/h2>                    <\/div>\n                <\/a>\n            <\/div>\n                    <div class=\"item col-md-4 pb-2 mb-1 mb-md-2\">\n                <a class=\"btn btn-teaser btn-teaser__icon-btn d-block\" href=\"https:\/\/www.dehner.de\/jobs\/ausbildung-und-duales-studium\/spedition-transport-und-logistik\/\" title=\"Duales Studium BWL \u2013 Spedition, Transport &amp; Logistik\">\n                    <div class=\"inner df aic py-3 px-0 px-sm-3 px-md-0\">\n                        <img loading=\"lazy\" decoding=\"async\" width=\"1\" height=\"1\" src=\"https:\/\/www.dehner.de\/jobs\/app\/uploads\/sites\/7\/2025\/07\/spedition-transport-logistik.svg\" class=\"icon img-fluid mx-3 mb-2\" alt=\"&quot;&quot;\" \/>                        <h2 class=\"title px-3 px-md-1 pt-md-4 mb-0\">Duales Studium BWL \u2013 Spedition, Transport &amp; Logistik<\/h2>                    <\/div>\n                <\/a>\n            <\/div>\n                    <div class=\"item col-md-4 pb-2 mb-1 mb-md-2\">\n                <a class=\"btn btn-teaser btn-teaser__icon-btn d-block\" href=\"https:\/\/www.dehner.de\/jobs\/ausbildung-und-duales-studium\/dein-duales-studium-wirtschaftsinformatik-bei-dehner\/\" title=\"Duales Studium - Wirtschaftsinformatik\">\n                    <div class=\"inner df aic py-3 px-0 px-sm-3 px-md-0\">\n                        <img loading=\"lazy\" decoding=\"async\" width=\"1\" height=\"1\" src=\"https:\/\/www.dehner.de\/jobs\/app\/uploads\/sites\/7\/2025\/07\/wirtschaftsinformatik.svg\" class=\"icon img-fluid mx-3 mb-2\" alt=\"&quot;&quot;\" \/>                        <h2 class=\"title px-3 px-md-1 pt-md-4 mb-0\">Duales Studium &#8211; Wirtschaftsinformatik<\/h2>                    <\/div>\n                <\/a>\n            <\/div>\n                    <div class=\"item col-md-4 pb-2 mb-1 mb-md-2\">\n                <a class=\"btn btn-teaser btn-teaser__icon-btn d-block\" href=\"https:\/\/www.dehner.de\/jobs\/ausbildung-und-duales-studium\/dein-duales-studium-bwl-digital-commerce-management-bei-dehner\/\" title=\"Duales Studium BWL - Digital Commerce Management\">\n                    <div class=\"inner df aic py-3 px-0 px-sm-3 px-md-0\">\n                        <img loading=\"lazy\" decoding=\"async\" width=\"1\" height=\"1\" src=\"https:\/\/www.dehner.de\/jobs\/app\/uploads\/sites\/7\/2025\/07\/digital-commerce-management.svg\" class=\"icon img-fluid mx-3 mb-2\" alt=\"&quot;&quot;\" \/>                        <h2 class=\"title px-3 px-md-1 pt-md-4 mb-0\">Duales Studium BWL &#8211; Digital Commerce Management<\/h2>                    <\/div>\n                <\/a>\n            <\/div>\n                <\/div>\n    <\/div>\n<\/div>\n\n\n\n\n\n<section class=\"block-img-txt text-50-img-50 pb-4\">\n    <div class=\"container\">\n        <div class=\"row\">\n                            <div class=\"col-md-6 pb-4 d-none d-md-block image\">\n                    <img loading=\"lazy\" decoding=\"async\" width=\"1024\" height=\"683\" src=\"https:\/\/www.dehner.de\/jobs\/app\/uploads\/sites\/7\/2020\/06\/20190321_PR_MO_001_Villach_Eroeffnung-1-1024x683.jpg\" class=\"img-cover\" alt=\"Ausbildung Dehner Garten-Center\" srcset=\"https:\/\/www.dehner.de\/jobs\/app\/uploads\/sites\/7\/2020\/06\/20190321_PR_MO_001_Villach_Eroeffnung-1-1024x683.jpg 1024w, https:\/\/www.dehner.de\/jobs\/app\/uploads\/sites\/7\/2020\/06\/20190321_PR_MO_001_Villach_Eroeffnung-1-300x200.jpg 300w, https:\/\/www.dehner.de\/jobs\/app\/uploads\/sites\/7\/2020\/06\/20190321_PR_MO_001_Villach_Eroeffnung-1-150x100.jpg 150w, https:\/\/www.dehner.de\/jobs\/app\/uploads\/sites\/7\/2020\/06\/20190321_PR_MO_001_Villach_Eroeffnung-1-768x512.jpg 768w, https:\/\/www.dehner.de\/jobs\/app\/uploads\/sites\/7\/2020\/06\/20190321_PR_MO_001_Villach_Eroeffnung-1-1536x1024.jpg 1536w, https:\/\/www.dehner.de\/jobs\/app\/uploads\/sites\/7\/2020\/06\/20190321_PR_MO_001_Villach_Eroeffnung-1-2048x1366.jpg 2048w, https:\/\/www.dehner.de\/jobs\/app\/uploads\/sites\/7\/2020\/06\/20190321_PR_MO_001_Villach_Eroeffnung-1-1000x667.jpg 1000w\" sizes=\"auto, (max-width: 1024px) 100vw, 1024px\" \/>                <\/div>\n                <div class=\"col-md-6 df fc jcc body\">\n                            <a href=\"#\" class=\"toggler toggler-down-md toggler-hide\" data-toggle=\"collapse\" data-target=\"#block_e8107ae7d155aabc6db5090983484fb2\" aria-expanded=\"true\" aria-controls=\"block_e8107ae7d155aabc6db5090983484fb2\">\n                            <img loading=\"lazy\" decoding=\"async\" width=\"1024\" height=\"683\" src=\"https:\/\/www.dehner.de\/jobs\/app\/uploads\/sites\/7\/2020\/06\/20190321_PR_MO_001_Villach_Eroeffnung-1-1024x683.jpg\" class=\"mobile-image img-fluid mb-3 d-md-none\" alt=\"Ausbildung Dehner Garten-Center\" srcset=\"https:\/\/www.dehner.de\/jobs\/app\/uploads\/sites\/7\/2020\/06\/20190321_PR_MO_001_Villach_Eroeffnung-1-1024x683.jpg 1024w, https:\/\/www.dehner.de\/jobs\/app\/uploads\/sites\/7\/2020\/06\/20190321_PR_MO_001_Villach_Eroeffnung-1-300x200.jpg 300w, https:\/\/www.dehner.de\/jobs\/app\/uploads\/sites\/7\/2020\/06\/20190321_PR_MO_001_Villach_Eroeffnung-1-150x100.jpg 150w, https:\/\/www.dehner.de\/jobs\/app\/uploads\/sites\/7\/2020\/06\/20190321_PR_MO_001_Villach_Eroeffnung-1-768x512.jpg 768w, https:\/\/www.dehner.de\/jobs\/app\/uploads\/sites\/7\/2020\/06\/20190321_PR_MO_001_Villach_Eroeffnung-1-1536x1024.jpg 1536w, https:\/\/www.dehner.de\/jobs\/app\/uploads\/sites\/7\/2020\/06\/20190321_PR_MO_001_Villach_Eroeffnung-1-2048x1366.jpg 2048w, https:\/\/www.dehner.de\/jobs\/app\/uploads\/sites\/7\/2020\/06\/20190321_PR_MO_001_Villach_Eroeffnung-1-1000x667.jpg 1000w\" sizes=\"auto, (max-width: 1024px) 100vw, 1024px\" \/>                        <h3 class=\"font-h4 toggler toggler-down-md\">Zielstrebig zum beruflichen Erfolg<\/h3>        <\/a>\n        <div class=\"collapse text show\" id=\"block_e8107ae7d155aabc6db5090983484fb2\" data-parent=\"main\">\n            <p>Entscheidest du Dich f\u00fcr eines unserer Angebote f\u00fcr Abiturient*innen, legst Du den ersten wesentlichen Grundstein f\u00fcr eine aussichtsreiche Karriere mit F\u00fchrungsverantwortung. Die Welt des Handels bietet Dir viele spannende Karrierechancen. Bei Dehner wissen wir diese Chancen durch exzellente Schulungsangebote zu f\u00f6rdern und ebnen Dir so schon fr\u00fch den Weg f\u00fcr eine erfolgreiche berufliche Zukunft.<\/p>\n                    <\/div>                <\/div>\n            \n        <\/div>\n    <\/div>\n<\/section>\n\n\n<section class=\"block-img-txt img-50-text-50 pb-4\">\n    <div class=\"container\">\n        <div class=\"row\">\n                            <div class=\"col-md-6 pb-4 d-none d-md-block image\">\n                    <img loading=\"lazy\" decoding=\"async\" width=\"1024\" height=\"576\" src=\"https:\/\/www.dehner.de\/jobs\/app\/uploads\/sites\/7\/2025\/06\/20250603_PR_MO_8593_azubis_aw_studio_herzig_luca-1024x576.jpg\" class=\"img-cover\" alt=\"Dualer Student Luca schult Azubis zu seinem aktuellen Projekt\" srcset=\"https:\/\/www.dehner.de\/jobs\/app\/uploads\/sites\/7\/2025\/06\/20250603_PR_MO_8593_azubis_aw_studio_herzig_luca-1024x576.jpg 1024w, https:\/\/www.dehner.de\/jobs\/app\/uploads\/sites\/7\/2025\/06\/20250603_PR_MO_8593_azubis_aw_studio_herzig_luca-300x169.jpg 300w, https:\/\/www.dehner.de\/jobs\/app\/uploads\/sites\/7\/2025\/06\/20250603_PR_MO_8593_azubis_aw_studio_herzig_luca-150x84.jpg 150w, https:\/\/www.dehner.de\/jobs\/app\/uploads\/sites\/7\/2025\/06\/20250603_PR_MO_8593_azubis_aw_studio_herzig_luca-768x432.jpg 768w, https:\/\/www.dehner.de\/jobs\/app\/uploads\/sites\/7\/2025\/06\/20250603_PR_MO_8593_azubis_aw_studio_herzig_luca-1536x864.jpg 1536w, https:\/\/www.dehner.de\/jobs\/app\/uploads\/sites\/7\/2025\/06\/20250603_PR_MO_8593_azubis_aw_studio_herzig_luca-1000x563.jpg 1000w, https:\/\/www.dehner.de\/jobs\/app\/uploads\/sites\/7\/2025\/06\/20250603_PR_MO_8593_azubis_aw_studio_herzig_luca.jpg 1920w\" sizes=\"auto, (max-width: 1024px) 100vw, 1024px\" \/>                <\/div>\n                <div class=\"col-md-6 df fc jcc body\">\n                            <a href=\"#\" class=\"toggler toggler-down-md toggler-hide\" data-toggle=\"collapse\" data-target=\"#block_67f3612ca5d58e5b12140fcfac8cb24f\" aria-expanded=\"true\" aria-controls=\"block_67f3612ca5d58e5b12140fcfac8cb24f\">\n                            <img loading=\"lazy\" decoding=\"async\" width=\"1024\" height=\"576\" src=\"https:\/\/www.dehner.de\/jobs\/app\/uploads\/sites\/7\/2025\/06\/20250603_PR_MO_8593_azubis_aw_studio_herzig_luca-1024x576.jpg\" class=\"mobile-image img-fluid mb-3 d-md-none\" alt=\"Dualer Student Luca schult Azubis zu seinem aktuellen Projekt\" srcset=\"https:\/\/www.dehner.de\/jobs\/app\/uploads\/sites\/7\/2025\/06\/20250603_PR_MO_8593_azubis_aw_studio_herzig_luca-1024x576.jpg 1024w, https:\/\/www.dehner.de\/jobs\/app\/uploads\/sites\/7\/2025\/06\/20250603_PR_MO_8593_azubis_aw_studio_herzig_luca-300x169.jpg 300w, https:\/\/www.dehner.de\/jobs\/app\/uploads\/sites\/7\/2025\/06\/20250603_PR_MO_8593_azubis_aw_studio_herzig_luca-150x84.jpg 150w, https:\/\/www.dehner.de\/jobs\/app\/uploads\/sites\/7\/2025\/06\/20250603_PR_MO_8593_azubis_aw_studio_herzig_luca-768x432.jpg 768w, https:\/\/www.dehner.de\/jobs\/app\/uploads\/sites\/7\/2025\/06\/20250603_PR_MO_8593_azubis_aw_studio_herzig_luca-1536x864.jpg 1536w, https:\/\/www.dehner.de\/jobs\/app\/uploads\/sites\/7\/2025\/06\/20250603_PR_MO_8593_azubis_aw_studio_herzig_luca-1000x563.jpg 1000w, https:\/\/www.dehner.de\/jobs\/app\/uploads\/sites\/7\/2025\/06\/20250603_PR_MO_8593_azubis_aw_studio_herzig_luca.jpg 1920w\" sizes=\"auto, (max-width: 1024px) 100vw, 1024px\" \/>                        <h3 class=\"font-h4 toggler toggler-down-md\">Duale Studieng\u00e4nge in Rain am Lech<\/h3>        <\/a>\n        <div class=\"collapse text show\" id=\"block_67f3612ca5d58e5b12140fcfac8cb24f\" data-parent=\"main\">\n            <p>In Deinem Studiengang lernst Du in den praktischen Eins\u00e4tzen unterschiedliche Abteilungen in unserem Dienstleistungszentrum in Rain am Lech kennen und schnupperst auch in die Garten-Center in Deutschland bzw. \u00d6sterreich rein. Je nach Studiengang erwirbst Du In Deinen theoretischen Phasen an der Dualen Hochschule Baden-W\u00fcrttemberg Hintergrundwissen aus diversen F\u00e4chern, wie z. B. Betriebswirtschaftslehre, Recht, Marketing und Personal. Du eignest Dir somit praktische und theoretische Kenntnisse an, welche Dich intensiv auf Dein Berufsleben vorbereiten und Du sofort bei Dehner in die Praxis umsetzen kannst.<\/p>\n                    <\/div>                <\/div>\n            \n        <\/div>\n    <\/div>\n<\/section>\n\n\n<section class=\"block-img-txt text-50-img-50 pb-4\">\n    <div class=\"container\">\n        <div class=\"row\">\n                            <div class=\"col-md-6 pb-4 d-none d-md-block image\">\n                    <img loading=\"lazy\" decoding=\"async\" width=\"1024\" height=\"576\" src=\"https:\/\/www.dehner.de\/jobs\/app\/uploads\/sites\/7\/2025\/06\/20250603_PR_MO_4947_azubis_aw_studio_herzig_tom-1024x576.jpg\" class=\"img-cover\" alt=\"Handelfachwirt Tom ber\u00e4t Kunden und gibt Bestellungen auf\" srcset=\"https:\/\/www.dehner.de\/jobs\/app\/uploads\/sites\/7\/2025\/06\/20250603_PR_MO_4947_azubis_aw_studio_herzig_tom-1024x576.jpg 1024w, https:\/\/www.dehner.de\/jobs\/app\/uploads\/sites\/7\/2025\/06\/20250603_PR_MO_4947_azubis_aw_studio_herzig_tom-300x169.jpg 300w, https:\/\/www.dehner.de\/jobs\/app\/uploads\/sites\/7\/2025\/06\/20250603_PR_MO_4947_azubis_aw_studio_herzig_tom-150x84.jpg 150w, https:\/\/www.dehner.de\/jobs\/app\/uploads\/sites\/7\/2025\/06\/20250603_PR_MO_4947_azubis_aw_studio_herzig_tom-768x432.jpg 768w, https:\/\/www.dehner.de\/jobs\/app\/uploads\/sites\/7\/2025\/06\/20250603_PR_MO_4947_azubis_aw_studio_herzig_tom-1536x864.jpg 1536w, https:\/\/www.dehner.de\/jobs\/app\/uploads\/sites\/7\/2025\/06\/20250603_PR_MO_4947_azubis_aw_studio_herzig_tom-1000x563.jpg 1000w, https:\/\/www.dehner.de\/jobs\/app\/uploads\/sites\/7\/2025\/06\/20250603_PR_MO_4947_azubis_aw_studio_herzig_tom.jpg 1920w\" sizes=\"auto, (max-width: 1024px) 100vw, 1024px\" \/>                <\/div>\n                <div class=\"col-md-6 df fc jcc body\">\n                            <a href=\"#\" class=\"toggler toggler-down-md toggler-hide\" data-toggle=\"collapse\" data-target=\"#block_8c342b3f10c67137643f9e6774ad9c0e\" aria-expanded=\"true\" aria-controls=\"block_8c342b3f10c67137643f9e6774ad9c0e\">\n                            <img loading=\"lazy\" decoding=\"async\" width=\"1024\" height=\"576\" src=\"https:\/\/www.dehner.de\/jobs\/app\/uploads\/sites\/7\/2025\/06\/20250603_PR_MO_4947_azubis_aw_studio_herzig_tom-1024x576.jpg\" class=\"mobile-image img-fluid mb-3 d-md-none\" alt=\"Handelfachwirt Tom ber\u00e4t Kunden und gibt Bestellungen auf\" srcset=\"https:\/\/www.dehner.de\/jobs\/app\/uploads\/sites\/7\/2025\/06\/20250603_PR_MO_4947_azubis_aw_studio_herzig_tom-1024x576.jpg 1024w, https:\/\/www.dehner.de\/jobs\/app\/uploads\/sites\/7\/2025\/06\/20250603_PR_MO_4947_azubis_aw_studio_herzig_tom-300x169.jpg 300w, https:\/\/www.dehner.de\/jobs\/app\/uploads\/sites\/7\/2025\/06\/20250603_PR_MO_4947_azubis_aw_studio_herzig_tom-150x84.jpg 150w, https:\/\/www.dehner.de\/jobs\/app\/uploads\/sites\/7\/2025\/06\/20250603_PR_MO_4947_azubis_aw_studio_herzig_tom-768x432.jpg 768w, https:\/\/www.dehner.de\/jobs\/app\/uploads\/sites\/7\/2025\/06\/20250603_PR_MO_4947_azubis_aw_studio_herzig_tom-1536x864.jpg 1536w, https:\/\/www.dehner.de\/jobs\/app\/uploads\/sites\/7\/2025\/06\/20250603_PR_MO_4947_azubis_aw_studio_herzig_tom-1000x563.jpg 1000w, https:\/\/www.dehner.de\/jobs\/app\/uploads\/sites\/7\/2025\/06\/20250603_PR_MO_4947_azubis_aw_studio_herzig_tom.jpg 1920w\" sizes=\"auto, (max-width: 1024px) 100vw, 1024px\" \/>                        <h3 class=\"font-h4 toggler toggler-down-md\">Dein Abiturientenprogramm zum Handelsfachwirt: Drei Jahre \u2013 Drei Abschl\u00fcsse<\/h3>        <\/a>\n        <div class=\"collapse text show\" id=\"block_8c342b3f10c67137643f9e6774ad9c0e\" data-parent=\"main\">\n            <p>Bei unserem kompakten Abiturientenprogramm zum Handelsfachwirt lernst Du alle operativen und betriebswirtschaftlichen Abl\u00e4ufe des Marktes kennen und wirst optimal auf Deine k\u00fcnftigen Aufgaben als Nachwuchsf\u00fchrungskraft vorbereitet. \u00dcberf\u00fcllte H\u00f6rs\u00e4le mit tausenden Mitstudent*innen gibt es in Deiner Akademiephasen an der Akademie Handel nicht. Im Klassenverband triffst Du Dich mit Kolleg*innen, welche ebenso wie Du t\u00e4glich mit organisierten Warenstr\u00f6men und zu begeisternden Kund*innen zu tun haben. Deine Leidenschaft f\u00fcr den Handel ist hier ebenso gefragt wie analytisches Denken und kaufm\u00e4nnischer Weitblick. Der Handelsfachwirt stellt die perfekte Alternative zum theoretischen Studium dar.<\/p>\n                    <\/div>                <\/div>\n            \n        <\/div>\n    <\/div>\n<\/section>\n\n\n<section class=\"block-img-txt img-70-text-30 has-cta pb-4\">\n    <div class=\"container\">\n        <div class=\"row\">\n                            <div class=\"col-lg-8 pb-4 d-none d-md-block image\">\n                    <img loading=\"lazy\" decoding=\"async\" width=\"1024\" height=\"576\" src=\"https:\/\/www.dehner.de\/jobs\/app\/uploads\/sites\/7\/2025\/07\/02_Luca_Werksstudent-1024x576.jpg\" class=\"img-cover\" alt=\"Luca \u00fcbernimmt als Werkstudent bei Dehner Verantwortung f\u00fcr kleine Projekte\" srcset=\"https:\/\/www.dehner.de\/jobs\/app\/uploads\/sites\/7\/2025\/07\/02_Luca_Werksstudent-1024x576.jpg 1024w, https:\/\/www.dehner.de\/jobs\/app\/uploads\/sites\/7\/2025\/07\/02_Luca_Werksstudent-300x169.jpg 300w, https:\/\/www.dehner.de\/jobs\/app\/uploads\/sites\/7\/2025\/07\/02_Luca_Werksstudent-150x84.jpg 150w, https:\/\/www.dehner.de\/jobs\/app\/uploads\/sites\/7\/2025\/07\/02_Luca_Werksstudent-768x432.jpg 768w, https:\/\/www.dehner.de\/jobs\/app\/uploads\/sites\/7\/2025\/07\/02_Luca_Werksstudent-1536x864.jpg 1536w, https:\/\/www.dehner.de\/jobs\/app\/uploads\/sites\/7\/2025\/07\/02_Luca_Werksstudent-1000x563.jpg 1000w, https:\/\/www.dehner.de\/jobs\/app\/uploads\/sites\/7\/2025\/07\/02_Luca_Werksstudent.jpg 1920w\" sizes=\"auto, (max-width: 1024px) 100vw, 1024px\" \/>                <\/div>\n                <div class=\"col-lg-4 df fc jcc body\">\n                            <a href=\"#\" class=\"toggler toggler-down-md toggler-hide\" data-toggle=\"collapse\" data-target=\"#block_19c765b92e7ac9c68949ee2a3ae86c6f\" aria-expanded=\"true\" aria-controls=\"block_19c765b92e7ac9c68949ee2a3ae86c6f\">\n                            <img loading=\"lazy\" decoding=\"async\" width=\"1024\" height=\"576\" src=\"https:\/\/www.dehner.de\/jobs\/app\/uploads\/sites\/7\/2025\/07\/02_Luca_Werksstudent-1024x576.jpg\" class=\"mobile-image img-fluid mb-3 d-md-none\" alt=\"Luca \u00fcbernimmt als Werkstudent bei Dehner Verantwortung f\u00fcr kleine Projekte\" srcset=\"https:\/\/www.dehner.de\/jobs\/app\/uploads\/sites\/7\/2025\/07\/02_Luca_Werksstudent-1024x576.jpg 1024w, https:\/\/www.dehner.de\/jobs\/app\/uploads\/sites\/7\/2025\/07\/02_Luca_Werksstudent-300x169.jpg 300w, https:\/\/www.dehner.de\/jobs\/app\/uploads\/sites\/7\/2025\/07\/02_Luca_Werksstudent-150x84.jpg 150w, https:\/\/www.dehner.de\/jobs\/app\/uploads\/sites\/7\/2025\/07\/02_Luca_Werksstudent-768x432.jpg 768w, https:\/\/www.dehner.de\/jobs\/app\/uploads\/sites\/7\/2025\/07\/02_Luca_Werksstudent-1536x864.jpg 1536w, https:\/\/www.dehner.de\/jobs\/app\/uploads\/sites\/7\/2025\/07\/02_Luca_Werksstudent-1000x563.jpg 1000w, https:\/\/www.dehner.de\/jobs\/app\/uploads\/sites\/7\/2025\/07\/02_Luca_Werksstudent.jpg 1920w\" sizes=\"auto, (max-width: 1024px) 100vw, 1024px\" \/>                        <h3 class=\"font-h4 toggler toggler-down-md\">Unser Bewerbungsprozess und FAQ<\/h3>        <\/a>\n        <div class=\"collapse text show\" id=\"block_19c765b92e7ac9c68949ee2a3ae86c6f\" data-parent=\"main\">\n            <p>Du hast noch R\u00fcckfragen zu Deiner Bewerbung? Oder m\u00f6chtest wissen wie es weiter geht, sobald Du Deine Bewerbung abgeschickt hast?<br \/>\nDann schau Dir <a href=\"https:\/\/www.dehner.de\/jobs\/arbeiten-bei-dehner\/bewerbungsprozess\/#bewerbungsprozess-schueler\">unseren Bewerbungsprozess<\/a> an! In unseren <a href=\"https:\/\/www.dehner.de\/jobs\/arbeiten-bei-dehner\/bewerbungsprozess\/#faq-schueler\">FAQ<\/a> findest Du au\u00dferdem Antworten auf viele Fragen.<\/p>\n            <a href=\"https:\/\/www.dehner.de\/jobs\/arbeiten-bei-dehner\/bewerbungsprozess\/#bewerbungsprozess-schueler\" class=\"btn btn-outline-primary btn-sm-full mt-auto mb-4\" title=\"Bewerbungsprozess &amp; FAQ \">Bewerbungsprozess &amp; FAQ <\/a>        <\/div>                <\/div>\n            \n        <\/div>\n    <\/div>\n<\/section>\n\n\n<section class=\"block-icongrid-advanced mode-normal pb-5\">\n    <div class=\"wrapper\">\n        <div class=\"container xl-center bg-gray\">\n            <div class=\"row\">\n                <div class=\"col-12 pb-5\">\n                    <h2 class=\"title\">Deine Vorteile bei Dehner<\/h2>\n                    <p class=\"bold py-3\">Studierende bzw. angehende Handelsfachwirte genie\u00dfen bei Dehner nicht nur die einzigartige Arbeitsatmosph\u00e4re einer hilfsbereiten Gemeinschaft, sondern auch handfeste Vorteile und Benefits.<\/p>                <\/div>\n\n                                        <div class=\"col-md-4 pb-45 pb-sm-5\">\n                            <div class=\"toggler toggler-down-md toggler-hide\"\n                                data-toggle=\"collapse\"\n                                aria-expanded=\"true\"\n                                data-target=\"#collapse-iconsgrid-advanced-0\"\n                                aria-controls=\"collapse-iconsgrid-advanced-0\">\n\n                                <img loading=\"lazy\" decoding=\"async\" width=\"1\" height=\"1\" src=\"https:\/\/www.dehner.de\/jobs\/app\/uploads\/sites\/7\/2025\/06\/VermoegenswirksameLeistungen-1.svg\" class=\"icon img-fluid\" alt=\"&quot;&quot;\" \/>                                <h4 class=\"font-20 bold toggler toggler-down-md mb-1\">\n                                    Das Finanzielle                                <\/h4>\n                            <\/div>\n                            <div class=\"collapse text show\" id=\"collapse-iconsgrid-advanced-0\" data-parent=\"main\">\n                                <p>Freue dich auf eine attraktive Verg\u00fctung, eine Pensionskasse, mit der du schon fr\u00fch anfangen kannst, zu sparen, sowie zus\u00e4tzliches Weihnachts- und Urlaubsgeld.<\/p>\n                            <\/div>\n                        <\/div>\n                                                <div class=\"col-md-4 pb-45 pb-sm-5\">\n                            <div class=\"toggler toggler-down-md toggler-hide\"\n                                data-toggle=\"collapse\"\n                                aria-expanded=\"true\"\n                                data-target=\"#collapse-iconsgrid-advanced-1\"\n                                aria-controls=\"collapse-iconsgrid-advanced-1\">\n\n                                <img loading=\"lazy\" decoding=\"async\" width=\"1\" height=\"1\" src=\"https:\/\/www.dehner.de\/jobs\/app\/uploads\/sites\/7\/2025\/06\/Rabatte-1.svg\" class=\"icon img-fluid\" alt=\"&quot;&quot;\" \/>                                <h4 class=\"font-20 bold toggler toggler-down-md mb-1\">\n                                    Das Zus\u00e4tzliche                                <\/h4>\n                            <\/div>\n                            <div class=\"collapse text show\" id=\"collapse-iconsgrid-advanced-1\" data-parent=\"main\">\n                                <p>Sichere dir pers\u00f6nliche Mitarbeiterrabatte in allen Dehner Garten-Centern und erhalte exklusive Deals in ausgew\u00e4hlten Partner-Shops.<\/p>\n                            <\/div>\n                        <\/div>\n                                                <div class=\"col-md-4 pb-45 pb-sm-5\">\n                            <div class=\"toggler toggler-down-md toggler-hide\"\n                                data-toggle=\"collapse\"\n                                aria-expanded=\"true\"\n                                data-target=\"#collapse-iconsgrid-advanced-2\"\n                                aria-controls=\"collapse-iconsgrid-advanced-2\">\n\n                                <img loading=\"lazy\" decoding=\"async\" width=\"1\" height=\"1\" src=\"https:\/\/www.dehner.de\/jobs\/app\/uploads\/sites\/7\/2025\/06\/schulische-ausbildung.svg\" class=\"icon img-fluid\" alt=\"&quot;&quot;\" \/>                                <h4 class=\"font-20 bold toggler toggler-down-md mb-1\">\n                                    Das Wesentliche                                <\/h4>\n                            <\/div>\n                            <div class=\"collapse text show\" id=\"collapse-iconsgrid-advanced-2\" data-parent=\"main\">\n                                <p>Nutze unser umfassendes Schulungsangebot mit Pr\u00e4senzseminaren und zeitgem\u00e4\u00dfen E-Learnings.<\/p>\n                            <\/div>\n                        <\/div>\n                                                <div class=\"col-md-4 pb-45 pb-sm-5\">\n                            <div class=\"toggler toggler-down-md toggler-hide\"\n                                data-toggle=\"collapse\"\n                                aria-expanded=\"true\"\n                                data-target=\"#collapse-iconsgrid-advanced-3\"\n                                aria-controls=\"collapse-iconsgrid-advanced-3\">\n\n                                <img loading=\"lazy\" decoding=\"async\" width=\"1\" height=\"1\" src=\"https:\/\/www.dehner.de\/jobs\/app\/uploads\/sites\/7\/2025\/06\/Wachstum-1.svg\" class=\"icon img-fluid\" alt=\"&quot;&quot;\" \/>                                <h4 class=\"font-20 bold toggler toggler-down-md mb-1\">\n                                    Das Aussichtsreiche                                <\/h4>\n                            <\/div>\n                            <div class=\"collapse text show\" id=\"collapse-iconsgrid-advanced-3\" data-parent=\"main\">\n                                <p>\u00dcbernimm nach deinem Studium bzw. nach deinem erfolgreich absolvierten Abiturientenprogramm Verantwortung und gestalte unseren Unternehmenserfolg ma\u00dfgeblich mit.<\/p>\n                            <\/div>\n                        <\/div>\n                                                <div class=\"col-md-4 pb-45 pb-sm-5\">\n                            <div class=\"toggler toggler-down-md toggler-hide\"\n                                data-toggle=\"collapse\"\n                                aria-expanded=\"true\"\n                                data-target=\"#collapse-iconsgrid-advanced-4\"\n                                aria-controls=\"collapse-iconsgrid-advanced-4\">\n\n                                <img loading=\"lazy\" decoding=\"async\" width=\"1\" height=\"1\" src=\"https:\/\/www.dehner.de\/jobs\/app\/uploads\/sites\/7\/2025\/07\/willkommen-bei-dehner-1.svg\" class=\"icon img-fluid\" alt=\"&quot;&quot;\" \/>                                <h4 class=\"font-20 bold toggler toggler-down-md mb-1\">\n                                    Die Gemeinschaft                                <\/h4>\n                            <\/div>\n                            <div class=\"collapse text show\" id=\"collapse-iconsgrid-advanced-4\" data-parent=\"main\">\n                                <p>Bei Dehner halten wir zusammen, vertrauen, helfen und wertsch\u00e4tzen einander.<\/p>\n                            <\/div>\n                        <\/div>\n                                \n            <\/div>\n        <\/div>\n    <\/div>\n<\/section>\n\n","protected":false},"excerpt":{"rendered":"","protected":false},"author":9,"featured_media":34061,"parent":1131,"menu_order":20,"comment_status":"closed","ping_status":"closed","template":"template-xl-center.php","meta":{"_acf_changed":false,"footnotes":""},"class_list":["post-4206","page","type-page","status-publish","has-post-thumbnail","hentry"],"acf":[],"yoast_head":"<!-- This site is optimized with the Yoast SEO plugin v24.5 - https:\/\/yoast.com\/wordpress\/plugins\/seo\/ -->\n<title>Duales Studium bei Dehner | Dehner Jobs<\/title>\n<meta name=\"description\" content=\"Das Abiturientenprogramm bei Dehner \u2713 Karriere mit Perspektive \u2713 Theorie &amp; Praxis verbinden \u2713 Zukunftssichere Ausbildung \u27a4 Jetzt informieren!\" \/>\n<meta name=\"robots\" content=\"index, follow, max-snippet:-1, max-image-preview:large, max-video-preview:-1\" \/>\n<link rel=\"canonical\" href=\"https:\/\/www.dehner.de\/jobs\/ausbildung-und-duales-studium\/das-abiturientenprogramm-bei-dehner\/\" \/>\n<meta property=\"og:locale\" content=\"de_DE\" \/>\n<meta property=\"og:type\" content=\"article\" \/>\n<meta property=\"og:title\" content=\"Duales Studium bei Dehner | Dehner Jobs\" \/>\n<meta property=\"og:description\" content=\"Das Abiturientenprogramm bei Dehner \u2713 Karriere mit Perspektive \u2713 Theorie &amp; Praxis verbinden \u2713 Zukunftssichere Ausbildung \u27a4 Jetzt informieren!\" \/>\n<meta property=\"og:url\" content=\"https:\/\/www.dehner.de\/jobs\/ausbildung-und-duales-studium\/das-abiturientenprogramm-bei-dehner\/\" \/>\n<meta property=\"og:site_name\" content=\"Karriere bei Dehner\" \/>\n<meta property=\"article:modified_time\" content=\"2025-08-29T05:55:30+00:00\" \/>\n<meta property=\"og:image\" content=\"https:\/\/www.dehner.de\/jobs\/app\/uploads\/sites\/7\/2025\/08\/05_Azubi_Gruppe_Alle.jpg\" \/>\n\t<meta property=\"og:image:width\" content=\"1920\" \/>\n\t<meta property=\"og:image:height\" content=\"1080\" \/>\n\t<meta property=\"og:image:type\" content=\"image\/jpeg\" \/>\n<meta name=\"twitter:card\" content=\"summary_large_image\" \/>\n<meta name=\"twitter:label1\" content=\"Est. reading time\" \/>\n\t<meta name=\"twitter:data1\" content=\"6 Minuten\" \/>\n<script type=\"application\/ld+json\" class=\"yoast-schema-graph\">{\"@context\":\"https:\/\/schema.org\",\"@graph\":[{\"@type\":\"WebPage\",\"@id\":\"https:\/\/www.dehner.de\/jobs\/ausbildung-und-duales-studium\/das-abiturientenprogramm-bei-dehner\/\",\"url\":\"https:\/\/www.dehner.de\/jobs\/ausbildung-und-duales-studium\/das-abiturientenprogramm-bei-dehner\/\",\"name\":\"Duales Studium bei Dehner | Dehner Jobs\",\"isPartOf\":{\"@id\":\"https:\/\/www.dehner.de\/jobs\/#website\"},\"primaryImageOfPage\":{\"@id\":\"https:\/\/www.dehner.de\/jobs\/ausbildung-und-duales-studium\/das-abiturientenprogramm-bei-dehner\/#primaryimage\"},\"image\":{\"@id\":\"https:\/\/www.dehner.de\/jobs\/ausbildung-und-duales-studium\/das-abiturientenprogramm-bei-dehner\/#primaryimage\"},\"thumbnailUrl\":\"https:\/\/www.dehner.de\/jobs\/app\/uploads\/sites\/7\/2025\/08\/05_Azubi_Gruppe_Alle.jpg\",\"datePublished\":\"2020-12-14T10:05:34+00:00\",\"dateModified\":\"2025-08-29T05:55:30+00:00\",\"description\":\"Das Abiturientenprogramm bei Dehner \u2713 Karriere mit Perspektive \u2713 Theorie & Praxis verbinden \u2713 Zukunftssichere Ausbildung \u27a4 Jetzt informieren!\",\"breadcrumb\":{\"@id\":\"https:\/\/www.dehner.de\/jobs\/ausbildung-und-duales-studium\/das-abiturientenprogramm-bei-dehner\/#breadcrumb\"},\"inLanguage\":\"de-DE\",\"potentialAction\":[{\"@type\":\"ReadAction\",\"target\":[\"https:\/\/www.dehner.de\/jobs\/ausbildung-und-duales-studium\/das-abiturientenprogramm-bei-dehner\/\"]}]},{\"@type\":\"ImageObject\",\"inLanguage\":\"de-DE\",\"@id\":\"https:\/\/www.dehner.de\/jobs\/ausbildung-und-duales-studium\/das-abiturientenprogramm-bei-dehner\/#primaryimage\",\"url\":\"https:\/\/www.dehner.de\/jobs\/app\/uploads\/sites\/7\/2025\/08\/05_Azubi_Gruppe_Alle.jpg\",\"contentUrl\":\"https:\/\/www.dehner.de\/jobs\/app\/uploads\/sites\/7\/2025\/08\/05_Azubi_Gruppe_Alle.jpg\",\"width\":1920,\"height\":1080},{\"@type\":\"BreadcrumbList\",\"@id\":\"https:\/\/www.dehner.de\/jobs\/ausbildung-und-duales-studium\/das-abiturientenprogramm-bei-dehner\/#breadcrumb\",\"itemListElement\":[{\"@type\":\"ListItem\",\"position\":1,\"name\":\"Home\",\"item\":\"https:\/\/www.dehner.de\/jobs\/\"},{\"@type\":\"ListItem\",\"position\":2,\"name\":\"Ausbildung und Studium\",\"item\":\"https:\/\/www.dehner.de\/jobs\/ausbildung-und-duales-studium\/\"},{\"@type\":\"ListItem\",\"position\":3,\"name\":\"Abiturientenprogramme bei Dehner\"}]},{\"@type\":\"WebSite\",\"@id\":\"https:\/\/www.dehner.de\/jobs\/#website\",\"url\":\"https:\/\/www.dehner.de\/jobs\/\",\"name\":\"Karriere bei Dehner\",\"description\":\"Die Storys unserer Personalbotschafter\",\"publisher\":{\"@id\":\"https:\/\/www.dehner.de\/jobs\/#organization\"},\"potentialAction\":[{\"@type\":\"SearchAction\",\"target\":{\"@type\":\"EntryPoint\",\"urlTemplate\":\"https:\/\/www.dehner.de\/jobs\/?s={search_term_string}\"},\"query-input\":{\"@type\":\"PropertyValueSpecification\",\"valueRequired\":true,\"valueName\":\"search_term_string\"}}],\"inLanguage\":\"de-DE\"},{\"@type\":\"Organization\",\"@id\":\"https:\/\/www.dehner.de\/jobs\/#organization\",\"name\":\"Karriere bei Dehner\",\"url\":\"https:\/\/www.dehner.de\/jobs\/\",\"logo\":{\"@type\":\"ImageObject\",\"inLanguage\":\"de-DE\",\"@id\":\"https:\/\/www.dehner.de\/jobs\/#\/schema\/logo\/image\/\",\"url\":\"https:\/\/www.dehner.de\/jobs\/app\/uploads\/sites\/7\/2025\/12\/dehner-garten-center-koenigsbrunn-revitalisierung-neubau-umbau.png\",\"contentUrl\":\"https:\/\/www.dehner.de\/jobs\/app\/uploads\/sites\/7\/2025\/12\/dehner-garten-center-koenigsbrunn-revitalisierung-neubau-umbau.png\",\"width\":800,\"height\":1315,\"caption\":\"Karriere bei Dehner\"},\"image\":{\"@id\":\"https:\/\/www.dehner.de\/jobs\/#\/schema\/logo\/image\/\"}}]}<\/script>\n<!-- \/ Yoast SEO plugin. -->","yoast_head_json":{"title":"Duales Studium bei Dehner | Dehner Jobs","description":"Das Abiturientenprogramm bei Dehner \u2713 Karriere mit Perspektive \u2713 Theorie & Praxis verbinden \u2713 Zukunftssichere Ausbildung \u27a4 Jetzt informieren!","robots":{"index":"index","follow":"follow","max-snippet":"max-snippet:-1","max-image-preview":"max-image-preview:large","max-video-preview":"max-video-preview:-1"},"canonical":"https:\/\/www.dehner.de\/jobs\/ausbildung-und-duales-studium\/das-abiturientenprogramm-bei-dehner\/","og_locale":"de_DE","og_type":"article","og_title":"Duales Studium bei Dehner | Dehner Jobs","og_description":"Das Abiturientenprogramm bei Dehner \u2713 Karriere mit Perspektive \u2713 Theorie & Praxis verbinden \u2713 Zukunftssichere Ausbildung \u27a4 Jetzt informieren!","og_url":"https:\/\/www.dehner.de\/jobs\/ausbildung-und-duales-studium\/das-abiturientenprogramm-bei-dehner\/","og_site_name":"Karriere bei Dehner","article_modified_time":"2025-08-29T05:55:30+00:00","og_image":[{"width":1920,"height":1080,"url":"https:\/\/www.dehner.de\/jobs\/app\/uploads\/sites\/7\/2025\/08\/05_Azubi_Gruppe_Alle.jpg","type":"image\/jpeg"}],"twitter_card":"summary_large_image","twitter_misc":{"Est. reading time":"6 Minuten"},"schema":{"@context":"https:\/\/schema.org","@graph":[{"@type":"WebPage","@id":"https:\/\/www.dehner.de\/jobs\/ausbildung-und-duales-studium\/das-abiturientenprogramm-bei-dehner\/","url":"https:\/\/www.dehner.de\/jobs\/ausbildung-und-duales-studium\/das-abiturientenprogramm-bei-dehner\/","name":"Duales Studium bei Dehner | Dehner Jobs","isPartOf":{"@id":"https:\/\/www.dehner.de\/jobs\/#website"},"primaryImageOfPage":{"@id":"https:\/\/www.dehner.de\/jobs\/ausbildung-und-duales-studium\/das-abiturientenprogramm-bei-dehner\/#primaryimage"},"image":{"@id":"https:\/\/www.dehner.de\/jobs\/ausbildung-und-duales-studium\/das-abiturientenprogramm-bei-dehner\/#primaryimage"},"thumbnailUrl":"https:\/\/www.dehner.de\/jobs\/app\/uploads\/sites\/7\/2025\/08\/05_Azubi_Gruppe_Alle.jpg","datePublished":"2020-12-14T10:05:34+00:00","dateModified":"2025-08-29T05:55:30+00:00","description":"Das Abiturientenprogramm bei Dehner \u2713 Karriere mit Perspektive \u2713 Theorie & Praxis verbinden \u2713 Zukunftssichere Ausbildung \u27a4 Jetzt informieren!","breadcrumb":{"@id":"https:\/\/www.dehner.de\/jobs\/ausbildung-und-duales-studium\/das-abiturientenprogramm-bei-dehner\/#breadcrumb"},"inLanguage":"de-DE","potentialAction":[{"@type":"ReadAction","target":["https:\/\/www.dehner.de\/jobs\/ausbildung-und-duales-studium\/das-abiturientenprogramm-bei-dehner\/"]}]},{"@type":"ImageObject","inLanguage":"de-DE","@id":"https:\/\/www.dehner.de\/jobs\/ausbildung-und-duales-studium\/das-abiturientenprogramm-bei-dehner\/#primaryimage","url":"https:\/\/www.dehner.de\/jobs\/app\/uploads\/sites\/7\/2025\/08\/05_Azubi_Gruppe_Alle.jpg","contentUrl":"https:\/\/www.dehner.de\/jobs\/app\/uploads\/sites\/7\/2025\/08\/05_Azubi_Gruppe_Alle.jpg","width":1920,"height":1080},{"@type":"BreadcrumbList","@id":"https:\/\/www.dehner.de\/jobs\/ausbildung-und-duales-studium\/das-abiturientenprogramm-bei-dehner\/#breadcrumb","itemListElement":[{"@type":"ListItem","position":1,"name":"Home","item":"https:\/\/www.dehner.de\/jobs\/"},{"@type":"ListItem","position":2,"name":"Ausbildung und Studium","item":"https:\/\/www.dehner.de\/jobs\/ausbildung-und-duales-studium\/"},{"@type":"ListItem","position":3,"name":"Abiturientenprogramme bei Dehner"}]},{"@type":"WebSite","@id":"https:\/\/www.dehner.de\/jobs\/#website","url":"https:\/\/www.dehner.de\/jobs\/","name":"Karriere bei Dehner","description":"Die Storys unserer Personalbotschafter","publisher":{"@id":"https:\/\/www.dehner.de\/jobs\/#organization"},"potentialAction":[{"@type":"SearchAction","target":{"@type":"EntryPoint","urlTemplate":"https:\/\/www.dehner.de\/jobs\/?s={search_term_string}"},"query-input":{"@type":"PropertyValueSpecification","valueRequired":true,"valueName":"search_term_string"}}],"inLanguage":"de-DE"},{"@type":"Organization","@id":"https:\/\/www.dehner.de\/jobs\/#organization","name":"Karriere bei Dehner","url":"https:\/\/www.dehner.de\/jobs\/","logo":{"@type":"ImageObject","inLanguage":"de-DE","@id":"https:\/\/www.dehner.de\/jobs\/#\/schema\/logo\/image\/","url":"https:\/\/www.dehner.de\/jobs\/app\/uploads\/sites\/7\/2025\/12\/dehner-garten-center-koenigsbrunn-revitalisierung-neubau-umbau.png","contentUrl":"https:\/\/www.dehner.de\/jobs\/app\/uploads\/sites\/7\/2025\/12\/dehner-garten-center-koenigsbrunn-revitalisierung-neubau-umbau.png","width":800,"height":1315,"caption":"Karriere bei Dehner"},"image":{"@id":"https:\/\/www.dehner.de\/jobs\/#\/schema\/logo\/image\/"}}]}},"_links":{"self":[{"href":"https:\/\/www.dehner.de\/jobs\/wp-json\/wp\/v2\/pages\/4206","targetHints":{"allow":["GET"]}}],"collection":[{"href":"https:\/\/www.dehner.de\/jobs\/wp-json\/wp\/v2\/pages"}],"about":[{"href":"https:\/\/www.dehner.de\/jobs\/wp-json\/wp\/v2\/types\/page"}],"author":[{"embeddable":true,"href":"https:\/\/www.dehner.de\/jobs\/wp-json\/wp\/v2\/users\/9"}],"replies":[{"embeddable":true,"href":"https:\/\/www.dehner.de\/jobs\/wp-json\/wp\/v2\/comments?post=4206"}],"version-history":[{"count":40,"href":"https:\/\/www.dehner.de\/jobs\/wp-json\/wp\/v2\/pages\/4206\/revisions"}],"predecessor-version":[{"id":34077,"href":"https:\/\/www.dehner.de\/jobs\/wp-json\/wp\/v2\/pages\/4206\/revisions\/34077"}],"up":[{"embeddable":true,"href":"https:\/\/www.dehner.de\/jobs\/wp-json\/wp\/v2\/pages\/1131"}],"wp:featuredmedia":[{"embeddable":true,"href":"https:\/\/www.dehner.de\/jobs\/wp-json\/wp\/v2\/media\/34061"}],"wp:attachment":[{"href":"https:\/\/www.dehner.de\/jobs\/wp-json\/wp\/v2\/media?parent=4206"}],"curies":[{"name":"wp","href":"https:\/\/api.w.org\/{rel}","templated":true}]}}