{"id":1137,"date":"2020-03-26T15:44:07","date_gmt":"2020-03-26T14:44:07","guid":{"rendered":"https:\/\/www.dehner.de\/jobs\/?page_id=1137"},"modified":"2025-08-28T15:20:48","modified_gmt":"2025-08-28T13:20:48","slug":"praktikum","status":"publish","type":"page","link":"https:\/\/www.dehner.de\/jobs\/ausbildung-und-duales-studium\/praktikum\/","title":{"rendered":"Praktikum"},"content":{"rendered":"    <section class=\"block-headline-text container standard pb-5\">\n        <div class=\"row\">\n            <h1 class=\"col-12 title\">Dein Sch\u00fclerpraktikum bei Dehner<\/h1>            <div class=\"col-12 text\"><p><strong>Schnupper mal rein.<\/strong><\/p>\n<p>Du bist auf der Suche nach einem Sch\u00fclerpraktikum, um erste Einblicke in die Berufswelt zu bekommen? Bei Dehner hast Du die M\u00f6glichkeit, verschiedene Berufsbilder kennenzulernen und Dich beruflich zu orientieren. Egal ob in einem unserer Dehner Garten-Center, in der Logistik oder im kaufm\u00e4nnischen Bereich in unserem Dienstleistungszentrum in Rain am Lech \u2013 wir bieten Dir spannende Einblicke in unsere Arbeitswelt und unterst\u00fctzen Dich dabei herauszufinden, welcher Beruf am besten zu Dir passt. Und das Beste: Wenn alles gut l\u00e4uft, steigst Du gleich nach Deinem erfolgreichen Schulabschluss bei uns ein und setzt Deine Karriere beim Marktf\u00fchrer f\u00fcr Garten-Center fort.<\/p>\n<\/div>        <\/div>\n    <\/section>\n\n\n<section class=\"block-img-txt img-50-text-50 pb-4\">\n    <div class=\"container\">\n        <div class=\"row\">\n                            <div class=\"col-md-6 pb-4 d-none d-md-block image\">\n                    <img loading=\"lazy\" decoding=\"async\" width=\"1024\" height=\"576\" src=\"https:\/\/www.dehner.de\/jobs\/app\/uploads\/sites\/7\/2025\/06\/20250603_PR_MO_5088_azubis_aw_studio_herzig_ben-1024x576.jpg\" class=\"img-cover\" alt=\"Ben absolviert die Ausbildung zum Kaufmann im Einzelhandel und lernt alles \u00fcber Pflanzen\" srcset=\"https:\/\/www.dehner.de\/jobs\/app\/uploads\/sites\/7\/2025\/06\/20250603_PR_MO_5088_azubis_aw_studio_herzig_ben-1024x576.jpg 1024w, https:\/\/www.dehner.de\/jobs\/app\/uploads\/sites\/7\/2025\/06\/20250603_PR_MO_5088_azubis_aw_studio_herzig_ben-300x169.jpg 300w, https:\/\/www.dehner.de\/jobs\/app\/uploads\/sites\/7\/2025\/06\/20250603_PR_MO_5088_azubis_aw_studio_herzig_ben-150x84.jpg 150w, https:\/\/www.dehner.de\/jobs\/app\/uploads\/sites\/7\/2025\/06\/20250603_PR_MO_5088_azubis_aw_studio_herzig_ben-768x432.jpg 768w, https:\/\/www.dehner.de\/jobs\/app\/uploads\/sites\/7\/2025\/06\/20250603_PR_MO_5088_azubis_aw_studio_herzig_ben-1536x864.jpg 1536w, https:\/\/www.dehner.de\/jobs\/app\/uploads\/sites\/7\/2025\/06\/20250603_PR_MO_5088_azubis_aw_studio_herzig_ben-1000x563.jpg 1000w, https:\/\/www.dehner.de\/jobs\/app\/uploads\/sites\/7\/2025\/06\/20250603_PR_MO_5088_azubis_aw_studio_herzig_ben.jpg 1920w\" sizes=\"auto, (max-width: 1024px) 100vw, 1024px\" \/>                <\/div>\n                <div class=\"col-md-6 df fc jcc body\">\n                                        <img loading=\"lazy\" decoding=\"async\" width=\"1024\" height=\"576\" src=\"https:\/\/www.dehner.de\/jobs\/app\/uploads\/sites\/7\/2025\/06\/20250603_PR_MO_5088_azubis_aw_studio_herzig_ben-1024x576.jpg\" class=\"mobile-image img-fluid mb-3 d-md-none\" alt=\"Ben absolviert die Ausbildung zum Kaufmann im Einzelhandel und lernt alles \u00fcber Pflanzen\" srcset=\"https:\/\/www.dehner.de\/jobs\/app\/uploads\/sites\/7\/2025\/06\/20250603_PR_MO_5088_azubis_aw_studio_herzig_ben-1024x576.jpg 1024w, https:\/\/www.dehner.de\/jobs\/app\/uploads\/sites\/7\/2025\/06\/20250603_PR_MO_5088_azubis_aw_studio_herzig_ben-300x169.jpg 300w, https:\/\/www.dehner.de\/jobs\/app\/uploads\/sites\/7\/2025\/06\/20250603_PR_MO_5088_azubis_aw_studio_herzig_ben-150x84.jpg 150w, https:\/\/www.dehner.de\/jobs\/app\/uploads\/sites\/7\/2025\/06\/20250603_PR_MO_5088_azubis_aw_studio_herzig_ben-768x432.jpg 768w, https:\/\/www.dehner.de\/jobs\/app\/uploads\/sites\/7\/2025\/06\/20250603_PR_MO_5088_azubis_aw_studio_herzig_ben-1536x864.jpg 1536w, https:\/\/www.dehner.de\/jobs\/app\/uploads\/sites\/7\/2025\/06\/20250603_PR_MO_5088_azubis_aw_studio_herzig_ben-1000x563.jpg 1000w, https:\/\/www.dehner.de\/jobs\/app\/uploads\/sites\/7\/2025\/06\/20250603_PR_MO_5088_azubis_aw_studio_herzig_ben.jpg 1920w\" sizes=\"auto, (max-width: 1024px) 100vw, 1024px\" \/>                <div class=\"text\">\n            <p><strong>Das solltest du wissen<\/strong><\/p>\n<p>Du kannst bei uns ein freiwilliges Praktikum zur Berufsorientierung in den Ferien oder ein von der Schule vorgeschriebenes Pflichtpraktikum w\u00e4hrend der Schulzeit absolvieren. Bitte beachte, dass f\u00fcr ein freiwilliges Praktikum ein Mindestalter von 15 Jahren gesetzlich gilt.<\/p>\n        <\/div>\n                                <\/div>\n            \n        <\/div>\n    <\/div>\n<\/section>\n\n\n    <section class=\"block-headline-text container standard pb-5\">\n        <div class=\"row\">\n                        <div class=\"col-12 text\"><p><strong>Deine Bewerbung f\u00fcr ein Sch\u00fclerpraktikum<\/strong><\/p>\n<p>Bitte sende uns Deine Bewerbungsunterlagen (kurzes Anschreiben, Lebenslauf, letztes Schulzeugnis) per Mail an <a href=\"mailto:praktikum@dehner.de\">praktikum@dehner.de<\/a>. Denke daran, den Ausbildungsberuf oder Dualen Studiengang zu nennen, in den Du gerne schnuppern m\u00f6chtest. Interessierst Du Dich f\u00fcr ein Sch\u00fclerpraktikum im Markt, teile uns bitte in Deiner Bewerbung auch mit, an welchem Standort Du Dein Praktikum absolvieren m\u00f6chtest. Vergiss nicht uns Deinen gew\u00fcnschten Praktikumszeitraum zu nennen.<\/p>\n<p>&nbsp;<\/p>\n<p>Hast Du Fragen zum Sch\u00fclerpraktikum? Wende Dich gerne an das Team Young Talents (<a href=\"mailto:praktikum@dehner.de\">praktikum@dehner.de<\/a>, +49 9090 77 7780).<\/p>\n<\/div>        <\/div>\n    <\/section>\n\n\n<section class=\"block-posts block-posts-story  py-5\">\n    <div class=\"container\">\n        <!-- Desktop -->\n        <div class=\"row d-none d-md-block pb-4\">\n            <div class=\"col-xl-10 offset-xl-1\">\n                <h2 class=\"pb-45 px-2\">Storys zur Ausbildung bei Dehner<\/h2>\n                <div class=\"row story-post-items\">\n                <div id=\"ajax-load-more\" class=\"ajax-load-more-wrap default\" data-id=\"blockpostsstories\" data-alm-id=\"\" data-canonical-url=\"https:\/\/www.dehner.de\/jobs\/ausbildung-und-duales-studium\/praktikum\/\" data-slug=\"praktikum\" data-post-id=\"1137\"  data-localized=\"ajax_load_more_blockpostsstories_vars\" data-alm-object=\"ajax_load_more_blockpostsstories\"><div aria-live=\"polite\" aria-atomic=\"true\" class=\"alm-listing alm-ajax row\" data-preloaded=\"true\" data-preloaded-amount=\"2\" data-container-type=\"div\" data-loading-style=\"default\" data-theme-repeater=\"content-post.php\" data-post-type=\"post\" data-post-not-in=\"1137\" data-order=\"DESC\" data-orderby=\"date\" data-offset=\"0\" data-posts-per-page=\"4\" data-lang=\"de\" data-scroll=\"false\" data-pause=\"true\" data-button-label=\"weitere Storys\" data-prev-button-label=\"Load Previous\"><div class=\"col post-item mb-4\">\n    <div class=\"bg-secondary h-100\">\n        <a href=\"https:\/\/www.dehner.de\/jobs\/karriere-storys\/arbeitswelt\/zwischen-zwei-standorten-ein-tag-als-teamleitung-in-der-logistik\/\" title=\"Zwischen zwei Standorten: Ein Tag als Teamleitung\u00a0in der Logistik\u00a0\">\n            <div class=\"image mb-3\">\n                <img loading=\"lazy\" decoding=\"async\" width=\"1024\" height=\"267\" src=\"https:\/\/www.dehner.de\/jobs\/app\/uploads\/sites\/7\/2026\/04\/Eine-Mitarbeiterin-und-zwei-Kollegen-in-gruener-Arbeitskleidung-laufen-vor-einem-Dehner-LKW-1024x267.png\" class=\"img-cover no-lazy\" alt=\"Eine Mitarbeiterin und zwei Kollegen in gr\u00fcner Arbeitskleidung laufen vor einem Dehner LKW\" srcset=\"https:\/\/www.dehner.de\/jobs\/app\/uploads\/sites\/7\/2026\/04\/Eine-Mitarbeiterin-und-zwei-Kollegen-in-gruener-Arbeitskleidung-laufen-vor-einem-Dehner-LKW-1024x267.png 1024w, https:\/\/www.dehner.de\/jobs\/app\/uploads\/sites\/7\/2026\/04\/Eine-Mitarbeiterin-und-zwei-Kollegen-in-gruener-Arbeitskleidung-laufen-vor-einem-Dehner-LKW-300x78.png 300w, https:\/\/www.dehner.de\/jobs\/app\/uploads\/sites\/7\/2026\/04\/Eine-Mitarbeiterin-und-zwei-Kollegen-in-gruener-Arbeitskleidung-laufen-vor-einem-Dehner-LKW-150x39.png 150w, https:\/\/www.dehner.de\/jobs\/app\/uploads\/sites\/7\/2026\/04\/Eine-Mitarbeiterin-und-zwei-Kollegen-in-gruener-Arbeitskleidung-laufen-vor-einem-Dehner-LKW-768x200.png 768w, https:\/\/www.dehner.de\/jobs\/app\/uploads\/sites\/7\/2026\/04\/Eine-Mitarbeiterin-und-zwei-Kollegen-in-gruener-Arbeitskleidung-laufen-vor-einem-Dehner-LKW-1536x400.png 1536w, https:\/\/www.dehner.de\/jobs\/app\/uploads\/sites\/7\/2026\/04\/Eine-Mitarbeiterin-und-zwei-Kollegen-in-gruener-Arbeitskleidung-laufen-vor-einem-Dehner-LKW-1000x260.png 1000w, https:\/\/www.dehner.de\/jobs\/app\/uploads\/sites\/7\/2026\/04\/Eine-Mitarbeiterin-und-zwei-Kollegen-in-gruener-Arbeitskleidung-laufen-vor-einem-Dehner-LKW.png 1920w\" sizes=\"auto, (max-width: 1024px) 100vw, 1024px\" \/>            <\/div>\n        <\/a>\n        <div class=\"info df px-3 pb-3\">\n                        <a href=\"https:\/\/www.dehner.de\/jobs\/personalbotschafter\/michael\/\" title=\"Michaels Story\">\n                <div class=\"avatar\">\n                    <img loading=\"lazy\" decoding=\"async\" width=\"96\" height=\"96\" src=\"https:\/\/www.dehner.de\/jobs\/app\/uploads\/sites\/7\/2025\/06\/Michael_600x600-96x96.jpg\" class=\"img-cover no-lazy\" alt=\"Michael \u00fcbernimmt als Teamleitung Verantwortung in der Dehner Logistik\" srcset=\"https:\/\/www.dehner.de\/jobs\/app\/uploads\/sites\/7\/2025\/06\/Michael_600x600-96x96.jpg 96w, https:\/\/www.dehner.de\/jobs\/app\/uploads\/sites\/7\/2025\/06\/Michael_600x600-300x300.jpg 300w, https:\/\/www.dehner.de\/jobs\/app\/uploads\/sites\/7\/2025\/06\/Michael_600x600-150x150.jpg 150w, https:\/\/www.dehner.de\/jobs\/app\/uploads\/sites\/7\/2025\/06\/Michael_600x600-75x75.jpg 75w, https:\/\/www.dehner.de\/jobs\/app\/uploads\/sites\/7\/2025\/06\/Michael_600x600.jpg 600w\" sizes=\"auto, (max-width: 96px) 100vw, 96px\" \/>                <\/div>\n            <\/a>\n                        <div class=\"pl-3\">\n                <p class=\"h5 pb-0 pb-md-2\">\n                    #Arbeitswelt<br>\n                    30. April 2026                <\/p>\n\n                <a href=\"https:\/\/www.dehner.de\/jobs\/karriere-storys\/arbeitswelt\/zwischen-zwei-standorten-ein-tag-als-teamleitung-in-der-logistik\/\" title=\"Zwischen zwei Standorten: Ein Tag als Teamleitung\u00a0in der Logistik\u00a0\">\n                    <h3 class=\"title\">Zwischen zwei Standorten: Ein Tag als Teamleitung\u00a0in der Logistik\u00a0<\/h3>\n                <\/a>\n                            <\/div>\n                    <\/div>\n    <\/div>\n<\/div>\n<div class=\"col post-item mb-4\">\n    <div class=\"bg-secondary h-100\">\n        <a href=\"https:\/\/www.dehner.de\/jobs\/karriere-storys\/ausbildung\/ein-tag-in-meiner-ausbildung\/\" title=\"Ein Tag in meiner Ausbildung\">\n            <div class=\"image mb-3\">\n                <img loading=\"lazy\" decoding=\"async\" width=\"1024\" height=\"267\" src=\"https:\/\/www.dehner.de\/jobs\/app\/uploads\/sites\/7\/2026\/04\/Mind-Map-zum-Thema-Marketing-1024x267.png\" class=\"img-cover no-lazy\" alt=\"Mind-Map zum Thema Marketing\" srcset=\"https:\/\/www.dehner.de\/jobs\/app\/uploads\/sites\/7\/2026\/04\/Mind-Map-zum-Thema-Marketing-1024x267.png 1024w, https:\/\/www.dehner.de\/jobs\/app\/uploads\/sites\/7\/2026\/04\/Mind-Map-zum-Thema-Marketing-300x78.png 300w, https:\/\/www.dehner.de\/jobs\/app\/uploads\/sites\/7\/2026\/04\/Mind-Map-zum-Thema-Marketing-150x39.png 150w, https:\/\/www.dehner.de\/jobs\/app\/uploads\/sites\/7\/2026\/04\/Mind-Map-zum-Thema-Marketing-768x200.png 768w, https:\/\/www.dehner.de\/jobs\/app\/uploads\/sites\/7\/2026\/04\/Mind-Map-zum-Thema-Marketing-1536x400.png 1536w, https:\/\/www.dehner.de\/jobs\/app\/uploads\/sites\/7\/2026\/04\/Mind-Map-zum-Thema-Marketing-1000x260.png 1000w, https:\/\/www.dehner.de\/jobs\/app\/uploads\/sites\/7\/2026\/04\/Mind-Map-zum-Thema-Marketing.png 1920w\" sizes=\"auto, (max-width: 1024px) 100vw, 1024px\" \/>            <\/div>\n        <\/a>\n        <div class=\"info df px-3 pb-3\">\n                        <a href=\"https:\/\/www.dehner.de\/jobs\/personalbotschafter\/alexander\/\" title=\"Alexanders Story\">\n                <div class=\"avatar\">\n                    <img loading=\"lazy\" decoding=\"async\" width=\"96\" height=\"96\" src=\"https:\/\/www.dehner.de\/jobs\/app\/uploads\/sites\/7\/2025\/06\/Alex_Azubi_600x600-96x96.jpg\" class=\"img-cover no-lazy\" alt=\"Alexander durchl\u00e4uft in seiner Ausbildung zum Kaufmann f\u00fcr B\u00fcromanagement verschiedene Bereiche im Dienstleistungszentrum\" srcset=\"https:\/\/www.dehner.de\/jobs\/app\/uploads\/sites\/7\/2025\/06\/Alex_Azubi_600x600-96x96.jpg 96w, https:\/\/www.dehner.de\/jobs\/app\/uploads\/sites\/7\/2025\/06\/Alex_Azubi_600x600-300x300.jpg 300w, https:\/\/www.dehner.de\/jobs\/app\/uploads\/sites\/7\/2025\/06\/Alex_Azubi_600x600-150x150.jpg 150w, https:\/\/www.dehner.de\/jobs\/app\/uploads\/sites\/7\/2025\/06\/Alex_Azubi_600x600-75x75.jpg 75w, https:\/\/www.dehner.de\/jobs\/app\/uploads\/sites\/7\/2025\/06\/Alex_Azubi_600x600.jpg 600w\" sizes=\"auto, (max-width: 96px) 100vw, 96px\" \/>                <\/div>\n            <\/a>\n                        <div class=\"pl-3\">\n                <p class=\"h5 pb-0 pb-md-2\">\n                    #Ausbildung<br>\n                    23. April 2026                <\/p>\n\n                <a href=\"https:\/\/www.dehner.de\/jobs\/karriere-storys\/ausbildung\/ein-tag-in-meiner-ausbildung\/\" title=\"Ein Tag in meiner Ausbildung\">\n                    <h3 class=\"title\">Ein Tag in meiner Ausbildung<\/h3>\n                <\/a>\n                            <\/div>\n                    <\/div>\n    <\/div>\n<\/div>\n<\/div><div class=\"alm-btn-wrap\" data-rel=\"ajax-load-more\"><button class=\"alm-load-more-btn \" type=\"button\">weitere Storys<\/button><\/div><\/div>                <\/div>\n            <\/div>\n        <\/div>\n\n        <!-- Slider mobile -->\n        <h3 class=\"pb-4 d-md-none px-2\">Storys zur Ausbildung bei Dehner<\/h3>\n        <div class=\"row post-items slider d-block d-md-none pb-4\">\n            <div><div class=\"col post-item mb-4\">\n    <div class=\"bg-secondary h-100\">\n        <a href=\"https:\/\/www.dehner.de\/jobs\/karriere-storys\/arbeitswelt\/zwischen-zwei-standorten-ein-tag-als-teamleitung-in-der-logistik\/\" title=\"Zwischen zwei Standorten: Ein Tag als Teamleitung\u00a0in der Logistik\u00a0\">\n            <div class=\"image mb-3\">\n                <img loading=\"lazy\" decoding=\"async\" width=\"1024\" height=\"267\" src=\"https:\/\/www.dehner.de\/jobs\/app\/uploads\/sites\/7\/2026\/04\/Eine-Mitarbeiterin-und-zwei-Kollegen-in-gruener-Arbeitskleidung-laufen-vor-einem-Dehner-LKW-1024x267.png\" class=\"img-cover no-lazy\" alt=\"Eine Mitarbeiterin und zwei Kollegen in gr\u00fcner Arbeitskleidung laufen vor einem Dehner LKW\" srcset=\"https:\/\/www.dehner.de\/jobs\/app\/uploads\/sites\/7\/2026\/04\/Eine-Mitarbeiterin-und-zwei-Kollegen-in-gruener-Arbeitskleidung-laufen-vor-einem-Dehner-LKW-1024x267.png 1024w, https:\/\/www.dehner.de\/jobs\/app\/uploads\/sites\/7\/2026\/04\/Eine-Mitarbeiterin-und-zwei-Kollegen-in-gruener-Arbeitskleidung-laufen-vor-einem-Dehner-LKW-300x78.png 300w, https:\/\/www.dehner.de\/jobs\/app\/uploads\/sites\/7\/2026\/04\/Eine-Mitarbeiterin-und-zwei-Kollegen-in-gruener-Arbeitskleidung-laufen-vor-einem-Dehner-LKW-150x39.png 150w, https:\/\/www.dehner.de\/jobs\/app\/uploads\/sites\/7\/2026\/04\/Eine-Mitarbeiterin-und-zwei-Kollegen-in-gruener-Arbeitskleidung-laufen-vor-einem-Dehner-LKW-768x200.png 768w, https:\/\/www.dehner.de\/jobs\/app\/uploads\/sites\/7\/2026\/04\/Eine-Mitarbeiterin-und-zwei-Kollegen-in-gruener-Arbeitskleidung-laufen-vor-einem-Dehner-LKW-1536x400.png 1536w, https:\/\/www.dehner.de\/jobs\/app\/uploads\/sites\/7\/2026\/04\/Eine-Mitarbeiterin-und-zwei-Kollegen-in-gruener-Arbeitskleidung-laufen-vor-einem-Dehner-LKW-1000x260.png 1000w, https:\/\/www.dehner.de\/jobs\/app\/uploads\/sites\/7\/2026\/04\/Eine-Mitarbeiterin-und-zwei-Kollegen-in-gruener-Arbeitskleidung-laufen-vor-einem-Dehner-LKW.png 1920w\" sizes=\"auto, (max-width: 1024px) 100vw, 1024px\" \/>            <\/div>\n        <\/a>\n        <div class=\"info df px-3 pb-3\">\n                        <a href=\"https:\/\/www.dehner.de\/jobs\/personalbotschafter\/michael\/\" title=\"Michaels Story\">\n                <div class=\"avatar\">\n                    <img loading=\"lazy\" decoding=\"async\" width=\"96\" height=\"96\" src=\"https:\/\/www.dehner.de\/jobs\/app\/uploads\/sites\/7\/2025\/06\/Michael_600x600-96x96.jpg\" class=\"img-cover no-lazy\" alt=\"Michael \u00fcbernimmt als Teamleitung Verantwortung in der Dehner Logistik\" srcset=\"https:\/\/www.dehner.de\/jobs\/app\/uploads\/sites\/7\/2025\/06\/Michael_600x600-96x96.jpg 96w, https:\/\/www.dehner.de\/jobs\/app\/uploads\/sites\/7\/2025\/06\/Michael_600x600-300x300.jpg 300w, https:\/\/www.dehner.de\/jobs\/app\/uploads\/sites\/7\/2025\/06\/Michael_600x600-150x150.jpg 150w, https:\/\/www.dehner.de\/jobs\/app\/uploads\/sites\/7\/2025\/06\/Michael_600x600-75x75.jpg 75w, https:\/\/www.dehner.de\/jobs\/app\/uploads\/sites\/7\/2025\/06\/Michael_600x600.jpg 600w\" sizes=\"auto, (max-width: 96px) 100vw, 96px\" \/>                <\/div>\n            <\/a>\n                        <div class=\"pl-3\">\n                <p class=\"h5 pb-0 pb-md-2\">\n                    #Arbeitswelt<br>\n                    30. April 2026                <\/p>\n\n                <a href=\"https:\/\/www.dehner.de\/jobs\/karriere-storys\/arbeitswelt\/zwischen-zwei-standorten-ein-tag-als-teamleitung-in-der-logistik\/\" title=\"Zwischen zwei Standorten: Ein Tag als Teamleitung\u00a0in der Logistik\u00a0\">\n                    <h3 class=\"title\">Zwischen zwei Standorten: Ein Tag als Teamleitung\u00a0in der Logistik\u00a0<\/h3>\n                <\/a>\n                            <\/div>\n                    <\/div>\n    <\/div>\n<\/div>\n<\/div><div><div class=\"col post-item mb-4\">\n    <div class=\"bg-secondary h-100\">\n        <a href=\"https:\/\/www.dehner.de\/jobs\/karriere-storys\/ausbildung\/ein-tag-in-meiner-ausbildung\/\" title=\"Ein Tag in meiner Ausbildung\">\n            <div class=\"image mb-3\">\n                <img loading=\"lazy\" decoding=\"async\" width=\"1024\" height=\"267\" src=\"https:\/\/www.dehner.de\/jobs\/app\/uploads\/sites\/7\/2026\/04\/Mind-Map-zum-Thema-Marketing-1024x267.png\" class=\"img-cover no-lazy\" alt=\"Mind-Map zum Thema Marketing\" srcset=\"https:\/\/www.dehner.de\/jobs\/app\/uploads\/sites\/7\/2026\/04\/Mind-Map-zum-Thema-Marketing-1024x267.png 1024w, https:\/\/www.dehner.de\/jobs\/app\/uploads\/sites\/7\/2026\/04\/Mind-Map-zum-Thema-Marketing-300x78.png 300w, https:\/\/www.dehner.de\/jobs\/app\/uploads\/sites\/7\/2026\/04\/Mind-Map-zum-Thema-Marketing-150x39.png 150w, https:\/\/www.dehner.de\/jobs\/app\/uploads\/sites\/7\/2026\/04\/Mind-Map-zum-Thema-Marketing-768x200.png 768w, https:\/\/www.dehner.de\/jobs\/app\/uploads\/sites\/7\/2026\/04\/Mind-Map-zum-Thema-Marketing-1536x400.png 1536w, https:\/\/www.dehner.de\/jobs\/app\/uploads\/sites\/7\/2026\/04\/Mind-Map-zum-Thema-Marketing-1000x260.png 1000w, https:\/\/www.dehner.de\/jobs\/app\/uploads\/sites\/7\/2026\/04\/Mind-Map-zum-Thema-Marketing.png 1920w\" sizes=\"auto, (max-width: 1024px) 100vw, 1024px\" \/>            <\/div>\n        <\/a>\n        <div class=\"info df px-3 pb-3\">\n                        <a href=\"https:\/\/www.dehner.de\/jobs\/personalbotschafter\/alexander\/\" title=\"Alexanders Story\">\n                <div class=\"avatar\">\n                    <img loading=\"lazy\" decoding=\"async\" width=\"96\" height=\"96\" src=\"https:\/\/www.dehner.de\/jobs\/app\/uploads\/sites\/7\/2025\/06\/Alex_Azubi_600x600-96x96.jpg\" class=\"img-cover no-lazy\" alt=\"Alexander durchl\u00e4uft in seiner Ausbildung zum Kaufmann f\u00fcr B\u00fcromanagement verschiedene Bereiche im Dienstleistungszentrum\" srcset=\"https:\/\/www.dehner.de\/jobs\/app\/uploads\/sites\/7\/2025\/06\/Alex_Azubi_600x600-96x96.jpg 96w, https:\/\/www.dehner.de\/jobs\/app\/uploads\/sites\/7\/2025\/06\/Alex_Azubi_600x600-300x300.jpg 300w, https:\/\/www.dehner.de\/jobs\/app\/uploads\/sites\/7\/2025\/06\/Alex_Azubi_600x600-150x150.jpg 150w, https:\/\/www.dehner.de\/jobs\/app\/uploads\/sites\/7\/2025\/06\/Alex_Azubi_600x600-75x75.jpg 75w, https:\/\/www.dehner.de\/jobs\/app\/uploads\/sites\/7\/2025\/06\/Alex_Azubi_600x600.jpg 600w\" sizes=\"auto, (max-width: 96px) 100vw, 96px\" \/>                <\/div>\n            <\/a>\n                        <div class=\"pl-3\">\n                <p class=\"h5 pb-0 pb-md-2\">\n                    #Ausbildung<br>\n                    23. April 2026                <\/p>\n\n                <a href=\"https:\/\/www.dehner.de\/jobs\/karriere-storys\/ausbildung\/ein-tag-in-meiner-ausbildung\/\" title=\"Ein Tag in meiner Ausbildung\">\n                    <h3 class=\"title\">Ein Tag in meiner Ausbildung<\/h3>\n                <\/a>\n                            <\/div>\n                    <\/div>\n    <\/div>\n<\/div>\n<\/div><div><div class=\"col post-item mb-4\">\n    <div class=\"bg-secondary h-100\">\n        <a href=\"https:\/\/www.dehner.de\/jobs\/karriere-storys\/arbeitswelt\/start-in-die-saison-mit-leidenschaft-ins-gartenglueck\/\" title=\"Start in die Saison: Mit Leidenschaft ins Gartengl\u00fcck\">\n            <div class=\"image mb-3\">\n                <img loading=\"lazy\" decoding=\"async\" width=\"1024\" height=\"267\" src=\"https:\/\/www.dehner.de\/jobs\/app\/uploads\/sites\/7\/2026\/04\/Ein-grosses-buntes-Sortiment-an-Blumen-in-einem-Garten-Center-1024x267.png\" class=\"img-cover no-lazy\" alt=\"Ein gro\u00dfes, buntes Sortiment an Blumen in einem Garten-Center\" srcset=\"https:\/\/www.dehner.de\/jobs\/app\/uploads\/sites\/7\/2026\/04\/Ein-grosses-buntes-Sortiment-an-Blumen-in-einem-Garten-Center-1024x267.png 1024w, https:\/\/www.dehner.de\/jobs\/app\/uploads\/sites\/7\/2026\/04\/Ein-grosses-buntes-Sortiment-an-Blumen-in-einem-Garten-Center-300x78.png 300w, https:\/\/www.dehner.de\/jobs\/app\/uploads\/sites\/7\/2026\/04\/Ein-grosses-buntes-Sortiment-an-Blumen-in-einem-Garten-Center-150x39.png 150w, https:\/\/www.dehner.de\/jobs\/app\/uploads\/sites\/7\/2026\/04\/Ein-grosses-buntes-Sortiment-an-Blumen-in-einem-Garten-Center-768x200.png 768w, https:\/\/www.dehner.de\/jobs\/app\/uploads\/sites\/7\/2026\/04\/Ein-grosses-buntes-Sortiment-an-Blumen-in-einem-Garten-Center-1536x400.png 1536w, https:\/\/www.dehner.de\/jobs\/app\/uploads\/sites\/7\/2026\/04\/Ein-grosses-buntes-Sortiment-an-Blumen-in-einem-Garten-Center-1000x260.png 1000w, https:\/\/www.dehner.de\/jobs\/app\/uploads\/sites\/7\/2026\/04\/Ein-grosses-buntes-Sortiment-an-Blumen-in-einem-Garten-Center.png 1920w\" sizes=\"auto, (max-width: 1024px) 100vw, 1024px\" \/>            <\/div>\n        <\/a>\n        <div class=\"info df px-3 pb-3\">\n                        <a href=\"https:\/\/www.dehner.de\/jobs\/personalbotschafter\/jonas\/\" title=\"Jonas&#039; Story\">\n                <div class=\"avatar\">\n                    <img loading=\"lazy\" decoding=\"async\" width=\"96\" height=\"96\" src=\"https:\/\/www.dehner.de\/jobs\/app\/uploads\/sites\/7\/2025\/06\/Jonas_600x600-96x96.jpg\" class=\"img-cover no-lazy\" alt=\"Jonas \u00fcbernimmt als Gruppenleitung Blumen &amp; Pflanzen Verantwortung im Dehner Garten-Center\" srcset=\"https:\/\/www.dehner.de\/jobs\/app\/uploads\/sites\/7\/2025\/06\/Jonas_600x600-96x96.jpg 96w, https:\/\/www.dehner.de\/jobs\/app\/uploads\/sites\/7\/2025\/06\/Jonas_600x600-300x300.jpg 300w, https:\/\/www.dehner.de\/jobs\/app\/uploads\/sites\/7\/2025\/06\/Jonas_600x600-150x150.jpg 150w, https:\/\/www.dehner.de\/jobs\/app\/uploads\/sites\/7\/2025\/06\/Jonas_600x600-75x75.jpg 75w, https:\/\/www.dehner.de\/jobs\/app\/uploads\/sites\/7\/2025\/06\/Jonas_600x600.jpg 600w\" sizes=\"auto, (max-width: 96px) 100vw, 96px\" \/>                <\/div>\n            <\/a>\n                        <div class=\"pl-3\">\n                <p class=\"h5 pb-0 pb-md-2\">\n                    #Arbeitswelt<br>\n                    16. April 2026                <\/p>\n\n                <a href=\"https:\/\/www.dehner.de\/jobs\/karriere-storys\/arbeitswelt\/start-in-die-saison-mit-leidenschaft-ins-gartenglueck\/\" title=\"Start in die Saison: Mit Leidenschaft ins Gartengl\u00fcck\">\n                    <h3 class=\"title\">Start in die Saison: Mit Leidenschaft ins Gartengl\u00fcck<\/h3>\n                <\/a>\n                            <\/div>\n                    <\/div>\n    <\/div>\n<\/div>\n<\/div><div><div class=\"col post-item mb-4\">\n    <div class=\"bg-secondary h-100\">\n        <a href=\"https:\/\/www.dehner.de\/jobs\/karriere-storys\/ausbildung\/meine-floristik-zwischenpruefung\/\" title=\"Meine Floristik\u2011Zwischenpr\u00fcfung\">\n            <div class=\"image mb-3\">\n                <img loading=\"lazy\" decoding=\"async\" width=\"1024\" height=\"267\" src=\"https:\/\/www.dehner.de\/jobs\/app\/uploads\/sites\/7\/2026\/04\/Blumengesteck-mit-Graesern-und-weissen-Blumen--1024x267.png\" class=\"img-cover no-lazy\" alt=\"Blumengesteck mit Gr\u00e4sern und wei\u00dfen Blumen\" srcset=\"https:\/\/www.dehner.de\/jobs\/app\/uploads\/sites\/7\/2026\/04\/Blumengesteck-mit-Graesern-und-weissen-Blumen--1024x267.png 1024w, https:\/\/www.dehner.de\/jobs\/app\/uploads\/sites\/7\/2026\/04\/Blumengesteck-mit-Graesern-und-weissen-Blumen--300x78.png 300w, https:\/\/www.dehner.de\/jobs\/app\/uploads\/sites\/7\/2026\/04\/Blumengesteck-mit-Graesern-und-weissen-Blumen--150x39.png 150w, https:\/\/www.dehner.de\/jobs\/app\/uploads\/sites\/7\/2026\/04\/Blumengesteck-mit-Graesern-und-weissen-Blumen--768x200.png 768w, https:\/\/www.dehner.de\/jobs\/app\/uploads\/sites\/7\/2026\/04\/Blumengesteck-mit-Graesern-und-weissen-Blumen--1536x400.png 1536w, https:\/\/www.dehner.de\/jobs\/app\/uploads\/sites\/7\/2026\/04\/Blumengesteck-mit-Graesern-und-weissen-Blumen--1000x260.png 1000w, https:\/\/www.dehner.de\/jobs\/app\/uploads\/sites\/7\/2026\/04\/Blumengesteck-mit-Graesern-und-weissen-Blumen-.png 1920w\" sizes=\"auto, (max-width: 1024px) 100vw, 1024px\" \/>            <\/div>\n        <\/a>\n        <div class=\"info df px-3 pb-3\">\n                        <a href=\"https:\/\/www.dehner.de\/jobs\/personalbotschafter\/kim\/\" title=\"Kims Story\">\n                <div class=\"avatar\">\n                    <img loading=\"lazy\" decoding=\"async\" width=\"96\" height=\"96\" src=\"https:\/\/www.dehner.de\/jobs\/app\/uploads\/sites\/7\/2025\/06\/Kim_Azubine_600x600-96x96.jpg\" class=\"img-cover no-lazy\" alt=\"Kim erstellt in ihrer Ausbildung zur Floristin Bluenstr\u00e4u\u00dfe nach Kundenw\u00fcnsche\" srcset=\"https:\/\/www.dehner.de\/jobs\/app\/uploads\/sites\/7\/2025\/06\/Kim_Azubine_600x600-96x96.jpg 96w, https:\/\/www.dehner.de\/jobs\/app\/uploads\/sites\/7\/2025\/06\/Kim_Azubine_600x600-300x300.jpg 300w, https:\/\/www.dehner.de\/jobs\/app\/uploads\/sites\/7\/2025\/06\/Kim_Azubine_600x600-150x150.jpg 150w, https:\/\/www.dehner.de\/jobs\/app\/uploads\/sites\/7\/2025\/06\/Kim_Azubine_600x600-75x75.jpg 75w, https:\/\/www.dehner.de\/jobs\/app\/uploads\/sites\/7\/2025\/06\/Kim_Azubine_600x600.jpg 600w\" sizes=\"auto, (max-width: 96px) 100vw, 96px\" \/>                <\/div>\n            <\/a>\n                        <div class=\"pl-3\">\n                <p class=\"h5 pb-0 pb-md-2\">\n                    #Ausbildung<br>\n                    9. April 2026                <\/p>\n\n                <a href=\"https:\/\/www.dehner.de\/jobs\/karriere-storys\/ausbildung\/meine-floristik-zwischenpruefung\/\" title=\"Meine Floristik\u2011Zwischenpr\u00fcfung\">\n                    <h3 class=\"title\">Meine Floristik\u2011Zwischenpr\u00fcfung<\/h3>\n                <\/a>\n                            <\/div>\n                    <\/div>\n    <\/div>\n<\/div>\n<\/div><div><div class=\"col post-item mb-4\">\n    <div class=\"bg-secondary h-100\">\n        <a href=\"https:\/\/www.dehner.de\/jobs\/karriere-storys\/ausbildung\/aus-alt-wird-neu-upcycling-in-der-schreinerei\/\" title=\"Aus Alt wird Neu: Upcycling in der Schreinerei\">\n            <div class=\"image mb-3\">\n                <img loading=\"lazy\" decoding=\"async\" width=\"1024\" height=\"267\" src=\"https:\/\/www.dehner.de\/jobs\/app\/uploads\/sites\/7\/2026\/04\/Zeichenskizze-und-Akkuschrauber-auf-einem-Holztisch--1024x267.png\" class=\"img-cover no-lazy\" alt=\"Zeichenskizze und Akkuschrauber auf einem Holztisch\" srcset=\"https:\/\/www.dehner.de\/jobs\/app\/uploads\/sites\/7\/2026\/04\/Zeichenskizze-und-Akkuschrauber-auf-einem-Holztisch--1024x267.png 1024w, https:\/\/www.dehner.de\/jobs\/app\/uploads\/sites\/7\/2026\/04\/Zeichenskizze-und-Akkuschrauber-auf-einem-Holztisch--300x78.png 300w, https:\/\/www.dehner.de\/jobs\/app\/uploads\/sites\/7\/2026\/04\/Zeichenskizze-und-Akkuschrauber-auf-einem-Holztisch--150x39.png 150w, https:\/\/www.dehner.de\/jobs\/app\/uploads\/sites\/7\/2026\/04\/Zeichenskizze-und-Akkuschrauber-auf-einem-Holztisch--768x200.png 768w, https:\/\/www.dehner.de\/jobs\/app\/uploads\/sites\/7\/2026\/04\/Zeichenskizze-und-Akkuschrauber-auf-einem-Holztisch--1536x400.png 1536w, https:\/\/www.dehner.de\/jobs\/app\/uploads\/sites\/7\/2026\/04\/Zeichenskizze-und-Akkuschrauber-auf-einem-Holztisch--1000x260.png 1000w, https:\/\/www.dehner.de\/jobs\/app\/uploads\/sites\/7\/2026\/04\/Zeichenskizze-und-Akkuschrauber-auf-einem-Holztisch-.png 1920w\" sizes=\"auto, (max-width: 1024px) 100vw, 1024px\" \/>            <\/div>\n        <\/a>\n        <div class=\"info df px-3 pb-3\">\n                        <a href=\"https:\/\/www.dehner.de\/jobs\/personalbotschafter\/pit\/\" title=\"Pits Story\">\n                <div class=\"avatar\">\n                    <img loading=\"lazy\" decoding=\"async\" width=\"96\" height=\"96\" src=\"https:\/\/www.dehner.de\/jobs\/app\/uploads\/sites\/7\/2025\/06\/Pit_Azubi_600x600-96x96.jpg\" class=\"img-cover no-lazy\" alt=\"Pit lernt in seiner Ausbildung zum Schreiner den Umgang mit verschiedenen Maschinen\" srcset=\"https:\/\/www.dehner.de\/jobs\/app\/uploads\/sites\/7\/2025\/06\/Pit_Azubi_600x600-96x96.jpg 96w, https:\/\/www.dehner.de\/jobs\/app\/uploads\/sites\/7\/2025\/06\/Pit_Azubi_600x600-300x300.jpg 300w, https:\/\/www.dehner.de\/jobs\/app\/uploads\/sites\/7\/2025\/06\/Pit_Azubi_600x600-150x150.jpg 150w, https:\/\/www.dehner.de\/jobs\/app\/uploads\/sites\/7\/2025\/06\/Pit_Azubi_600x600-75x75.jpg 75w, https:\/\/www.dehner.de\/jobs\/app\/uploads\/sites\/7\/2025\/06\/Pit_Azubi_600x600.jpg 600w\" sizes=\"auto, (max-width: 96px) 100vw, 96px\" \/>                <\/div>\n            <\/a>\n                        <div class=\"pl-3\">\n                <p class=\"h5 pb-0 pb-md-2\">\n                    #Ausbildung<br>\n                    7. April 2026                <\/p>\n\n                <a href=\"https:\/\/www.dehner.de\/jobs\/karriere-storys\/ausbildung\/aus-alt-wird-neu-upcycling-in-der-schreinerei\/\" title=\"Aus Alt wird Neu: Upcycling in der Schreinerei\">\n                    <h3 class=\"title\">Aus Alt wird Neu: Upcycling in der Schreinerei<\/h3>\n                <\/a>\n                            <\/div>\n                    <\/div>\n    <\/div>\n<\/div>\n<\/div><div><div class=\"col post-item mb-4\">\n    <div class=\"bg-secondary h-100\">\n        <a href=\"https:\/\/www.dehner.de\/jobs\/karriere-storys\/arbeitswelt\/betriebsrat-bei-dehner-zusammenarbeit-die-wirkt\/\" title=\"Betriebsrat bei Dehner: Zusammenarbeit, die wirkt\">\n            <div class=\"image mb-3\">\n                <img loading=\"lazy\" decoding=\"async\" width=\"1024\" height=\"267\" src=\"https:\/\/www.dehner.de\/jobs\/app\/uploads\/sites\/7\/2026\/04\/Ein-Stempel-mit-dem-Aufdruck-work-council-1024x267.png\" class=\"img-cover no-lazy\" alt=\"Ein Stempel mit dem Aufdruck work council\" srcset=\"https:\/\/www.dehner.de\/jobs\/app\/uploads\/sites\/7\/2026\/04\/Ein-Stempel-mit-dem-Aufdruck-work-council-1024x267.png 1024w, https:\/\/www.dehner.de\/jobs\/app\/uploads\/sites\/7\/2026\/04\/Ein-Stempel-mit-dem-Aufdruck-work-council-300x78.png 300w, https:\/\/www.dehner.de\/jobs\/app\/uploads\/sites\/7\/2026\/04\/Ein-Stempel-mit-dem-Aufdruck-work-council-150x39.png 150w, https:\/\/www.dehner.de\/jobs\/app\/uploads\/sites\/7\/2026\/04\/Ein-Stempel-mit-dem-Aufdruck-work-council-768x200.png 768w, https:\/\/www.dehner.de\/jobs\/app\/uploads\/sites\/7\/2026\/04\/Ein-Stempel-mit-dem-Aufdruck-work-council-1536x400.png 1536w, https:\/\/www.dehner.de\/jobs\/app\/uploads\/sites\/7\/2026\/04\/Ein-Stempel-mit-dem-Aufdruck-work-council-1000x260.png 1000w, https:\/\/www.dehner.de\/jobs\/app\/uploads\/sites\/7\/2026\/04\/Ein-Stempel-mit-dem-Aufdruck-work-council.png 1920w\" sizes=\"auto, (max-width: 1024px) 100vw, 1024px\" \/>            <\/div>\n        <\/a>\n        <div class=\"info df px-3 pb-3\">\n                        <a href=\"https:\/\/www.dehner.de\/jobs\/personalbotschafter\/patrick\/\" title=\"Patricks Story\">\n                <div class=\"avatar\">\n                    <img loading=\"lazy\" decoding=\"async\" width=\"96\" height=\"96\" src=\"https:\/\/www.dehner.de\/jobs\/app\/uploads\/sites\/7\/2025\/06\/Patrick_600x600-96x96.jpg\" class=\"img-cover no-lazy\" alt=\"Patrick bearbeitet als Manager Labour Relations arbeitsrechtliche Themen\" srcset=\"https:\/\/www.dehner.de\/jobs\/app\/uploads\/sites\/7\/2025\/06\/Patrick_600x600-96x96.jpg 96w, https:\/\/www.dehner.de\/jobs\/app\/uploads\/sites\/7\/2025\/06\/Patrick_600x600-300x300.jpg 300w, https:\/\/www.dehner.de\/jobs\/app\/uploads\/sites\/7\/2025\/06\/Patrick_600x600-150x150.jpg 150w, https:\/\/www.dehner.de\/jobs\/app\/uploads\/sites\/7\/2025\/06\/Patrick_600x600-75x75.jpg 75w, https:\/\/www.dehner.de\/jobs\/app\/uploads\/sites\/7\/2025\/06\/Patrick_600x600.jpg 600w\" sizes=\"auto, (max-width: 96px) 100vw, 96px\" \/>                <\/div>\n            <\/a>\n                        <div class=\"pl-3\">\n                <p class=\"h5 pb-0 pb-md-2\">\n                    #Arbeitswelt<br>\n                    2. April 2026                <\/p>\n\n                <a href=\"https:\/\/www.dehner.de\/jobs\/karriere-storys\/arbeitswelt\/betriebsrat-bei-dehner-zusammenarbeit-die-wirkt\/\" title=\"Betriebsrat bei Dehner: Zusammenarbeit, die wirkt\">\n                    <h3 class=\"title\">Betriebsrat bei Dehner: Zusammenarbeit, die wirkt<\/h3>\n                <\/a>\n                            <\/div>\n                    <\/div>\n    <\/div>\n<\/div>\n<\/div><div><div class=\"col post-item mb-4\">\n    <div class=\"bg-secondary h-100\">\n        <a href=\"https:\/\/www.dehner.de\/jobs\/karriere-storys\/arbeitswelt\/social-media-alltag-die-momente-die-mich-antreiben\/\" title=\"Social Media Alltag: Die Momente, die mich antreiben\">\n            <div class=\"image mb-3\">\n                <img loading=\"lazy\" decoding=\"async\" width=\"1024\" height=\"267\" src=\"https:\/\/www.dehner.de\/jobs\/app\/uploads\/sites\/7\/2026\/03\/Tastatur-Maus-Smartphone-und-Post-its-vor-einem-Blaetterhintergrund--1024x267.png\" class=\"img-cover no-lazy\" alt=\"Tastatur, Maus, Smartphone und Post its vor einem Bl\u00e4tterhintergrund\" srcset=\"https:\/\/www.dehner.de\/jobs\/app\/uploads\/sites\/7\/2026\/03\/Tastatur-Maus-Smartphone-und-Post-its-vor-einem-Blaetterhintergrund--1024x267.png 1024w, https:\/\/www.dehner.de\/jobs\/app\/uploads\/sites\/7\/2026\/03\/Tastatur-Maus-Smartphone-und-Post-its-vor-einem-Blaetterhintergrund--300x78.png 300w, https:\/\/www.dehner.de\/jobs\/app\/uploads\/sites\/7\/2026\/03\/Tastatur-Maus-Smartphone-und-Post-its-vor-einem-Blaetterhintergrund--150x39.png 150w, https:\/\/www.dehner.de\/jobs\/app\/uploads\/sites\/7\/2026\/03\/Tastatur-Maus-Smartphone-und-Post-its-vor-einem-Blaetterhintergrund--768x200.png 768w, https:\/\/www.dehner.de\/jobs\/app\/uploads\/sites\/7\/2026\/03\/Tastatur-Maus-Smartphone-und-Post-its-vor-einem-Blaetterhintergrund--1536x400.png 1536w, https:\/\/www.dehner.de\/jobs\/app\/uploads\/sites\/7\/2026\/03\/Tastatur-Maus-Smartphone-und-Post-its-vor-einem-Blaetterhintergrund--1000x260.png 1000w, https:\/\/www.dehner.de\/jobs\/app\/uploads\/sites\/7\/2026\/03\/Tastatur-Maus-Smartphone-und-Post-its-vor-einem-Blaetterhintergrund-.png 1920w\" sizes=\"auto, (max-width: 1024px) 100vw, 1024px\" \/>            <\/div>\n        <\/a>\n        <div class=\"info df px-3 pb-3\">\n                        <a href=\"https:\/\/www.dehner.de\/jobs\/personalbotschafter\/eva\/\" title=\"Evas Story\">\n                <div class=\"avatar\">\n                    <img loading=\"lazy\" decoding=\"async\" width=\"96\" height=\"96\" src=\"https:\/\/www.dehner.de\/jobs\/app\/uploads\/sites\/7\/2025\/06\/Eva_600x600-96x96.jpg\" class=\"img-cover no-lazy\" alt=\"Eva arbeitet als Junior Social Media Manager bei Dehner\" srcset=\"https:\/\/www.dehner.de\/jobs\/app\/uploads\/sites\/7\/2025\/06\/Eva_600x600-96x96.jpg 96w, https:\/\/www.dehner.de\/jobs\/app\/uploads\/sites\/7\/2025\/06\/Eva_600x600-300x300.jpg 300w, https:\/\/www.dehner.de\/jobs\/app\/uploads\/sites\/7\/2025\/06\/Eva_600x600-150x150.jpg 150w, https:\/\/www.dehner.de\/jobs\/app\/uploads\/sites\/7\/2025\/06\/Eva_600x600-75x75.jpg 75w, https:\/\/www.dehner.de\/jobs\/app\/uploads\/sites\/7\/2025\/06\/Eva_600x600.jpg 600w\" sizes=\"auto, (max-width: 96px) 100vw, 96px\" \/>                <\/div>\n            <\/a>\n                        <div class=\"pl-3\">\n                <p class=\"h5 pb-0 pb-md-2\">\n                    #Arbeitswelt<br>\n                    1. April 2026                <\/p>\n\n                <a href=\"https:\/\/www.dehner.de\/jobs\/karriere-storys\/arbeitswelt\/social-media-alltag-die-momente-die-mich-antreiben\/\" title=\"Social Media Alltag: Die Momente, die mich antreiben\">\n                    <h3 class=\"title\">Social Media Alltag: Die Momente, die mich antreiben<\/h3>\n                <\/a>\n                            <\/div>\n                    <\/div>\n    <\/div>\n<\/div>\n<\/div><div><div class=\"col post-item mb-4\">\n    <div class=\"bg-secondary h-100\">\n        <a href=\"https:\/\/www.dehner.de\/jobs\/karriere-storys\/arbeitswelt\/dehner-digitalpower-wachstum-durch-technologie\/\" title=\"Dehner Digitalpower: Wachstum durch Technologie\">\n            <div class=\"image mb-3\">\n                <img loading=\"lazy\" decoding=\"async\" width=\"1024\" height=\"267\" src=\"https:\/\/www.dehner.de\/jobs\/app\/uploads\/sites\/7\/2026\/03\/Headerbild-Beitrag-Florian_Matrixorganisation-1-1024x267.png\" class=\"img-cover no-lazy\" alt=\"Ein Daumen klickt auf ein virtuelles Feld mit einem Haken\" srcset=\"https:\/\/www.dehner.de\/jobs\/app\/uploads\/sites\/7\/2026\/03\/Headerbild-Beitrag-Florian_Matrixorganisation-1-1024x267.png 1024w, https:\/\/www.dehner.de\/jobs\/app\/uploads\/sites\/7\/2026\/03\/Headerbild-Beitrag-Florian_Matrixorganisation-1-300x78.png 300w, https:\/\/www.dehner.de\/jobs\/app\/uploads\/sites\/7\/2026\/03\/Headerbild-Beitrag-Florian_Matrixorganisation-1-150x39.png 150w, https:\/\/www.dehner.de\/jobs\/app\/uploads\/sites\/7\/2026\/03\/Headerbild-Beitrag-Florian_Matrixorganisation-1-768x200.png 768w, https:\/\/www.dehner.de\/jobs\/app\/uploads\/sites\/7\/2026\/03\/Headerbild-Beitrag-Florian_Matrixorganisation-1-1536x400.png 1536w, https:\/\/www.dehner.de\/jobs\/app\/uploads\/sites\/7\/2026\/03\/Headerbild-Beitrag-Florian_Matrixorganisation-1-1000x260.png 1000w, https:\/\/www.dehner.de\/jobs\/app\/uploads\/sites\/7\/2026\/03\/Headerbild-Beitrag-Florian_Matrixorganisation-1.png 1920w\" sizes=\"auto, (max-width: 1024px) 100vw, 1024px\" \/>            <\/div>\n        <\/a>\n        <div class=\"info df px-3 pb-3\">\n                        <a href=\"https:\/\/www.dehner.de\/jobs\/personalbotschafter\/raphael\/\" title=\"Raphaels Story\">\n                <div class=\"avatar\">\n                    <img loading=\"lazy\" decoding=\"async\" width=\"96\" height=\"96\" src=\"https:\/\/www.dehner.de\/jobs\/app\/uploads\/sites\/7\/2025\/06\/Raphael_600x600-96x96.jpg\" class=\"img-cover no-lazy\" alt=\"Raphael ist Bereichsleitung E-Commerce &amp; Cross Channel bei Dehner\" srcset=\"https:\/\/www.dehner.de\/jobs\/app\/uploads\/sites\/7\/2025\/06\/Raphael_600x600-96x96.jpg 96w, https:\/\/www.dehner.de\/jobs\/app\/uploads\/sites\/7\/2025\/06\/Raphael_600x600-300x300.jpg 300w, https:\/\/www.dehner.de\/jobs\/app\/uploads\/sites\/7\/2025\/06\/Raphael_600x600-150x150.jpg 150w, https:\/\/www.dehner.de\/jobs\/app\/uploads\/sites\/7\/2025\/06\/Raphael_600x600-75x75.jpg 75w, https:\/\/www.dehner.de\/jobs\/app\/uploads\/sites\/7\/2025\/06\/Raphael_600x600.jpg 600w\" sizes=\"auto, (max-width: 96px) 100vw, 96px\" \/>                <\/div>\n            <\/a>\n                        <div class=\"pl-3\">\n                <p class=\"h5 pb-0 pb-md-2\">\n                    #Arbeitswelt<br>\n                    30. M\u00e4rz 2026                <\/p>\n\n                <a href=\"https:\/\/www.dehner.de\/jobs\/karriere-storys\/arbeitswelt\/dehner-digitalpower-wachstum-durch-technologie\/\" title=\"Dehner Digitalpower: Wachstum durch Technologie\">\n                    <h3 class=\"title\">Dehner Digitalpower: Wachstum durch Technologie<\/h3>\n                <\/a>\n                            <\/div>\n                    <\/div>\n    <\/div>\n<\/div>\n<\/div><div><div class=\"col post-item mb-4\">\n    <div class=\"bg-secondary h-100\">\n        <a href=\"https:\/\/www.dehner.de\/jobs\/karriere-storys\/ausbildung\/studieren-und-campusleben-an-der-dhbw\/\" title=\"Studieren und Campusleben an der DHBW\">\n            <div class=\"image mb-3\">\n                <img loading=\"lazy\" decoding=\"async\" width=\"1024\" height=\"267\" src=\"https:\/\/www.dehner.de\/jobs\/app\/uploads\/sites\/7\/2026\/03\/Wuerfel-mit-Schriftzug-Study--1024x267.png\" class=\"img-cover no-lazy\" alt=\"W\u00fcrfel mit Schriftzug Study\" srcset=\"https:\/\/www.dehner.de\/jobs\/app\/uploads\/sites\/7\/2026\/03\/Wuerfel-mit-Schriftzug-Study--1024x267.png 1024w, https:\/\/www.dehner.de\/jobs\/app\/uploads\/sites\/7\/2026\/03\/Wuerfel-mit-Schriftzug-Study--300x78.png 300w, https:\/\/www.dehner.de\/jobs\/app\/uploads\/sites\/7\/2026\/03\/Wuerfel-mit-Schriftzug-Study--150x39.png 150w, https:\/\/www.dehner.de\/jobs\/app\/uploads\/sites\/7\/2026\/03\/Wuerfel-mit-Schriftzug-Study--768x200.png 768w, https:\/\/www.dehner.de\/jobs\/app\/uploads\/sites\/7\/2026\/03\/Wuerfel-mit-Schriftzug-Study--1536x400.png 1536w, https:\/\/www.dehner.de\/jobs\/app\/uploads\/sites\/7\/2026\/03\/Wuerfel-mit-Schriftzug-Study--1000x260.png 1000w, https:\/\/www.dehner.de\/jobs\/app\/uploads\/sites\/7\/2026\/03\/Wuerfel-mit-Schriftzug-Study-.png 1920w\" sizes=\"auto, (max-width: 1024px) 100vw, 1024px\" \/>            <\/div>\n        <\/a>\n        <div class=\"info df px-3 pb-3\">\n                        <a href=\"https:\/\/www.dehner.de\/jobs\/personalbotschafter\/luca\/\" title=\"Lucas Story\">\n                <div class=\"avatar\">\n                    <img loading=\"lazy\" decoding=\"async\" width=\"96\" height=\"96\" src=\"https:\/\/www.dehner.de\/jobs\/app\/uploads\/sites\/7\/2025\/06\/Luca_600x600-96x96.jpg\" class=\"img-cover no-lazy\" alt=\"Luca kann durch sein duales Studium Theorie und Praxis verbinden\" srcset=\"https:\/\/www.dehner.de\/jobs\/app\/uploads\/sites\/7\/2025\/06\/Luca_600x600-96x96.jpg 96w, https:\/\/www.dehner.de\/jobs\/app\/uploads\/sites\/7\/2025\/06\/Luca_600x600-300x300.jpg 300w, https:\/\/www.dehner.de\/jobs\/app\/uploads\/sites\/7\/2025\/06\/Luca_600x600-150x150.jpg 150w, https:\/\/www.dehner.de\/jobs\/app\/uploads\/sites\/7\/2025\/06\/Luca_600x600-75x75.jpg 75w, https:\/\/www.dehner.de\/jobs\/app\/uploads\/sites\/7\/2025\/06\/Luca_600x600.jpg 600w\" sizes=\"auto, (max-width: 96px) 100vw, 96px\" \/>                <\/div>\n            <\/a>\n                        <div class=\"pl-3\">\n                <p class=\"h5 pb-0 pb-md-2\">\n                    #Ausbildung<br>\n                    12. M\u00e4rz 2026                <\/p>\n\n                <a href=\"https:\/\/www.dehner.de\/jobs\/karriere-storys\/ausbildung\/studieren-und-campusleben-an-der-dhbw\/\" title=\"Studieren und Campusleben an der DHBW\">\n                    <h3 class=\"title\">Studieren und Campusleben an der DHBW<\/h3>\n                <\/a>\n                            <\/div>\n                    <\/div>\n    <\/div>\n<\/div>\n<\/div><div><div class=\"col post-item mb-4\">\n    <div class=\"bg-secondary h-100\">\n        <a href=\"https:\/\/www.dehner.de\/jobs\/karriere-storys\/jobeinblicke\/winterschlaf-nicht-fuer-die-landwirtschaft\/\" title=\"Winterschlaf? Nicht f\u00fcr die Landwirtschaft!\">\n            <div class=\"image mb-3\">\n                <img loading=\"lazy\" decoding=\"async\" width=\"1024\" height=\"267\" src=\"https:\/\/www.dehner.de\/jobs\/app\/uploads\/sites\/7\/2026\/02\/winter-landwirtschaft-schnee-feld-agrar-1024x267.png\" class=\"img-cover no-lazy\" alt=\"Eine gr\u00fcne Wiese ist mit glitzerndem Schnee bedeckt\" srcset=\"https:\/\/www.dehner.de\/jobs\/app\/uploads\/sites\/7\/2026\/02\/winter-landwirtschaft-schnee-feld-agrar-1024x267.png 1024w, https:\/\/www.dehner.de\/jobs\/app\/uploads\/sites\/7\/2026\/02\/winter-landwirtschaft-schnee-feld-agrar-300x78.png 300w, https:\/\/www.dehner.de\/jobs\/app\/uploads\/sites\/7\/2026\/02\/winter-landwirtschaft-schnee-feld-agrar-150x39.png 150w, https:\/\/www.dehner.de\/jobs\/app\/uploads\/sites\/7\/2026\/02\/winter-landwirtschaft-schnee-feld-agrar-768x200.png 768w, https:\/\/www.dehner.de\/jobs\/app\/uploads\/sites\/7\/2026\/02\/winter-landwirtschaft-schnee-feld-agrar-1536x400.png 1536w, https:\/\/www.dehner.de\/jobs\/app\/uploads\/sites\/7\/2026\/02\/winter-landwirtschaft-schnee-feld-agrar-1000x260.png 1000w, https:\/\/www.dehner.de\/jobs\/app\/uploads\/sites\/7\/2026\/02\/winter-landwirtschaft-schnee-feld-agrar.png 1920w\" sizes=\"auto, (max-width: 1024px) 100vw, 1024px\" \/>            <\/div>\n        <\/a>\n        <div class=\"info df px-3 pb-3\">\n                        <a href=\"https:\/\/www.dehner.de\/jobs\/personalbotschafter\/martina\/\" title=\"Martinas Story\">\n                <div class=\"avatar\">\n                    <img loading=\"lazy\" decoding=\"async\" width=\"96\" height=\"96\" src=\"https:\/\/www.dehner.de\/jobs\/app\/uploads\/sites\/7\/2025\/06\/Martina_600x600-96x96.jpg\" class=\"img-cover no-lazy\" alt=\"Martina ber\u00e4t als Pflanzenbauberaterin bei Dehner Agrar die Landwirte\" srcset=\"https:\/\/www.dehner.de\/jobs\/app\/uploads\/sites\/7\/2025\/06\/Martina_600x600-96x96.jpg 96w, https:\/\/www.dehner.de\/jobs\/app\/uploads\/sites\/7\/2025\/06\/Martina_600x600-300x300.jpg 300w, https:\/\/www.dehner.de\/jobs\/app\/uploads\/sites\/7\/2025\/06\/Martina_600x600-150x150.jpg 150w, https:\/\/www.dehner.de\/jobs\/app\/uploads\/sites\/7\/2025\/06\/Martina_600x600-75x75.jpg 75w, https:\/\/www.dehner.de\/jobs\/app\/uploads\/sites\/7\/2025\/06\/Martina_600x600.jpg 600w\" sizes=\"auto, (max-width: 96px) 100vw, 96px\" \/>                <\/div>\n            <\/a>\n                        <div class=\"pl-3\">\n                <p class=\"h5 pb-0 pb-md-2\">\n                    #Jobeinblicke<br>\n                    5. M\u00e4rz 2026                <\/p>\n\n                <a href=\"https:\/\/www.dehner.de\/jobs\/karriere-storys\/jobeinblicke\/winterschlaf-nicht-fuer-die-landwirtschaft\/\" title=\"Winterschlaf? Nicht f\u00fcr die Landwirtschaft!\">\n                    <h3 class=\"title\">Winterschlaf? Nicht f\u00fcr die Landwirtschaft!<\/h3>\n                <\/a>\n                            <\/div>\n                    <\/div>\n    <\/div>\n<\/div>\n<\/div><div><div class=\"col post-item mb-4\">\n    <div class=\"bg-secondary h-100\">\n        <a href=\"https:\/\/www.dehner.de\/jobs\/karriere-storys\/ausbildung\/darum-ist-die-ausbildung-in-der-logistik-bei-dehner-echt-stark\/\" title=\"Darum ist die Ausbildung in der Logistik bei Dehner echt stark\">\n            <div class=\"image mb-3\">\n                <img loading=\"lazy\" decoding=\"async\" width=\"1024\" height=\"267\" src=\"https:\/\/www.dehner.de\/jobs\/app\/uploads\/sites\/7\/2026\/02\/Kartons-mit-blauen-Wegen-1-1024x267.png\" class=\"img-cover no-lazy\" alt=\"Illustration von einem Logistiksystem\" srcset=\"https:\/\/www.dehner.de\/jobs\/app\/uploads\/sites\/7\/2026\/02\/Kartons-mit-blauen-Wegen-1-1024x267.png 1024w, https:\/\/www.dehner.de\/jobs\/app\/uploads\/sites\/7\/2026\/02\/Kartons-mit-blauen-Wegen-1-300x78.png 300w, https:\/\/www.dehner.de\/jobs\/app\/uploads\/sites\/7\/2026\/02\/Kartons-mit-blauen-Wegen-1-150x39.png 150w, https:\/\/www.dehner.de\/jobs\/app\/uploads\/sites\/7\/2026\/02\/Kartons-mit-blauen-Wegen-1-768x200.png 768w, https:\/\/www.dehner.de\/jobs\/app\/uploads\/sites\/7\/2026\/02\/Kartons-mit-blauen-Wegen-1-1536x400.png 1536w, https:\/\/www.dehner.de\/jobs\/app\/uploads\/sites\/7\/2026\/02\/Kartons-mit-blauen-Wegen-1-1000x260.png 1000w, https:\/\/www.dehner.de\/jobs\/app\/uploads\/sites\/7\/2026\/02\/Kartons-mit-blauen-Wegen-1.png 1920w\" sizes=\"auto, (max-width: 1024px) 100vw, 1024px\" \/>            <\/div>\n        <\/a>\n        <div class=\"info df px-3 pb-3\">\n                        <a href=\"https:\/\/www.dehner.de\/jobs\/personalbotschafter\/florian\/\" title=\"Florians Story\">\n                <div class=\"avatar\">\n                    <img loading=\"lazy\" decoding=\"async\" width=\"96\" height=\"96\" src=\"https:\/\/www.dehner.de\/jobs\/app\/uploads\/sites\/7\/2025\/06\/Flo_Azubi_600x600-96x96.jpg\" class=\"img-cover no-lazy\" alt=\"Florian durchl\u00e4uft in seiner Ausbildung zur Fachkraft f\u00fcr Lagerlogistik verschiedene Logistikbereiche\" srcset=\"https:\/\/www.dehner.de\/jobs\/app\/uploads\/sites\/7\/2025\/06\/Flo_Azubi_600x600-96x96.jpg 96w, https:\/\/www.dehner.de\/jobs\/app\/uploads\/sites\/7\/2025\/06\/Flo_Azubi_600x600-300x300.jpg 300w, https:\/\/www.dehner.de\/jobs\/app\/uploads\/sites\/7\/2025\/06\/Flo_Azubi_600x600-150x150.jpg 150w, https:\/\/www.dehner.de\/jobs\/app\/uploads\/sites\/7\/2025\/06\/Flo_Azubi_600x600-75x75.jpg 75w, https:\/\/www.dehner.de\/jobs\/app\/uploads\/sites\/7\/2025\/06\/Flo_Azubi_600x600.jpg 600w\" sizes=\"auto, (max-width: 96px) 100vw, 96px\" \/>                <\/div>\n            <\/a>\n                        <div class=\"pl-3\">\n                <p class=\"h5 pb-0 pb-md-2\">\n                    #Ausbildung<br>\n                    26. Februar 2026                <\/p>\n\n                <a href=\"https:\/\/www.dehner.de\/jobs\/karriere-storys\/ausbildung\/darum-ist-die-ausbildung-in-der-logistik-bei-dehner-echt-stark\/\" title=\"Darum ist die Ausbildung in der Logistik bei Dehner echt stark\">\n                    <h3 class=\"title\">Darum ist die Ausbildung in der Logistik bei Dehner echt stark<\/h3>\n                <\/a>\n                            <\/div>\n                    <\/div>\n    <\/div>\n<\/div>\n<\/div><div><div class=\"col post-item mb-4\">\n    <div class=\"bg-secondary h-100\">\n        <a href=\"https:\/\/www.dehner.de\/jobs\/karriere-storys\/jobeinblicke\/trend-2026-hunde-natuerlich-und-bewusst-fuettern\/\" title=\"Trend 2026: Hunde nat\u00fcrlich und bewusst f\u00fcttern\">\n            <div class=\"image mb-3\">\n                <img loading=\"lazy\" decoding=\"async\" width=\"1024\" height=\"267\" src=\"https:\/\/www.dehner.de\/jobs\/app\/uploads\/sites\/7\/2026\/02\/hund-fuetterung-futternapf-1024x267.png\" class=\"img-cover no-lazy\" alt=\"Ein Hund frisst aus einem Futternapf, der von seinem Besitzer gehalten wird\" srcset=\"https:\/\/www.dehner.de\/jobs\/app\/uploads\/sites\/7\/2026\/02\/hund-fuetterung-futternapf-1024x267.png 1024w, https:\/\/www.dehner.de\/jobs\/app\/uploads\/sites\/7\/2026\/02\/hund-fuetterung-futternapf-300x78.png 300w, https:\/\/www.dehner.de\/jobs\/app\/uploads\/sites\/7\/2026\/02\/hund-fuetterung-futternapf-150x39.png 150w, https:\/\/www.dehner.de\/jobs\/app\/uploads\/sites\/7\/2026\/02\/hund-fuetterung-futternapf-768x200.png 768w, https:\/\/www.dehner.de\/jobs\/app\/uploads\/sites\/7\/2026\/02\/hund-fuetterung-futternapf-1536x400.png 1536w, https:\/\/www.dehner.de\/jobs\/app\/uploads\/sites\/7\/2026\/02\/hund-fuetterung-futternapf-1000x260.png 1000w, https:\/\/www.dehner.de\/jobs\/app\/uploads\/sites\/7\/2026\/02\/hund-fuetterung-futternapf.png 1920w\" sizes=\"auto, (max-width: 1024px) 100vw, 1024px\" \/>            <\/div>\n        <\/a>\n        <div class=\"info df px-3 pb-3\">\n                        <a href=\"https:\/\/www.dehner.de\/jobs\/personalbotschafter\/josephine\/\" title=\"Josephines Story\">\n                <div class=\"avatar\">\n                    <img loading=\"lazy\" decoding=\"async\" width=\"96\" height=\"96\" src=\"https:\/\/www.dehner.de\/jobs\/app\/uploads\/sites\/7\/2025\/06\/Josephine_600x600-96x96.jpg\" class=\"img-cover no-lazy\" alt=\"Josephine k\u00fcmmert sich als Verk\u00e4uferin Zoo um die tierischen Bed\u00fcrfnisse ihrer Kund*innen\" srcset=\"https:\/\/www.dehner.de\/jobs\/app\/uploads\/sites\/7\/2025\/06\/Josephine_600x600-96x96.jpg 96w, https:\/\/www.dehner.de\/jobs\/app\/uploads\/sites\/7\/2025\/06\/Josephine_600x600-300x300.jpg 300w, https:\/\/www.dehner.de\/jobs\/app\/uploads\/sites\/7\/2025\/06\/Josephine_600x600-150x150.jpg 150w, https:\/\/www.dehner.de\/jobs\/app\/uploads\/sites\/7\/2025\/06\/Josephine_600x600-75x75.jpg 75w, https:\/\/www.dehner.de\/jobs\/app\/uploads\/sites\/7\/2025\/06\/Josephine_600x600.jpg 600w\" sizes=\"auto, (max-width: 96px) 100vw, 96px\" \/>                <\/div>\n            <\/a>\n                        <div class=\"pl-3\">\n                <p class=\"h5 pb-0 pb-md-2\">\n                    #Jobeinblicke<br>\n                    19. Februar 2026                <\/p>\n\n                <a href=\"https:\/\/www.dehner.de\/jobs\/karriere-storys\/jobeinblicke\/trend-2026-hunde-natuerlich-und-bewusst-fuettern\/\" title=\"Trend 2026: Hunde nat\u00fcrlich und bewusst f\u00fcttern\">\n                    <h3 class=\"title\">Trend 2026: Hunde nat\u00fcrlich und bewusst f\u00fcttern<\/h3>\n                <\/a>\n                            <\/div>\n                    <\/div>\n    <\/div>\n<\/div>\n<\/div>        <\/div>\n    <\/div>\n<\/section>\n","protected":false},"excerpt":{"rendered":"","protected":false},"author":1,"featured_media":34046,"parent":1131,"menu_order":30,"comment_status":"closed","ping_status":"closed","template":"","meta":{"_acf_changed":false,"footnotes":""},"class_list":["post-1137","page","type-page","status-publish","has-post-thumbnail","hentry"],"acf":[],"yoast_head":"<!-- This site is optimized with the Yoast SEO plugin v24.5 - https:\/\/yoast.com\/wordpress\/plugins\/seo\/ -->\n<title>Praktikum bei Dehner | Dehner Jobs<\/title>\n<meta name=\"description\" content=\"Starte deine Praktikum bei Dehner: \u2713 Details zum Praktikum \u2713 Einblicke in die T\u00e4tigkeiten \u25ba Jetzt informieren und bewerben!\" \/>\n<meta name=\"robots\" content=\"index, follow, max-snippet:-1, max-image-preview:large, max-video-preview:-1\" \/>\n<link rel=\"canonical\" href=\"https:\/\/www.dehner.de\/jobs\/ausbildung-und-duales-studium\/praktikum\/\" \/>\n<meta property=\"og:locale\" content=\"de_DE\" \/>\n<meta property=\"og:type\" content=\"article\" \/>\n<meta property=\"og:title\" content=\"Praktikum bei Dehner | Dehner Jobs\" \/>\n<meta property=\"og:description\" content=\"Starte deine Praktikum bei Dehner: \u2713 Details zum Praktikum \u2713 Einblicke in die T\u00e4tigkeiten \u25ba Jetzt informieren und bewerben!\" \/>\n<meta property=\"og:url\" content=\"https:\/\/www.dehner.de\/jobs\/ausbildung-und-duales-studium\/praktikum\/\" \/>\n<meta property=\"og:site_name\" content=\"Karriere bei Dehner\" \/>\n<meta property=\"article:modified_time\" content=\"2025-08-28T13:20:48+00:00\" \/>\n<meta property=\"og:image\" content=\"https:\/\/www.dehner.de\/jobs\/app\/uploads\/sites\/7\/2025\/08\/04_Azubi_Gruppe_3.jpg\" \/>\n\t<meta property=\"og:image:width\" content=\"1920\" \/>\n\t<meta property=\"og:image:height\" content=\"1080\" \/>\n\t<meta property=\"og:image:type\" content=\"image\/jpeg\" \/>\n<meta name=\"twitter:card\" content=\"summary_large_image\" \/>\n<meta name=\"twitter:label1\" content=\"Est. reading time\" \/>\n\t<meta name=\"twitter:data1\" content=\"2 Minuten\" \/>\n<script type=\"application\/ld+json\" class=\"yoast-schema-graph\">{\"@context\":\"https:\/\/schema.org\",\"@graph\":[{\"@type\":\"WebPage\",\"@id\":\"https:\/\/www.dehner.de\/jobs\/ausbildung-und-duales-studium\/praktikum\/\",\"url\":\"https:\/\/www.dehner.de\/jobs\/ausbildung-und-duales-studium\/praktikum\/\",\"name\":\"Praktikum bei Dehner | Dehner Jobs\",\"isPartOf\":{\"@id\":\"https:\/\/www.dehner.de\/jobs\/#website\"},\"primaryImageOfPage\":{\"@id\":\"https:\/\/www.dehner.de\/jobs\/ausbildung-und-duales-studium\/praktikum\/#primaryimage\"},\"image\":{\"@id\":\"https:\/\/www.dehner.de\/jobs\/ausbildung-und-duales-studium\/praktikum\/#primaryimage\"},\"thumbnailUrl\":\"https:\/\/www.dehner.de\/jobs\/app\/uploads\/sites\/7\/2025\/08\/04_Azubi_Gruppe_3.jpg\",\"datePublished\":\"2020-03-26T14:44:07+00:00\",\"dateModified\":\"2025-08-28T13:20:48+00:00\",\"description\":\"Starte deine Praktikum bei Dehner: \u2713 Details zum Praktikum \u2713 Einblicke in die T\u00e4tigkeiten \u25ba Jetzt informieren und bewerben!\",\"breadcrumb\":{\"@id\":\"https:\/\/www.dehner.de\/jobs\/ausbildung-und-duales-studium\/praktikum\/#breadcrumb\"},\"inLanguage\":\"de-DE\",\"potentialAction\":[{\"@type\":\"ReadAction\",\"target\":[\"https:\/\/www.dehner.de\/jobs\/ausbildung-und-duales-studium\/praktikum\/\"]}]},{\"@type\":\"ImageObject\",\"inLanguage\":\"de-DE\",\"@id\":\"https:\/\/www.dehner.de\/jobs\/ausbildung-und-duales-studium\/praktikum\/#primaryimage\",\"url\":\"https:\/\/www.dehner.de\/jobs\/app\/uploads\/sites\/7\/2025\/08\/04_Azubi_Gruppe_3.jpg\",\"contentUrl\":\"https:\/\/www.dehner.de\/jobs\/app\/uploads\/sites\/7\/2025\/08\/04_Azubi_Gruppe_3.jpg\",\"width\":1920,\"height\":1080},{\"@type\":\"BreadcrumbList\",\"@id\":\"https:\/\/www.dehner.de\/jobs\/ausbildung-und-duales-studium\/praktikum\/#breadcrumb\",\"itemListElement\":[{\"@type\":\"ListItem\",\"position\":1,\"name\":\"Home\",\"item\":\"https:\/\/www.dehner.de\/jobs\/\"},{\"@type\":\"ListItem\",\"position\":2,\"name\":\"Ausbildung und Studium\",\"item\":\"https:\/\/www.dehner.de\/jobs\/ausbildung-und-duales-studium\/\"},{\"@type\":\"ListItem\",\"position\":3,\"name\":\"Praktikum\"}]},{\"@type\":\"WebSite\",\"@id\":\"https:\/\/www.dehner.de\/jobs\/#website\",\"url\":\"https:\/\/www.dehner.de\/jobs\/\",\"name\":\"Karriere bei Dehner\",\"description\":\"Die Storys unserer Personalbotschafter\",\"publisher\":{\"@id\":\"https:\/\/www.dehner.de\/jobs\/#organization\"},\"potentialAction\":[{\"@type\":\"SearchAction\",\"target\":{\"@type\":\"EntryPoint\",\"urlTemplate\":\"https:\/\/www.dehner.de\/jobs\/?s={search_term_string}\"},\"query-input\":{\"@type\":\"PropertyValueSpecification\",\"valueRequired\":true,\"valueName\":\"search_term_string\"}}],\"inLanguage\":\"de-DE\"},{\"@type\":\"Organization\",\"@id\":\"https:\/\/www.dehner.de\/jobs\/#organization\",\"name\":\"Karriere bei Dehner\",\"url\":\"https:\/\/www.dehner.de\/jobs\/\",\"logo\":{\"@type\":\"ImageObject\",\"inLanguage\":\"de-DE\",\"@id\":\"https:\/\/www.dehner.de\/jobs\/#\/schema\/logo\/image\/\",\"url\":\"https:\/\/www.dehner.de\/jobs\/app\/uploads\/sites\/7\/2025\/12\/dehner-garten-center-koenigsbrunn-revitalisierung-neubau-umbau.png\",\"contentUrl\":\"https:\/\/www.dehner.de\/jobs\/app\/uploads\/sites\/7\/2025\/12\/dehner-garten-center-koenigsbrunn-revitalisierung-neubau-umbau.png\",\"width\":800,\"height\":1315,\"caption\":\"Karriere bei Dehner\"},\"image\":{\"@id\":\"https:\/\/www.dehner.de\/jobs\/#\/schema\/logo\/image\/\"}}]}<\/script>\n<!-- \/ Yoast SEO plugin. -->","yoast_head_json":{"title":"Praktikum bei Dehner | Dehner Jobs","description":"Starte deine Praktikum bei Dehner: \u2713 Details zum Praktikum \u2713 Einblicke in die T\u00e4tigkeiten \u25ba Jetzt informieren und bewerben!","robots":{"index":"index","follow":"follow","max-snippet":"max-snippet:-1","max-image-preview":"max-image-preview:large","max-video-preview":"max-video-preview:-1"},"canonical":"https:\/\/www.dehner.de\/jobs\/ausbildung-und-duales-studium\/praktikum\/","og_locale":"de_DE","og_type":"article","og_title":"Praktikum bei Dehner | Dehner Jobs","og_description":"Starte deine Praktikum bei Dehner: \u2713 Details zum Praktikum \u2713 Einblicke in die T\u00e4tigkeiten \u25ba Jetzt informieren und bewerben!","og_url":"https:\/\/www.dehner.de\/jobs\/ausbildung-und-duales-studium\/praktikum\/","og_site_name":"Karriere bei Dehner","article_modified_time":"2025-08-28T13:20:48+00:00","og_image":[{"width":1920,"height":1080,"url":"https:\/\/www.dehner.de\/jobs\/app\/uploads\/sites\/7\/2025\/08\/04_Azubi_Gruppe_3.jpg","type":"image\/jpeg"}],"twitter_card":"summary_large_image","twitter_misc":{"Est. reading time":"2 Minuten"},"schema":{"@context":"https:\/\/schema.org","@graph":[{"@type":"WebPage","@id":"https:\/\/www.dehner.de\/jobs\/ausbildung-und-duales-studium\/praktikum\/","url":"https:\/\/www.dehner.de\/jobs\/ausbildung-und-duales-studium\/praktikum\/","name":"Praktikum bei Dehner | Dehner Jobs","isPartOf":{"@id":"https:\/\/www.dehner.de\/jobs\/#website"},"primaryImageOfPage":{"@id":"https:\/\/www.dehner.de\/jobs\/ausbildung-und-duales-studium\/praktikum\/#primaryimage"},"image":{"@id":"https:\/\/www.dehner.de\/jobs\/ausbildung-und-duales-studium\/praktikum\/#primaryimage"},"thumbnailUrl":"https:\/\/www.dehner.de\/jobs\/app\/uploads\/sites\/7\/2025\/08\/04_Azubi_Gruppe_3.jpg","datePublished":"2020-03-26T14:44:07+00:00","dateModified":"2025-08-28T13:20:48+00:00","description":"Starte deine Praktikum bei Dehner: \u2713 Details zum Praktikum \u2713 Einblicke in die T\u00e4tigkeiten \u25ba Jetzt informieren und bewerben!","breadcrumb":{"@id":"https:\/\/www.dehner.de\/jobs\/ausbildung-und-duales-studium\/praktikum\/#breadcrumb"},"inLanguage":"de-DE","potentialAction":[{"@type":"ReadAction","target":["https:\/\/www.dehner.de\/jobs\/ausbildung-und-duales-studium\/praktikum\/"]}]},{"@type":"ImageObject","inLanguage":"de-DE","@id":"https:\/\/www.dehner.de\/jobs\/ausbildung-und-duales-studium\/praktikum\/#primaryimage","url":"https:\/\/www.dehner.de\/jobs\/app\/uploads\/sites\/7\/2025\/08\/04_Azubi_Gruppe_3.jpg","contentUrl":"https:\/\/www.dehner.de\/jobs\/app\/uploads\/sites\/7\/2025\/08\/04_Azubi_Gruppe_3.jpg","width":1920,"height":1080},{"@type":"BreadcrumbList","@id":"https:\/\/www.dehner.de\/jobs\/ausbildung-und-duales-studium\/praktikum\/#breadcrumb","itemListElement":[{"@type":"ListItem","position":1,"name":"Home","item":"https:\/\/www.dehner.de\/jobs\/"},{"@type":"ListItem","position":2,"name":"Ausbildung und Studium","item":"https:\/\/www.dehner.de\/jobs\/ausbildung-und-duales-studium\/"},{"@type":"ListItem","position":3,"name":"Praktikum"}]},{"@type":"WebSite","@id":"https:\/\/www.dehner.de\/jobs\/#website","url":"https:\/\/www.dehner.de\/jobs\/","name":"Karriere bei Dehner","description":"Die Storys unserer Personalbotschafter","publisher":{"@id":"https:\/\/www.dehner.de\/jobs\/#organization"},"potentialAction":[{"@type":"SearchAction","target":{"@type":"EntryPoint","urlTemplate":"https:\/\/www.dehner.de\/jobs\/?s={search_term_string}"},"query-input":{"@type":"PropertyValueSpecification","valueRequired":true,"valueName":"search_term_string"}}],"inLanguage":"de-DE"},{"@type":"Organization","@id":"https:\/\/www.dehner.de\/jobs\/#organization","name":"Karriere bei Dehner","url":"https:\/\/www.dehner.de\/jobs\/","logo":{"@type":"ImageObject","inLanguage":"de-DE","@id":"https:\/\/www.dehner.de\/jobs\/#\/schema\/logo\/image\/","url":"https:\/\/www.dehner.de\/jobs\/app\/uploads\/sites\/7\/2025\/12\/dehner-garten-center-koenigsbrunn-revitalisierung-neubau-umbau.png","contentUrl":"https:\/\/www.dehner.de\/jobs\/app\/uploads\/sites\/7\/2025\/12\/dehner-garten-center-koenigsbrunn-revitalisierung-neubau-umbau.png","width":800,"height":1315,"caption":"Karriere bei Dehner"},"image":{"@id":"https:\/\/www.dehner.de\/jobs\/#\/schema\/logo\/image\/"}}]}},"_links":{"self":[{"href":"https:\/\/www.dehner.de\/jobs\/wp-json\/wp\/v2\/pages\/1137","targetHints":{"allow":["GET"]}}],"collection":[{"href":"https:\/\/www.dehner.de\/jobs\/wp-json\/wp\/v2\/pages"}],"about":[{"href":"https:\/\/www.dehner.de\/jobs\/wp-json\/wp\/v2\/types\/page"}],"author":[{"embeddable":true,"href":"https:\/\/www.dehner.de\/jobs\/wp-json\/wp\/v2\/users\/1"}],"replies":[{"embeddable":true,"href":"https:\/\/www.dehner.de\/jobs\/wp-json\/wp\/v2\/comments?post=1137"}],"version-history":[{"count":34,"href":"https:\/\/www.dehner.de\/jobs\/wp-json\/wp\/v2\/pages\/1137\/revisions"}],"predecessor-version":[{"id":34067,"href":"https:\/\/www.dehner.de\/jobs\/wp-json\/wp\/v2\/pages\/1137\/revisions\/34067"}],"up":[{"embeddable":true,"href":"https:\/\/www.dehner.de\/jobs\/wp-json\/wp\/v2\/pages\/1131"}],"wp:featuredmedia":[{"embeddable":true,"href":"https:\/\/www.dehner.de\/jobs\/wp-json\/wp\/v2\/media\/34046"}],"wp:attachment":[{"href":"https:\/\/www.dehner.de\/jobs\/wp-json\/wp\/v2\/media?parent=1137"}],"curies":[{"name":"wp","href":"https:\/\/api.w.org\/{rel}","templated":true}]}}