{"id":1129,"date":"2020-03-26T15:40:06","date_gmt":"2020-03-26T14:40:06","guid":{"rendered":"https:\/\/www.dehner.de\/jobs\/?page_id=1129"},"modified":"2025-08-12T14:45:42","modified_gmt":"2025-08-12T12:45:42","slug":"bewerbungsprozess","status":"publish","type":"page","link":"https:\/\/www.dehner.de\/jobs\/arbeiten-bei-dehner\/bewerbungsprozess\/","title":{"rendered":"Bewerbungsprozess &amp; FAQ"},"content":{"rendered":"    <section class=\"block-headline-text container standard pb-5\">\n        <div class=\"row\">\n            <h1 class=\"col-12 title\">Unser Bewerbungs&shy;prozess<\/h1>            <div class=\"col-12 text\"><p>Aller Anfang ist schwer? Nicht bei uns. Vom transparenten Bewerbungsprozess \u00fcber den ersten Arbeitstag bis hin zu den ber\u00fchmten ersten drei Monaten \u2013 verlassen Sie sich auf die wohlwollende Unterst\u00fctzung unserer starken Gemeinschaft. Und<br \/>\ndanach? Da steht Ihnen eine Reihe an Entwicklungschancen offen \u2013 f\u00fcr Auszubildende genauso wie f\u00fcr Berufserfahrene.<\/p>\n<\/div>        <\/div>\n    <\/section>\n\n\n<a data-type=\"tab\" class=\"nav-link\" href=\"#bewerbungsprozess\" data-slug=\"bewerbungsprozess\" data-toggle=\"tab\" role=\"tab\" aria-controls=\"bewerbungsprozess\"><h3 class=\"m-0 p-0 text-center\">Bewerbungsprozess<\/h3><\/a>\n\n<section class=\"block-icongrid-advanced mode-tab pb-5\">\n    <div class=\"wrapper\">\n        <div class=\"container xl-center bg-gray\">\n            <div class=\"row\">\n                <div class=\"col-12 pb-5\">\n                    <h2 class=\"title\">Ihr Weg zu Dehner<\/h2>\n                                    <\/div>\n\n                                        <div class=\"col-md-4 pb-45 pb-sm-5\">\n                            <div class=\"toggler toggler-down-md toggler-hide\"\n                                data-toggle=\"collapse\"\n                                aria-expanded=\"true\"\n                                data-target=\"#collapse-iconsgrid-advanced-0\"\n                                aria-controls=\"collapse-iconsgrid-advanced-0\">\n\n                                <img loading=\"lazy\" decoding=\"async\" width=\"1\" height=\"1\" src=\"https:\/\/www.dehner.de\/jobs\/app\/uploads\/sites\/7\/2025\/07\/bewerbung-per-mausklick-1.svg\" class=\"icon img-fluid\" alt=\"&quot;&quot;\" \/>                                <h4 class=\"font-20 bold toggler toggler-down-md mb-1\">\n                                    Bewerbung per Mausklick                                <\/h4>\n                            <\/div>\n                            <div class=\"collapse text show\" id=\"collapse-iconsgrid-advanced-0\" data-parent=\"main\">\n                                <p>Haben wir Sie bereits von den vielen Vorteilen der Dehner-Gemeinschaft \u00fcberzeugen k\u00f6nnen und Sie haben den passenden Job gefunden? Dann sollten wir uns unbedingt kennenlernen. Am besten bewerben Sie sich daf\u00fcr auf eine <a href=\"https:\/\/www.dehner.de\/jobs\/jobmarkt\/\">ausgeschriebene Stelle<\/a> oder gerne auch initiativ.<br \/>\nIhre vollst\u00e4ndigen Unterlagen k\u00f6nnen Sie uns bevorzugt online &#8211; in nur f\u00fcnf Minuten &#8211; direkt \u00fcber unser Karriereportal zukommen lassen.<\/p>\n                            <\/div>\n                        <\/div>\n                                                <div class=\"col-md-4 pb-45 pb-sm-5\">\n                            <div class=\"toggler toggler-down-md toggler-hide\"\n                                data-toggle=\"collapse\"\n                                aria-expanded=\"true\"\n                                data-target=\"#collapse-iconsgrid-advanced-1\"\n                                aria-controls=\"collapse-iconsgrid-advanced-1\">\n\n                                <img loading=\"lazy\" decoding=\"async\" width=\"1\" height=\"1\" src=\"https:\/\/www.dehner.de\/jobs\/app\/uploads\/sites\/7\/2025\/07\/bewerbungsunterlagen-1.svg\" class=\"icon img-fluid\" alt=\"&quot;&quot;\" \/>                                <h4 class=\"font-20 bold toggler toggler-down-md mb-1\">\n                                    Erste R\u00fcckmeldung                                <\/h4>\n                            <\/div>\n                            <div class=\"collapse text show\" id=\"collapse-iconsgrid-advanced-1\" data-parent=\"main\">\n                                <p>Sofern Sie Ihre Bewerbung online, per E-Mail oder postalisch gesendet haben, erhalten Sie von uns eine kurze Eingangsbest\u00e4tigung. Wir geben uns gro\u00dfe M\u00fche, Ihnen so schnell wie m\u00f6glich, in der Regel innerhalb eines Werktages, eine erste R\u00fcckmeldung zu geben. Die postalisch eingeschickten Bewerbungsunterlagen werden f\u00fcr unser Bewerbermanagementsystem digitalisiert und Ihnen mit der Eingangsbest\u00e4tigung zur\u00fcckgesendet.<\/p>\n                            <\/div>\n                        <\/div>\n                                                <div class=\"col-md-4 pb-45 pb-sm-5\">\n                            <div class=\"toggler toggler-down-md toggler-hide\"\n                                data-toggle=\"collapse\"\n                                aria-expanded=\"true\"\n                                data-target=\"#collapse-iconsgrid-advanced-2\"\n                                aria-controls=\"collapse-iconsgrid-advanced-2\">\n\n                                <img loading=\"lazy\" decoding=\"async\" width=\"1\" height=\"1\" src=\"https:\/\/www.dehner.de\/jobs\/app\/uploads\/sites\/7\/2025\/07\/vorstellungsgespraech-2.svg\" class=\"icon img-fluid\" alt=\"vorstellungsgespraech\" \/>                                <h4 class=\"font-20 bold toggler toggler-down-md mb-1\">\n                                    Kennenlerngespr\u00e4ch                                <\/h4>\n                            <\/div>\n                            <div class=\"collapse text show\" id=\"collapse-iconsgrid-advanced-2\" data-parent=\"main\">\n                                <p>Haben Sie uns neugierig gemacht, werden wir mehr \u00fcber Sie erfahren wollen und Sie zu einem ersten Kennenlerngespr\u00e4ch einladen. Je nach Bereich und Position kann es vorkommen, dass auch noch ein zweites Gespr\u00e4ch stattfindet.<\/p>\n                            <\/div>\n                        <\/div>\n                                                <div class=\"col-md-4 pb-45 pb-sm-5\">\n                            <div class=\"toggler toggler-down-md toggler-hide\"\n                                data-toggle=\"collapse\"\n                                aria-expanded=\"true\"\n                                data-target=\"#collapse-iconsgrid-advanced-3\"\n                                aria-controls=\"collapse-iconsgrid-advanced-3\">\n\n                                <img loading=\"lazy\" decoding=\"async\" width=\"1\" height=\"1\" src=\"https:\/\/www.dehner.de\/jobs\/app\/uploads\/sites\/7\/2025\/07\/willkommen-bei-dehner-1.svg\" class=\"icon img-fluid\" alt=\"&quot;&quot;\" \/>                                <h4 class=\"font-20 bold toggler toggler-down-md mb-1\">\n                                    Willkommen bei Dehner                                <\/h4>\n                            <\/div>\n                            <div class=\"collapse text show\" id=\"collapse-iconsgrid-advanced-3\" data-parent=\"main\">\n                                <p>Bestenfalls erteilen wir Ihnen eine Zusage \u2013 in der Regel telefonisch \u2013 und erstellen Ihnen anschlie\u00dfend einen entsprechenden Arbeitsvertrag. Zwei Unterschriften sp\u00e4ter kann es losgehen!<\/p>\n                            <\/div>\n                        <\/div>\n                                \n            <\/div>\n        <\/div>\n    <\/div>\n<\/section>\n\n<section class=\"block-contactperson bg-gray py-4 my-4\">\n    <div class=\"container\">\n        <div class=\"\">\n            <h3 class=\"mb-4 font-h4\">Haben Sie noch Fragen zu Ihrer Bewerbung?<\/h3>\n            <div class=\"\">\n                <div class=\"mb-4\">\n                    <strong class=\"d-inline-block pb-2\">Ansprechpartner<\/strong><br>\n                    Bei Fragen steht Ihnen gerne die Abteilung HR Business Partner zur Verf\u00fcgung. Bitte beachten Sie, dass Sie uns unter dieser Nummer zu den \u00fcblichen B\u00fcrozeiten erreichen.<br>\n                <\/div>\n                <div class=\"mb-4\">\n                    <span class=\"d-inline-block d-flex\"><i style=\"font-size: 36px; margin-top: -8px;\" class=\"dicons jobs-phone pr-2 pt-1\"><\/i><p class=\"mb-3\">+49 (9090) &#8211; 77 7274<\/p><\/span>\n                    <span class=\"d-inline-block d-flex\"><i style=\"font-size: 36px; margin-top: -8px;\" class=\"dicons allg-mail pr-2 pt-1\"><\/i><p class=\"mb-0\">karriere@dehner.de<\/p><\/span>\n                <\/div>\n            <\/div>\n        <\/div>\n    <\/div>\n<\/section>\n\n\n<section class=\"block-cta df aic bg-secondary  mt-4\">\n    <div class=\"container py-5\">\n        <div class=\"row\">\n            <div class=\"col-md-8 col-lg-9 mb-4 mb-md-0\">\n                <h2 class=\"font-h1 mb-0\">\n                    Werden Sie Teil unseres Teams                <\/h2>\n            <\/div>\n            <div class=\"col-md-4 col-lg-3 df aic\">\n                <a href=\"https:\/\/www.dehner.de\/jobs\/jobmarkt\/\" class=\"btn btn-red btn-full\" title=\"Jetzt bewerben\">Jetzt bewerben<\/a>            <\/div>\n        <\/div>\n    <\/div>\n<\/section>\n\n\n<a data-type=\"tab\" class=\"nav-link\" href=\"#bewerbungstipps\" data-slug=\"bewerbungstipps\" data-toggle=\"tab\" role=\"tab\" aria-controls=\"bewerbungstipps\"><h3 class=\"m-0 p-0 text-center\">Bewerbungstipps<\/h3><\/a>\n\n    <section class=\"block-headline-text container standard pb-5\">\n        <div class=\"row\">\n            <h2 class=\"col-12 title\">Tipps f\u00fcr Ihre Bewerbung bei Dehner<\/h2>            <div class=\"col-12 text\"><p>Wir freuen uns immer \u00fcber potenzielle Kolleginnen und Kollegen, die unsere Gemeinschaft in den Kernm\u00e4rkten Deutschland und \u00d6sterreich verst\u00e4rken m\u00f6chten. Damit wir von Anfang an einen guten Eindruck voneinander haben, finden Sie folgend einige Tipps f\u00fcr Ihre Bewerbung bei Dehner. Wir freuen uns darauf, Sie kennenzulernen!<\/p>\n<p>Ihre <strong>Bewerbungsunterlagen<\/strong> bestehen aus einem Lebenslauf inklusive Angabe Ihrer Gehaltsvorstellung und des fr\u00fchestm\u00f6glichen Eintrittstermins.<br \/>\nEin Anschreiben, in dem Sie Ihre Motivation beschreiben, und die relevanten (Arbeits-)Zeugnisse k\u00f6nnen Sie in Ihrer Bewerbung gerne erg\u00e4nzen.<\/p>\n<p>Wir m\u00f6chten Sie bitten, Ihre Bewerbung <strong>vorzugsweise \u00fcber unser <a href=\"https:\/\/www.dehner.de\/jobs\/jobmarkt\/\">Karriereportal<\/a><\/strong> zu verschicken.<\/p>\n<p>Sollten Sie sich postalisch bei uns bewerben, bitten wir Sie unbedingt um die <strong>Angabe einer g\u00fcltigen E-Mail-Adresse<\/strong>, unter der man Sie erreichen kann.<\/p>\n<p>Speichern und verschicken Sie Ihre Bewerbungsunterlagen <strong>online am besten als PDF<\/strong> und beachten Sie bitte, dass wir bei E-Mail-Bewerbungen aus Datenschutzgr\u00fcnden <strong>keine .zip-Dateien<\/strong> \u00f6ffnen k\u00f6nnen.<\/p>\n<p><strong>Stellen Sie beim Vorstellungsgespr\u00e4ch selbst gerne Fragen<\/strong>. Sie wollen uns ja schlie\u00dflich auch kennenlernen.<\/p>\n<p>Und der vielleicht wichtigste Tipp f\u00fcr unser erstes Kennenlernen: <strong>Bleiben Sie authentisch<\/strong>. Ihre ehrliche Pers\u00f6nlichkeit ist f\u00fcr uns eines der wichtigsten Kriterien bei der Auswahl.<\/p>\n<\/div>        <\/div>\n    <\/section>\n\n\n<section class=\"block-contactperson bg-gray py-4 my-4\">\n    <div class=\"container\">\n        <div class=\"\">\n            <h3 class=\"mb-4 font-h4\">Haben Sie noch Fragen zu Ihrer Bewerbung?<\/h3>\n            <div class=\"\">\n                <div class=\"mb-4\">\n                    <strong class=\"d-inline-block pb-2\">Ansprechpartner<\/strong><br>\n                    Bei Fragen steht Ihnen gerne die Abteilung HR Business Partner zur Verf\u00fcgung. Bitte beachten Sie, dass Sie uns unter dieser Nummer zu den \u00fcblichen B\u00fcrozeiten erreichen.<br>\n                <\/div>\n                <div class=\"mb-4\">\n                    <span class=\"d-inline-block d-flex\"><i style=\"font-size: 36px; margin-top: -8px;\" class=\"dicons jobs-phone pr-2 pt-1\"><\/i><p class=\"mb-3\">+49 (9090) &#8211; 77 7274<\/p><\/span>\n                    <span class=\"d-inline-block d-flex\"><i style=\"font-size: 36px; margin-top: -8px;\" class=\"dicons allg-mail pr-2 pt-1\"><\/i><p class=\"mb-0\">karriere@dehner.de<\/p><\/span>\n                <\/div>\n            <\/div>\n        <\/div>\n    <\/div>\n<\/section>\n\n\n<section class=\"block-cta df aic bg-secondary  mt-4\">\n    <div class=\"container py-5\">\n        <div class=\"row\">\n            <div class=\"col-md-8 col-lg-9 mb-4 mb-md-0\">\n                <h2 class=\"font-h1 mb-0\">\n                    Werden Sie Teil unseres Teams                <\/h2>\n            <\/div>\n            <div class=\"col-md-4 col-lg-3 df aic\">\n                <a href=\"https:\/\/www.dehner.de\/jobs\/jobmarkt\/\" class=\"btn btn-red btn-full\" title=\"Jetzt bewerben\">Jetzt bewerben<\/a>            <\/div>\n        <\/div>\n    <\/div>\n<\/section>\n\n\n<a data-type=\"tab\" class=\"nav-link\" href=\"#faq\" data-slug=\"faq\" data-toggle=\"tab\" role=\"tab\" aria-controls=\"faq\"><h3 class=\"m-0 p-0 text-center\">FAQ<\/h3><\/a>\n\n<section class=\"block-faq pb-4\">\n    <div class=\"container\">\n        <ul class=\"faq-sections\">\n                            <li class=\"py-2 mb-45\">\n                    <a href=\"#haeufig-gestellte-fragen-faqs\" data-toggle=\"collapse\" role=\"button\" aria-expanded=\"true\" aria-controls=\"haeufig-gestellte-fragen-faqs\">\n                        <h3 class=\"text-uppercase pb-2\">H\u00e4ufig gestellte Fragen \u2013 FAQs<\/h3>\n                    <\/a>\n                    <ul class=\"collapse show faq-items\" id=\"haeufig-gestellte-fragen-faqs\">\n                                                                    <li class=\"pb-2\">\n                            <a class=\"d-block font-weight-bold mb-2\" href=\"#haeufig-gestellte-fragen-faqs-0\" data-toggle=\"collapse\" role=\"button\" aria-expanded=\"false\" aria-controls=\"haeufig-gestellte-fragen-faqs-0\">Sind ausgeschriebene Stellenangebote aktuell?<\/a>\n                            <div class=\"collapse faq-answer\" id=\"haeufig-gestellte-fragen-faqs-0\">\n                                <p>Bei allen auf unserer Stellenb\u00f6rse ausgeschriebenen Angeboten handelt es sich um zu besetzende Stellen.<\/p>\n                            <\/div>\n                        <\/li>\n                                                                    <li class=\"pb-2\">\n                            <a class=\"d-block font-weight-bold mb-2\" href=\"#haeufig-gestellte-fragen-faqs-1\" data-toggle=\"collapse\" role=\"button\" aria-expanded=\"false\" aria-controls=\"haeufig-gestellte-fragen-faqs-1\">Lohnt es sich noch, sich zu bewerben, obwohl das Stellenangebot nicht mehr auf der Website ist?<\/a>\n                            <div class=\"collapse faq-answer\" id=\"haeufig-gestellte-fragen-faqs-1\">\n                                <p>Das kann sich durchaus lohnen. Manchmal nehmen wir Stellenangebote kurzfristig von der Karriereseite, da sich bereits viele Bewerberinnen und Bewerber gemeldet haben und diese Bewerbungen erst einmal gesichtet werden m\u00fcssen. Eine Bewerbung wird in diesem Moment nat\u00fcrlich trotzdem ber\u00fccksichtigt.<\/p>\n                            <\/div>\n                        <\/li>\n                                                                    <li class=\"pb-2\">\n                            <a class=\"d-block font-weight-bold mb-2\" href=\"#haeufig-gestellte-fragen-faqs-2\" data-toggle=\"collapse\" role=\"button\" aria-expanded=\"false\" aria-controls=\"haeufig-gestellte-fragen-faqs-2\">Kann ich mich initiativ bewerben?<\/a>\n                            <div class=\"collapse faq-answer\" id=\"haeufig-gestellte-fragen-faqs-2\">\n                                <p>Ja, wir nehmen Initiativbewerbungen gerne an. Bitte schreiben Sie Ihren bevorzugten Arbeitsort und Ihren T\u00e4tigkeitsbereich mit in Ihr Anschreiben, damit die Bewerbung schnellstm\u00f6glich an die richtige F\u00fchrungskraft weitergeleitet werden kann.<\/p>\n                            <\/div>\n                        <\/li>\n                                                                    <li class=\"pb-2\">\n                            <a class=\"d-block font-weight-bold mb-2\" href=\"#haeufig-gestellte-fragen-faqs-3\" data-toggle=\"collapse\" role=\"button\" aria-expanded=\"false\" aria-controls=\"haeufig-gestellte-fragen-faqs-3\">An wen richte ich meine Bewerbung?<\/a>\n                            <div class=\"collapse faq-answer\" id=\"haeufig-gestellte-fragen-faqs-3\">\n                                <p>Die richtigen Ansprechpartner\/-innen finden Sie immer auf der Detailseite des Stellenangebots unserer Karriere-Website. Bei Initiativbewerbungen verwenden Sie gerne \u201eSehr geehrte Damen und Herren\u201c als Ansprache.<\/p>\n                            <\/div>\n                        <\/li>\n                                                                    <li class=\"pb-2\">\n                            <a class=\"d-block font-weight-bold mb-2\" href=\"#haeufig-gestellte-fragen-faqs-4\" data-toggle=\"collapse\" role=\"button\" aria-expanded=\"false\" aria-controls=\"haeufig-gestellte-fragen-faqs-4\">Wie sollte ich mich am besten bei Dehner bewerben?<\/a>\n                            <div class=\"collapse faq-answer\" id=\"haeufig-gestellte-fragen-faqs-4\">\n                                <p>Bitte bewerben Sie sich, wenn m\u00f6glich, direkt \u00fcber das Online-Portal unserer Karriere-Website. Die Online-Bewerbung dauert maximal f\u00fcnf Minuten und bietet Ihnen die M\u00f6glichkeit, Ihre Unterlagen jederzeit zu aktualisieren. Au\u00dferdem ist so f\u00fcr Sie sichergestellt, dass Ihre Bewerbungsunterlagen schnellstm\u00f6glich von uns gesichtet werden k\u00f6nnen.<\/p>\n                            <\/div>\n                        <\/li>\n                                                                    <li class=\"pb-2\">\n                            <a class=\"d-block font-weight-bold mb-2\" href=\"#haeufig-gestellte-fragen-faqs-5\" data-toggle=\"collapse\" role=\"button\" aria-expanded=\"false\" aria-controls=\"haeufig-gestellte-fragen-faqs-5\">Kann ich mich auf mehrere Stellen gleichzeitig bewerben?<\/a>\n                            <div class=\"collapse faq-answer\" id=\"haeufig-gestellte-fragen-faqs-5\">\n                                <p>Sehr gerne! Damit Ihre Bewerbung auch ganz sicher in allen pr\u00e4ferierten M\u00e4rkten\/Fachabteilungen ankommt, bitten wir Sie darum, sich direkt und gesondert auf die jeweiligen Stellen zu bewerben.<\/p>\n                            <\/div>\n                        <\/li>\n                                                                    <li class=\"pb-2\">\n                            <a class=\"d-block font-weight-bold mb-2\" href=\"#haeufig-gestellte-fragen-faqs-6\" data-toggle=\"collapse\" role=\"button\" aria-expanded=\"false\" aria-controls=\"haeufig-gestellte-fragen-faqs-6\">Was bedeutet die Option zur Datenfreigabe im Bewerbungsprozess?<\/a>\n                            <div class=\"collapse faq-answer\" id=\"haeufig-gestellte-fragen-faqs-6\">\n                                <p>Wenn Sie die Option zur Datenfreigabe in der Bewerbermaske anhaken, k\u00f6nnen wir Ihre Unterlagen bez\u00fcglich anderer passender Stellen \u00fcberpr\u00fcfen und Ihre Bewerbung auch in unseren Talentepool aufnehmen. So verpassen Sie nichts und wir k\u00f6nnen Sie auch nach 6\u00a0Monaten noch auf interessante Stellen aufmerksam machen. Ihre Daten dienen zudem ausschlie\u00dflich bewerbungs- bzw. stellenrelevanten Zwecken und werden nicht an Dritte weitergegeben.<\/p>\n                            <\/div>\n                        <\/li>\n                                                                    <li class=\"pb-2\">\n                            <a class=\"d-block font-weight-bold mb-2\" href=\"#haeufig-gestellte-fragen-faqs-7\" data-toggle=\"collapse\" role=\"button\" aria-expanded=\"false\" aria-controls=\"haeufig-gestellte-fragen-faqs-7\">Welche Dokumente muss ich f\u00fcr meine Bewerbung hochladen?<\/a>\n                            <div class=\"collapse faq-answer\" id=\"haeufig-gestellte-fragen-faqs-7\">\n                                <p>Ein strukturierter Lebenslauf ist f\u00fcr die Sichtung Ihrer Bewerbung unbedingt notwendig. Auch die Arbeitszeugnisse und ggf. Schulzeugnisse\/Weiterbildungsnachweise sollten nicht fehlen. Zudem freuen wir uns, wenn Ihrer Bewerbung ein Anschreiben beigef\u00fcgt ist, das uns mehr \u00fcber Ihre Motivation verr\u00e4t.<\/p>\n                            <\/div>\n                        <\/li>\n                                                                    <li class=\"pb-2\">\n                            <a class=\"d-block font-weight-bold mb-2\" href=\"#haeufig-gestellte-fragen-faqs-8\" data-toggle=\"collapse\" role=\"button\" aria-expanded=\"false\" aria-controls=\"haeufig-gestellte-fragen-faqs-8\">Kann ich die Bewerbungsunterlagen direkt in der Filiale\/im Markt oder in der Zentrale vorbeibringen?<\/a>\n                            <div class=\"collapse faq-answer\" id=\"haeufig-gestellte-fragen-faqs-8\">\n                                <p>Das k\u00f6nnen Sie gerne tun. Jedoch erleichtern Sie es uns, wenn Sie die Bewerbung direkt \u00fcber die Karriere-Seite online einreichen. Bei der pers\u00f6nlichen Abgabe Ihrer Bewerbungsunterlagen dauert der Bewerbungsprozess leider l\u00e4nger, da mehr administrativer Aufwand im Hintergrund anf\u00e4llt.<\/p>\n                            <\/div>\n                        <\/li>\n                                        <\/ul>\n                <\/li>\n                    <\/ul>\n    <\/div>\n<\/section>\n\n<section class=\"block-contactperson bg-gray py-4 my-4\">\n    <div class=\"container\">\n        <div class=\"\">\n            <h3 class=\"mb-4 font-h4\">Haben Sie noch Fragen zu Ihrer Bewerbung?<\/h3>\n            <div class=\"\">\n                <div class=\"mb-4\">\n                    <strong class=\"d-inline-block pb-2\">Ansprechpartner<\/strong><br>\n                    Bei Fragen steht Ihnen gerne die Abteilung HR Business Partner zur Verf\u00fcgung. Bitte beachten Sie, dass Sie uns unter dieser Nummer zu den \u00fcblichen B\u00fcrozeiten erreichen.<br>\n                <\/div>\n                <div class=\"mb-4\">\n                    <span class=\"d-inline-block d-flex\"><i style=\"font-size: 36px; margin-top: -8px;\" class=\"dicons jobs-phone pr-2 pt-1\"><\/i><p class=\"mb-3\">+49 (9090) &#8211; 77 7274<\/p><\/span>\n                    <span class=\"d-inline-block d-flex\"><i style=\"font-size: 36px; margin-top: -8px;\" class=\"dicons allg-mail pr-2 pt-1\"><\/i><p class=\"mb-0\">karriere@dehner.de<\/p><\/span>\n                <\/div>\n            <\/div>\n        <\/div>\n    <\/div>\n<\/section>\n\n\n<section class=\"block-cta df aic bg-secondary  mt-4\">\n    <div class=\"container py-5\">\n        <div class=\"row\">\n            <div class=\"col-md-8 col-lg-9 mb-4 mb-md-0\">\n                <h2 class=\"font-h1 mb-0\">\n                    Werden Sie Teil unseres Teams                <\/h2>\n            <\/div>\n            <div class=\"col-md-4 col-lg-3 df aic\">\n                <a href=\"https:\/\/www.dehner.de\/jobs\/jobmarkt\/\" class=\"btn btn-red btn-full\" title=\"Jetzt bewerben\">Jetzt bewerben<\/a>            <\/div>\n        <\/div>\n    <\/div>\n<\/section>\n\n\n<a data-type=\"tab\" class=\"nav-link\" href=\"#bewerbungsprozess-schueler\" data-slug=\"bewerbungsprozess-schueler\" data-toggle=\"tab\" role=\"tab\" aria-controls=\"bewerbungsprozess-schueler\"><h3 class=\"m-0 p-0 text-center\">Bewerbungsprozess Sch\u00fcler<\/h3><\/a>\n\n<section class=\"block-icongrid-advanced mode-tab pb-5\">\n    <div class=\"wrapper\">\n        <div class=\"container xl-center bg-gray\">\n            <div class=\"row\">\n                <div class=\"col-12 pb-5\">\n                    <h2 class=\"title\">Von der Bewerbung bis zur Einstellung \u2013 unser Bewerbungsprozess f\u00fcr Sch\u00fcler<\/h2>\n                                    <\/div>\n\n                                        <div class=\"col-md-4 pb-45 pb-sm-5\">\n                            <div class=\"toggler toggler-down-md toggler-hide\"\n                                data-toggle=\"collapse\"\n                                aria-expanded=\"true\"\n                                data-target=\"#collapse-iconsgrid-advanced-0\"\n                                aria-controls=\"collapse-iconsgrid-advanced-0\">\n\n                                <img loading=\"lazy\" decoding=\"async\" width=\"1\" height=\"1\" src=\"https:\/\/www.dehner.de\/jobs\/app\/uploads\/sites\/7\/2025\/07\/bewerbungsunterlagen-1.svg\" class=\"icon img-fluid\" alt=\"&quot;&quot;\" \/>                                <h4 class=\"font-20 bold toggler toggler-down-md mb-1\">\n                                    Bewerbungsunterlagen                                <\/h4>\n                            <\/div>\n                            <div class=\"collapse text show\" id=\"collapse-iconsgrid-advanced-0\" data-parent=\"main\">\n                                <p>Du hast die passende Ausbildung gefunden und wir konnten Dich als Arbeitgeber \u00fcberzeugen? Dann sollten wir uns unbedingt kennenlernen! Bewirb Dich daf\u00fcr auf <a href=\"https:\/\/www.dehner.de\/jobs\/jobmarkt\/\">einen ausgeschriebenen Ausbildungsplatz<\/a>, indem Du uns Deine vollst\u00e4ndigen Bewerbungsunterlagen online direkt \u00fcber unser Karriereportal zukommen l\u00e4sst.<\/p>\n                            <\/div>\n                        <\/div>\n                                                <div class=\"col-md-4 pb-45 pb-sm-5\">\n                            <div class=\"toggler toggler-down-md toggler-hide\"\n                                data-toggle=\"collapse\"\n                                aria-expanded=\"true\"\n                                data-target=\"#collapse-iconsgrid-advanced-1\"\n                                aria-controls=\"collapse-iconsgrid-advanced-1\">\n\n                                <img loading=\"lazy\" decoding=\"async\" width=\"1\" height=\"1\" src=\"https:\/\/www.dehner.de\/jobs\/app\/uploads\/sites\/7\/2025\/07\/bewerbung-per-mausklick-1.svg\" class=\"icon img-fluid\" alt=\"&quot;&quot;\" \/>                                <h4 class=\"font-20 bold toggler toggler-down-md mb-1\">\n                                    Bewerbung per Mausklick                                <\/h4>\n                            <\/div>\n                            <div class=\"collapse text show\" id=\"collapse-iconsgrid-advanced-1\" data-parent=\"main\">\n                                <p>Klicke bei der passenden Stellenausschreibung auf \u201eJetzt bewerben\u201c und lade Deine Bewerbungsunterlagen ganz unkompliziert direkt online \u00fcber unser Bewerbungsportal hoch. Sobald Deine Bewerbung online oder postalisch eingegangen ist, erh\u00e4ltst Du von uns eine Eingangsbest\u00e4tigung.<\/p>\n                            <\/div>\n                        <\/div>\n                                                <div class=\"col-md-4 pb-45 pb-sm-5\">\n                            <div class=\"toggler toggler-down-md toggler-hide\"\n                                data-toggle=\"collapse\"\n                                aria-expanded=\"true\"\n                                data-target=\"#collapse-iconsgrid-advanced-2\"\n                                aria-controls=\"collapse-iconsgrid-advanced-2\">\n\n                                <img loading=\"lazy\" decoding=\"async\" width=\"1\" height=\"1\" src=\"https:\/\/www.dehner.de\/jobs\/app\/uploads\/sites\/7\/2025\/07\/vorstellungsgespraech-2.svg\" class=\"icon img-fluid\" alt=\"vorstellungsgespraech\" \/>                                <h4 class=\"font-20 bold toggler toggler-down-md mb-1\">\n                                    Vorstellungsgespr\u00e4ch                                <\/h4>\n                            <\/div>\n                            <div class=\"collapse text show\" id=\"collapse-iconsgrid-advanced-2\" data-parent=\"main\">\n                                <p>Wenn Du uns neugierig gemacht hast und wir mehr \u00fcber Dich erfahren wollen, laden wir Dich zu einem Vorstellungsgespr\u00e4ch ein. Das Gespr\u00e4ch findet digital oder pers\u00f6nlich mit einer Kollegin oder einem Kollegen aus der Abteilung \u201eAusbildung &amp; Nachwuchsentwicklung\u201c und ggf. aus dem jeweiligen Fachbereich statt. Je nach Bereich und Ausbildungsberuf kann es vorkommen, dass auch noch ein zweites Gespr\u00e4ch, z.B. mit dem Marktleiter vor Ort, stattfindet.<\/p>\n<p>Wenn Du Dich f\u00fcr ein duales Studium oder eine Ausbildung zum Handelsfachwirt (m\/w\/d) bewirbst, freuen wir uns, wenn Du im Vorfeld eine Praxisaufgabe erarbeitest und uns diese im Vorstellungsgespr\u00e4ch \u00fcberzeugend pr\u00e4sentierst.<\/p>\n                            <\/div>\n                        <\/div>\n                                                <div class=\"col-md-4 pb-45 pb-sm-5\">\n                            <div class=\"toggler toggler-down-md toggler-hide\"\n                                data-toggle=\"collapse\"\n                                aria-expanded=\"true\"\n                                data-target=\"#collapse-iconsgrid-advanced-3\"\n                                aria-controls=\"collapse-iconsgrid-advanced-3\">\n\n                                <img loading=\"lazy\" decoding=\"async\" width=\"1\" height=\"1\" src=\"https:\/\/www.dehner.de\/jobs\/app\/uploads\/sites\/7\/2025\/07\/optional-probepraktikum-1.svg\" class=\"icon img-fluid\" alt=\"&quot;&quot;\" \/>                                <h4 class=\"font-20 bold toggler toggler-down-md mb-1\">\n                                    Optional: Probepraktikum                                <\/h4>\n                            <\/div>\n                            <div class=\"collapse text show\" id=\"collapse-iconsgrid-advanced-3\" data-parent=\"main\">\n                                <p>Je nach Ausbildungsberuf und nach erfolgreich verlaufendem Vorstellungsgespr\u00e4ch, bieten wir Dir au\u00dferdem ein Probepraktikum an. So k\u00f6nnen wir uns gegenseitig noch besser kennenlernen und Du kannst Dir ein erstes Bild von Deinem zuk\u00fcnftigen Arbeitsplatz, dem Team und Deinen Aufgaben machen.<\/p>\n                            <\/div>\n                        <\/div>\n                                                <div class=\"col-md-4 pb-45 pb-sm-5\">\n                            <div class=\"toggler toggler-down-md toggler-hide\"\n                                data-toggle=\"collapse\"\n                                aria-expanded=\"true\"\n                                data-target=\"#collapse-iconsgrid-advanced-4\"\n                                aria-controls=\"collapse-iconsgrid-advanced-4\">\n\n                                <img loading=\"lazy\" decoding=\"async\" width=\"1\" height=\"1\" src=\"https:\/\/www.dehner.de\/jobs\/app\/uploads\/sites\/7\/2025\/07\/willkommen-bei-dehner-1.svg\" class=\"icon img-fluid\" alt=\"&quot;&quot;\" \/>                                <h4 class=\"font-20 bold toggler toggler-down-md mb-1\">\n                                    Willkommen bei Dehner                                <\/h4>\n                            <\/div>\n                            <div class=\"collapse text show\" id=\"collapse-iconsgrid-advanced-4\" data-parent=\"main\">\n                                <p>Wir haben uns gegenseitig voneinander \u00fcberzeugt? Willkommen bei Dehner! Deinen Ausbildungsvertrag erh\u00e4ltst Du von uns per Post und dann kann es bald mit Deiner Ausbildung bei Dehner losgehen!<\/p>\n                            <\/div>\n                        <\/div>\n                                \n            <\/div>\n        <\/div>\n    <\/div>\n<\/section>\n\n<section class=\"block-contactperson bg-gray py-4 my-4\">\n    <div class=\"container\">\n        <div class=\"\">\n            <h3 class=\"mb-4 font-h4\">Hast Du noch Fragen zu Deiner Bewerbung?<\/h3>\n            <div class=\"\">\n                <div class=\"mb-4\">\n                    <strong class=\"d-inline-block pb-2\">Ansprechpartner<\/strong><br>\n                    Bei Fragen steht Dir gerne die Abteilung Young Talents zur Verf\u00fcgung. Bitte beachte, dass Du uns unter dieser Nummer zu den \u00fcblichen B\u00fcrozeiten erreichst.<br>\n                <\/div>\n                <div class=\"mb-4\">\n                    <span class=\"d-inline-block d-flex\"><i style=\"font-size: 36px; margin-top: -8px;\" class=\"dicons jobs-phone pr-2 pt-1\"><\/i><p class=\"mb-3\">+49 (9090) &#8211; 77 7780<\/p><\/span>\n                    <span class=\"d-inline-block d-flex\"><i style=\"font-size: 36px; margin-top: -8px;\" class=\"dicons allg-mail pr-2 pt-1\"><\/i><p class=\"mb-0\">ausbildung@dehner.de<\/p><\/span>\n                <\/div>\n            <\/div>\n        <\/div>\n    <\/div>\n<\/section>\n\n\n<section class=\"block-cta df aic bg-secondary  mt-4\">\n    <div class=\"container py-5\">\n        <div class=\"row\">\n            <div class=\"col-md-8 col-lg-9 mb-4 mb-md-0\">\n                <h2 class=\"font-h1 mb-0\">\n                    Werden Sie Teil unseres Teams                <\/h2>\n            <\/div>\n            <div class=\"col-md-4 col-lg-3 df aic\">\n                <a href=\"https:\/\/www.dehner.de\/jobs\/jobmarkt\/\" class=\"btn btn-red btn-full\" title=\"Jetzt bewerben\">Jetzt bewerben<\/a>            <\/div>\n        <\/div>\n    <\/div>\n<\/section>\n\n\n<a data-type=\"tab\" class=\"nav-link\" href=\"#faq-schueler\" data-slug=\"faq-schueler\" data-toggle=\"tab\" role=\"tab\" aria-controls=\"faq-schueler\"><h3 class=\"m-0 p-0 text-center\">FAQ Sch\u00fcler<\/h3><\/a>\n\n<section class=\"block-faq pb-4\">\n    <div class=\"container\">\n        <ul class=\"faq-sections\">\n                            <li class=\"py-2 mb-45\">\n                    <a href=\"#haeufig-gestellte-fragen-faqs-schueler\" data-toggle=\"collapse\" role=\"button\" aria-expanded=\"true\" aria-controls=\"haeufig-gestellte-fragen-faqs-schueler\">\n                        <h3 class=\"text-uppercase pb-2\">H\u00e4ufig gestellte Fragen \u2013 FAQs &#8211; SCH\u00dcLER<\/h3>\n                    <\/a>\n                    <ul class=\"collapse show faq-items\" id=\"haeufig-gestellte-fragen-faqs-schueler\">\n                                                                    <li class=\"pb-2\">\n                            <a class=\"d-block font-weight-bold mb-2\" href=\"#haeufig-gestellte-fragen-faqs-schueler-0\" data-toggle=\"collapse\" role=\"button\" aria-expanded=\"false\" aria-controls=\"haeufig-gestellte-fragen-faqs-schueler-0\">Ab wann und wie sollte ich mich f\u00fcr eine Ausbildungsstelle bei Dehner bewerben? <\/a>\n                            <div class=\"collapse faq-answer\" id=\"haeufig-gestellte-fragen-faqs-schueler-0\">\n                                <p>Deine Ausbildung beginnt bei Dehner j\u00e4hrlich zum 1. August (f\u00fcr M\u00e4rkte in Sachsen, Sachsen-Anhalt, Th\u00fcringen, Niedersachsen, Hamburg, Schleswig-Holstein, Nordrhein-Westfalen und im Saarland) oder zum 1. September (f\u00fcr M\u00e4rkte in Bayern, Baden-W\u00fcrttemberg, Rheinland-Pfalz, Hessen und in \u00d6sterreich). Dual Studierende beginnen ihr Studium zum Wintersemester jeweils am 1. Oktober. Ab diesem Zeitpunkt kannst Du Dich \u00fcber unsere Karriere-Website f\u00fcr das folgende Jahr bewerben. In unserem <a href=\"https:\/\/www.dehner.de\/jobs\/jobmarkt\/\"> Stellenportal <\/a> findest Du alle vakanten Ausbildungspl\u00e4tze. Mit dem Klick auf \u201eJetzt bewerben\u201c startest Du direkt mit der Eingabe Deiner Bewerbung.<\/p>\n                            <\/div>\n                        <\/li>\n                                                                    <li class=\"pb-2\">\n                            <a class=\"d-block font-weight-bold mb-2\" href=\"#haeufig-gestellte-fragen-faqs-schueler-1\" data-toggle=\"collapse\" role=\"button\" aria-expanded=\"false\" aria-controls=\"haeufig-gestellte-fragen-faqs-schueler-1\">Wann darf ich mit einer Entscheidung bzw. einer R\u00fcckmeldung rechnen, wenn ich mich um eine Ausbildungsstelle beworben habe?<\/a>\n                            <div class=\"collapse faq-answer\" id=\"haeufig-gestellte-fragen-faqs-schueler-1\">\n                                <p>Wir sichten jede Bewerbung einzeln und geben allen Bewerberinnen und Bewerbern eine zeitnahe R\u00fcckmeldung. Solltest Du R\u00fcckfragen haben, stehen wir Dir gerne jederzeit zu Verf\u00fcgung. Wende Dich in diesem Fall einfach an Deinen Kontakt aus der Stellenbeschreibung.<\/p>\n                            <\/div>\n                        <\/li>\n                                                                    <li class=\"pb-2\">\n                            <a class=\"d-block font-weight-bold mb-2\" href=\"#haeufig-gestellte-fragen-faqs-schueler-2\" data-toggle=\"collapse\" role=\"button\" aria-expanded=\"false\" aria-controls=\"haeufig-gestellte-fragen-faqs-schueler-2\">Gibt es einen Bewerbungsschluss? Kann ich mich auch bewerben, wenn die Ausbildung schon begonnen hat?<\/a>\n                            <div class=\"collapse faq-answer\" id=\"haeufig-gestellte-fragen-faqs-schueler-2\">\n                                <p>Einen festen Bewerberschluss gibt es bei uns nicht. Du kannst Dich an den <a href=\"https:\/\/www.dehner.de\/jobs\/jobmarkt\/\"> offenen Ausbildungsstellen <\/a> orientieren.<\/p>\n                            <\/div>\n                        <\/li>\n                                                                    <li class=\"pb-2\">\n                            <a class=\"d-block font-weight-bold mb-2\" href=\"#haeufig-gestellte-fragen-faqs-schueler-3\" data-toggle=\"collapse\" role=\"button\" aria-expanded=\"false\" aria-controls=\"haeufig-gestellte-fragen-faqs-schueler-3\">Was sollte meine Bewerbung bei Dehner enthalten?<\/a>\n                            <div class=\"collapse faq-answer\" id=\"haeufig-gestellte-fragen-faqs-schueler-3\">\n                                <p>Deine aussagekr\u00e4ftige Bewerbung bei Dehner sollte bestm\u00f6glich Deinen Lebenslauf, ein Anschreiben, Deine letzten Zeugnisse und Best\u00e4tigungen Deiner absolvierten Praktika und Qualifikationen enthalten. Mit einem kreativen Deckblatt gibst Du Deiner Bewerbung einen kreativen Schliff.<\/p>\n                            <\/div>\n                        <\/li>\n                                                                    <li class=\"pb-2\">\n                            <a class=\"d-block font-weight-bold mb-2\" href=\"#haeufig-gestellte-fragen-faqs-schueler-4\" data-toggle=\"collapse\" role=\"button\" aria-expanded=\"false\" aria-controls=\"haeufig-gestellte-fragen-faqs-schueler-4\">Wie stehen meine \u00dcbernahmechancen?<\/a>\n                            <div class=\"collapse faq-answer\" id=\"haeufig-gestellte-fragen-faqs-schueler-4\">\n                                <p>Als Familienunternehmen liegt uns die \u00dcbernahme von Auszubildenden in ein festes Arbeitsverh\u00e4ltnis sehr am Herzen. Kurz gesagt: Wir bilden Dich aus, um Dich bestenfalls auch zu \u00fcbernehmen, denn unsere Auszubildenden sind die Mitarbeiterinnen und Mitarbeiter von morgen.<\/p>\n                            <\/div>\n                        <\/li>\n                                                                    <li class=\"pb-2\">\n                            <a class=\"d-block font-weight-bold mb-2\" href=\"#haeufig-gestellte-fragen-faqs-schueler-5\" data-toggle=\"collapse\" role=\"button\" aria-expanded=\"false\" aria-controls=\"haeufig-gestellte-fragen-faqs-schueler-5\">Welche Weiterbildungsm\u00f6glichkeiten habe ich nach dem Abschluss meiner Ausbildung bei Dehner?<\/a>\n                            <div class=\"collapse faq-answer\" id=\"haeufig-gestellte-fragen-faqs-schueler-5\">\n                                <p>Durch Pr\u00e4senzseminare und E-Learnings haben alle engagierten Kolleginnen und Kollegen die Chance, sich individuell weiterzuentwickeln, um berufliche Ziele erfolgreich zu erreichen. Deine Weiterbildung orientiert sich nach den m\u00f6glichen Qualifizierungen in Deinem T\u00e4tigkeitsfeld und Deinen pers\u00f6nlichen St\u00e4rken. So machen wir zum Beispiel aus Kaufleuten Wirtschafts- oder Handelsfachwirtinnen- und wirte und bieten auch die Qualifikation zum Ausbilderschein an.<\/p>\n                            <\/div>\n                        <\/li>\n                                                                    <li class=\"pb-2\">\n                            <a class=\"d-block font-weight-bold mb-2\" href=\"#haeufig-gestellte-fragen-faqs-schueler-6\" data-toggle=\"collapse\" role=\"button\" aria-expanded=\"false\" aria-controls=\"haeufig-gestellte-fragen-faqs-schueler-6\">Wie viel Urlaub haben Auszubildende bei Dehner?<\/a>\n                            <div class=\"collapse faq-answer\" id=\"haeufig-gestellte-fragen-faqs-schueler-6\">\n                                <p>Dienstleistungszentrum\/M\u00e4rkte in Deutschland: 30 Tage pro Kalenderjahr<br \/>\nM\u00e4rkte in \u00d6sterreich: 25 Tage pro Kalenderjahr<\/p>\n                            <\/div>\n                        <\/li>\n                                                                    <li class=\"pb-2\">\n                            <a class=\"d-block font-weight-bold mb-2\" href=\"#haeufig-gestellte-fragen-faqs-schueler-7\" data-toggle=\"collapse\" role=\"button\" aria-expanded=\"false\" aria-controls=\"haeufig-gestellte-fragen-faqs-schueler-7\">Bietet Dehner auch eine Ausbildung zur G\u00e4rtnerin bzw. zum G\u00e4rtner an? <\/a>\n                            <div class=\"collapse faq-answer\" id=\"haeufig-gestellte-fragen-faqs-schueler-7\">\n                                <p>Die Dehner-Gruppe bietet keine Ausbildung zum G\u00e4rtner (m\/w\/d) an. Du kannst Dich aber gerne diesbez\u00fcglich an die <a href=\"http:\/\/www.gaertnersiedlung.com\"> G\u00e4rtnersiedlungen Rain <\/a> wenden.<\/p>\n                            <\/div>\n                        <\/li>\n                                                                    <li class=\"pb-2\">\n                            <a class=\"d-block font-weight-bold mb-2\" href=\"#haeufig-gestellte-fragen-faqs-schueler-8\" data-toggle=\"collapse\" role=\"button\" aria-expanded=\"false\" aria-controls=\"haeufig-gestellte-fragen-faqs-schueler-8\">An wen sende ich meine Bewerbung f\u00fcr ein Praktikum? <\/a>\n                            <div class=\"collapse faq-answer\" id=\"haeufig-gestellte-fragen-faqs-schueler-8\">\n                                <p>Als Sch\u00fcler (m\/w\/d) kannst Du Deine R\u00fcckfragen und Deine Bewerbung f\u00fcr ein Praktikum an praktikum@dehner.de senden. Du bist Student (m\/w\/d) und m\u00f6chtest ein Praktikum absolvieren? Dann sende Deine Bewerbung bitte an karriere@dehner.de.<\/p>\n                            <\/div>\n                        <\/li>\n                                        <\/ul>\n                <\/li>\n                    <\/ul>\n    <\/div>\n<\/section>\n\n<section class=\"block-contactperson bg-gray py-4 my-4\">\n    <div class=\"container\">\n        <div class=\"\">\n            <h3 class=\"mb-4 font-h4\">Hast Du noch Fragen zu Deiner Bewerbung?<\/h3>\n            <div class=\"\">\n                <div class=\"mb-4\">\n                    <strong class=\"d-inline-block pb-2\">Ansprechpartner<\/strong><br>\n                    Bei Fragen steht Ihnen gerne die Abteilung Young Talents zur Verf\u00fcgung. Bitte beachten Sie, dass Sie uns unter dieser Nummer zu den \u00fcblichen B\u00fcrozeiten erreichen.<br>\n                <\/div>\n                <div class=\"mb-4\">\n                    <span class=\"d-inline-block d-flex\"><i style=\"font-size: 36px; margin-top: -8px;\" class=\"dicons jobs-phone pr-2 pt-1\"><\/i><p class=\"mb-3\">+49 (9090) &#8211; 77 7780<\/p><\/span>\n                    <span class=\"d-inline-block d-flex\"><i style=\"font-size: 36px; margin-top: -8px;\" class=\"dicons allg-mail pr-2 pt-1\"><\/i><p class=\"mb-0\">ausbildung@dehner.de<\/p><\/span>\n                <\/div>\n            <\/div>\n        <\/div>\n    <\/div>\n<\/section>\n\n\n<section class=\"block-cta df aic bg-secondary  mt-4\">\n    <div class=\"container py-5\">\n        <div class=\"row\">\n            <div class=\"col-md-8 col-lg-9 mb-4 mb-md-0\">\n                <h2 class=\"font-h1 mb-0\">\n                    Werden Sie Teil unseres Teams                <\/h2>\n            <\/div>\n            <div class=\"col-md-4 col-lg-3 df aic\">\n                <a href=\"https:\/\/www.dehner.de\/jobs\/jobmarkt\/\" class=\"btn btn-red btn-full\" title=\"Jetzt bewerben\">Jetzt bewerben<\/a>            <\/div>\n        <\/div>\n    <\/div>\n<\/section>\n","protected":false},"excerpt":{"rendered":"","protected":false},"author":1,"featured_media":0,"parent":1117,"menu_order":20,"comment_status":"closed","ping_status":"closed","template":"","meta":{"_acf_changed":false,"footnotes":""},"class_list":["post-1129","page","type-page","status-publish","hentry"],"acf":[],"yoast_head":"<!-- This site is optimized with the Yoast SEO plugin v24.5 - https:\/\/yoast.com\/wordpress\/plugins\/seo\/ -->\n<title>Bewerbungsprozess, Tipps und FAQs | Dehner Jobs<\/title>\n<meta name=\"description\" content=\"Sie haben den passenden Job bei Dehner gefunden? Unseren Bewerbungsprozess, Tipps und FAQs auf einem Blick \u25ba Jetzt lesen und erfolgreich bewerben!\" \/>\n<meta name=\"robots\" content=\"index, follow, max-snippet:-1, max-image-preview:large, max-video-preview:-1\" \/>\n<link rel=\"canonical\" href=\"https:\/\/www.dehner.de\/jobs\/arbeiten-bei-dehner\/bewerbungsprozess\/\" \/>\n<meta property=\"og:locale\" content=\"de_DE\" \/>\n<meta property=\"og:type\" content=\"article\" \/>\n<meta property=\"og:title\" content=\"Bewerbungsprozess, Tipps und FAQs | Dehner Jobs\" \/>\n<meta property=\"og:description\" content=\"Sie haben den passenden Job bei Dehner gefunden? Unseren Bewerbungsprozess, Tipps und FAQs auf einem Blick \u25ba Jetzt lesen und erfolgreich bewerben!\" \/>\n<meta property=\"og:url\" content=\"https:\/\/www.dehner.de\/jobs\/arbeiten-bei-dehner\/bewerbungsprozess\/\" \/>\n<meta property=\"og:site_name\" content=\"Karriere bei Dehner\" \/>\n<meta property=\"article:modified_time\" content=\"2025-08-12T12:45:42+00:00\" \/>\n<meta name=\"twitter:card\" content=\"summary_large_image\" \/>\n<meta name=\"twitter:label1\" content=\"Est. reading time\" \/>\n\t<meta name=\"twitter:data1\" content=\"12 Minuten\" \/>\n<script type=\"application\/ld+json\" class=\"yoast-schema-graph\">{\"@context\":\"https:\/\/schema.org\",\"@graph\":[{\"@type\":\"WebPage\",\"@id\":\"https:\/\/www.dehner.de\/jobs\/arbeiten-bei-dehner\/bewerbungsprozess\/\",\"url\":\"https:\/\/www.dehner.de\/jobs\/arbeiten-bei-dehner\/bewerbungsprozess\/\",\"name\":\"Bewerbungsprozess, Tipps und FAQs | Dehner Jobs\",\"isPartOf\":{\"@id\":\"https:\/\/www.dehner.de\/jobs\/#website\"},\"datePublished\":\"2020-03-26T14:40:06+00:00\",\"dateModified\":\"2025-08-12T12:45:42+00:00\",\"description\":\"Sie haben den passenden Job bei Dehner gefunden? Unseren Bewerbungsprozess, Tipps und FAQs auf einem Blick \u25ba Jetzt lesen und erfolgreich bewerben!\",\"breadcrumb\":{\"@id\":\"https:\/\/www.dehner.de\/jobs\/arbeiten-bei-dehner\/bewerbungsprozess\/#breadcrumb\"},\"inLanguage\":\"de-DE\",\"potentialAction\":[{\"@type\":\"ReadAction\",\"target\":[\"https:\/\/www.dehner.de\/jobs\/arbeiten-bei-dehner\/bewerbungsprozess\/\"]}]},{\"@type\":\"BreadcrumbList\",\"@id\":\"https:\/\/www.dehner.de\/jobs\/arbeiten-bei-dehner\/bewerbungsprozess\/#breadcrumb\",\"itemListElement\":[{\"@type\":\"ListItem\",\"position\":1,\"name\":\"Home\",\"item\":\"https:\/\/www.dehner.de\/jobs\/\"},{\"@type\":\"ListItem\",\"position\":2,\"name\":\"Arbeiten bei Dehner\",\"item\":\"https:\/\/www.dehner.de\/jobs\/arbeiten-bei-dehner\/\"},{\"@type\":\"ListItem\",\"position\":3,\"name\":\"Bewerbungsprozess &amp; FAQ\"}]},{\"@type\":\"WebSite\",\"@id\":\"https:\/\/www.dehner.de\/jobs\/#website\",\"url\":\"https:\/\/www.dehner.de\/jobs\/\",\"name\":\"Karriere bei Dehner\",\"description\":\"Die Storys unserer Personalbotschafter\",\"publisher\":{\"@id\":\"https:\/\/www.dehner.de\/jobs\/#organization\"},\"potentialAction\":[{\"@type\":\"SearchAction\",\"target\":{\"@type\":\"EntryPoint\",\"urlTemplate\":\"https:\/\/www.dehner.de\/jobs\/?s={search_term_string}\"},\"query-input\":{\"@type\":\"PropertyValueSpecification\",\"valueRequired\":true,\"valueName\":\"search_term_string\"}}],\"inLanguage\":\"de-DE\"},{\"@type\":\"Organization\",\"@id\":\"https:\/\/www.dehner.de\/jobs\/#organization\",\"name\":\"Karriere bei Dehner\",\"url\":\"https:\/\/www.dehner.de\/jobs\/\",\"logo\":{\"@type\":\"ImageObject\",\"inLanguage\":\"de-DE\",\"@id\":\"https:\/\/www.dehner.de\/jobs\/#\/schema\/logo\/image\/\",\"url\":\"https:\/\/www.dehner.de\/jobs\/app\/uploads\/sites\/7\/2025\/12\/dehner-garten-center-koenigsbrunn-revitalisierung-neubau-umbau.png\",\"contentUrl\":\"https:\/\/www.dehner.de\/jobs\/app\/uploads\/sites\/7\/2025\/12\/dehner-garten-center-koenigsbrunn-revitalisierung-neubau-umbau.png\",\"width\":800,\"height\":1315,\"caption\":\"Karriere bei Dehner\"},\"image\":{\"@id\":\"https:\/\/www.dehner.de\/jobs\/#\/schema\/logo\/image\/\"}}]}<\/script>\n<!-- \/ Yoast SEO plugin. -->","yoast_head_json":{"title":"Bewerbungsprozess, Tipps und FAQs | Dehner Jobs","description":"Sie haben den passenden Job bei Dehner gefunden? Unseren Bewerbungsprozess, Tipps und FAQs auf einem Blick \u25ba Jetzt lesen und erfolgreich bewerben!","robots":{"index":"index","follow":"follow","max-snippet":"max-snippet:-1","max-image-preview":"max-image-preview:large","max-video-preview":"max-video-preview:-1"},"canonical":"https:\/\/www.dehner.de\/jobs\/arbeiten-bei-dehner\/bewerbungsprozess\/","og_locale":"de_DE","og_type":"article","og_title":"Bewerbungsprozess, Tipps und FAQs | Dehner Jobs","og_description":"Sie haben den passenden Job bei Dehner gefunden? Unseren Bewerbungsprozess, Tipps und FAQs auf einem Blick \u25ba Jetzt lesen und erfolgreich bewerben!","og_url":"https:\/\/www.dehner.de\/jobs\/arbeiten-bei-dehner\/bewerbungsprozess\/","og_site_name":"Karriere bei Dehner","article_modified_time":"2025-08-12T12:45:42+00:00","twitter_card":"summary_large_image","twitter_misc":{"Est. reading time":"12 Minuten"},"schema":{"@context":"https:\/\/schema.org","@graph":[{"@type":"WebPage","@id":"https:\/\/www.dehner.de\/jobs\/arbeiten-bei-dehner\/bewerbungsprozess\/","url":"https:\/\/www.dehner.de\/jobs\/arbeiten-bei-dehner\/bewerbungsprozess\/","name":"Bewerbungsprozess, Tipps und FAQs | Dehner Jobs","isPartOf":{"@id":"https:\/\/www.dehner.de\/jobs\/#website"},"datePublished":"2020-03-26T14:40:06+00:00","dateModified":"2025-08-12T12:45:42+00:00","description":"Sie haben den passenden Job bei Dehner gefunden? Unseren Bewerbungsprozess, Tipps und FAQs auf einem Blick \u25ba Jetzt lesen und erfolgreich bewerben!","breadcrumb":{"@id":"https:\/\/www.dehner.de\/jobs\/arbeiten-bei-dehner\/bewerbungsprozess\/#breadcrumb"},"inLanguage":"de-DE","potentialAction":[{"@type":"ReadAction","target":["https:\/\/www.dehner.de\/jobs\/arbeiten-bei-dehner\/bewerbungsprozess\/"]}]},{"@type":"BreadcrumbList","@id":"https:\/\/www.dehner.de\/jobs\/arbeiten-bei-dehner\/bewerbungsprozess\/#breadcrumb","itemListElement":[{"@type":"ListItem","position":1,"name":"Home","item":"https:\/\/www.dehner.de\/jobs\/"},{"@type":"ListItem","position":2,"name":"Arbeiten bei Dehner","item":"https:\/\/www.dehner.de\/jobs\/arbeiten-bei-dehner\/"},{"@type":"ListItem","position":3,"name":"Bewerbungsprozess &amp; FAQ"}]},{"@type":"WebSite","@id":"https:\/\/www.dehner.de\/jobs\/#website","url":"https:\/\/www.dehner.de\/jobs\/","name":"Karriere bei Dehner","description":"Die Storys unserer Personalbotschafter","publisher":{"@id":"https:\/\/www.dehner.de\/jobs\/#organization"},"potentialAction":[{"@type":"SearchAction","target":{"@type":"EntryPoint","urlTemplate":"https:\/\/www.dehner.de\/jobs\/?s={search_term_string}"},"query-input":{"@type":"PropertyValueSpecification","valueRequired":true,"valueName":"search_term_string"}}],"inLanguage":"de-DE"},{"@type":"Organization","@id":"https:\/\/www.dehner.de\/jobs\/#organization","name":"Karriere bei Dehner","url":"https:\/\/www.dehner.de\/jobs\/","logo":{"@type":"ImageObject","inLanguage":"de-DE","@id":"https:\/\/www.dehner.de\/jobs\/#\/schema\/logo\/image\/","url":"https:\/\/www.dehner.de\/jobs\/app\/uploads\/sites\/7\/2025\/12\/dehner-garten-center-koenigsbrunn-revitalisierung-neubau-umbau.png","contentUrl":"https:\/\/www.dehner.de\/jobs\/app\/uploads\/sites\/7\/2025\/12\/dehner-garten-center-koenigsbrunn-revitalisierung-neubau-umbau.png","width":800,"height":1315,"caption":"Karriere bei Dehner"},"image":{"@id":"https:\/\/www.dehner.de\/jobs\/#\/schema\/logo\/image\/"}}]}},"_links":{"self":[{"href":"https:\/\/www.dehner.de\/jobs\/wp-json\/wp\/v2\/pages\/1129","targetHints":{"allow":["GET"]}}],"collection":[{"href":"https:\/\/www.dehner.de\/jobs\/wp-json\/wp\/v2\/pages"}],"about":[{"href":"https:\/\/www.dehner.de\/jobs\/wp-json\/wp\/v2\/types\/page"}],"author":[{"embeddable":true,"href":"https:\/\/www.dehner.de\/jobs\/wp-json\/wp\/v2\/users\/1"}],"replies":[{"embeddable":true,"href":"https:\/\/www.dehner.de\/jobs\/wp-json\/wp\/v2\/comments?post=1129"}],"version-history":[{"count":129,"href":"https:\/\/www.dehner.de\/jobs\/wp-json\/wp\/v2\/pages\/1129\/revisions"}],"predecessor-version":[{"id":33902,"href":"https:\/\/www.dehner.de\/jobs\/wp-json\/wp\/v2\/pages\/1129\/revisions\/33902"}],"up":[{"embeddable":true,"href":"https:\/\/www.dehner.de\/jobs\/wp-json\/wp\/v2\/pages\/1117"}],"wp:attachment":[{"href":"https:\/\/www.dehner.de\/jobs\/wp-json\/wp\/v2\/media?parent=1129"}],"curies":[{"name":"wp","href":"https:\/\/api.w.org\/{rel}","templated":true}]}}